{"id":12772,"date":"2024-03-19T10:36:32","date_gmt":"2024-03-19T10:36:32","guid":{"rendered":"https:\/\/elcaminoess.com\/?page_id=12772"},"modified":"2024-03-19T11:07:39","modified_gmt":"2024-03-19T11:07:39","slug":"goza-castela-e-leon","status":"publish","type":"page","link":"https:\/\/elcaminoess.com\/gl\/goza-castela-e-leon","title":{"rendered":"GOZA CASTELA E LE\u00d3N"},"content":{"rendered":"\n<h2 class=\"wp-block-heading\"><strong>GOZA CASTELA E LE\u00d3N<\/strong><\/h2>\n\n<h1 class=\"wp-block-heading\" style=\"font-size:15px\">DESTINOS \/ CASTILLA Y LE\u00d3N<\/h1>\n\n<div class=\"wp-block-columns is-layout-flex wp-container-core-columns-is-layout-9d6595d7 wp-block-columns-is-layout-flex\">\n<div class=\"wp-block-column is-layout-flow wp-block-column-is-layout-flow\" style=\"flex-basis:66.66%\">\n<h3 class=\"wp-block-heading has-text-color has-link-color wp-elements-88d494164bfc8e2468fd465a6769ef05\" style=\"color:#7881b5\">Descobre a riqueza de Castela e Le\u00f3n a trav\u00e9s de experiencias \u00fanicas que conectan coa esencia da rexi\u00f3n..<\/h3>\n\n\n\n<h4 class=\"wp-block-heading\"><strong>Te atreves?<\/strong><\/h4>\n<\/div>\n\n\n\n<div class=\"wp-block-column is-layout-flow wp-block-column-is-layout-flow\" style=\"flex-basis:33.33%\"><\/div>\n<\/div>\n\n<div style=\"height:30px\" aria-hidden=\"true\" class=\"wp-block-spacer\"><\/div>\n\n<div class=\"wp-block-columns is-layout-flex wp-container-core-columns-is-layout-9d6595d7 wp-block-columns-is-layout-flex\">\n<div class=\"wp-block-column is-layout-flow wp-block-column-is-layout-flow\">\t\t\t<div id=\"wptravel-block-trips-list\" class=\"wptravel-block-wrapper wptravel-block-trips-list wptravel-block-preview layout-three block-id-5adcf773dbfb7a360bb24eac0de492603cc0004c4e9970fa35a89045ac544e62\">\r\n\t\t\t\t<div class=\"wp-travel-itinerary-items\">\r\n\t\t\t\t\t\t\t\t\t\t\t<div class=\"wp-travel-itinerary-items wptravel-archive-wrapper  grid-view \">\r\n\t\t\t\t\t\t\t<div class=\"wptravel-blocks-trip-card\">\r\n    <div class=\"wptravel-blocks-trip-card-img-container\">\r\n        <a href=\"https:\/\/elcaminoess.com\/gl\/itinerario\/a-casa-dos-titeres\">\r\n            <img loading=\"lazy\" decoding=\"async\" width=\"525\" height=\"369\" src=\"https:\/\/i0.wp.com\/elcaminoess.com\/wp-content\/uploads\/2024\/03\/3.-LA-CASA-DE-LOS-TITERES-PAREDES-DE-NAVA-copia.jpeg?fit=525%2C369&amp;ssl=1\" class=\"attachment-large size-large wp-post-image\" alt=\"\" srcset=\"https:\/\/i0.wp.com\/elcaminoess.com\/wp-content\/uploads\/2024\/03\/3.-LA-CASA-DE-LOS-TITERES-PAREDES-DE-NAVA-copia.jpeg?w=822&amp;ssl=1 822w, https:\/\/i0.wp.com\/elcaminoess.com\/wp-content\/uploads\/2024\/03\/3.-LA-CASA-DE-LOS-TITERES-PAREDES-DE-NAVA-copia.jpeg?resize=300%2C211&amp;ssl=1 300w, https:\/\/i0.wp.com\/elcaminoess.com\/wp-content\/uploads\/2024\/03\/3.-LA-CASA-DE-LOS-TITERES-PAREDES-DE-NAVA-copia.jpeg?resize=768%2C540&amp;ssl=1 768w, https:\/\/i0.wp.com\/elcaminoess.com\/wp-content\/uploads\/2024\/03\/3.-LA-CASA-DE-LOS-TITERES-PAREDES-DE-NAVA-copia.jpeg?resize=600%2C422&amp;ssl=1 600w\" sizes=\"auto, (max-width: 525px) 100vw, 525px\" data-attachment-id=\"12124\" data-permalink=\"https:\/\/elcaminoess.com\/gl\/3-la-casa-de-los-titeres-paredes-de-nava-copia-2\" data-orig-file=\"https:\/\/i0.wp.com\/elcaminoess.com\/wp-content\/uploads\/2024\/03\/3.-LA-CASA-DE-LOS-TITERES-PAREDES-DE-NAVA-copia.jpeg?fit=822%2C578&amp;ssl=1\" data-orig-size=\"822,578\" data-comments-opened=\"1\" data-image-meta=\"{&quot;aperture&quot;:&quot;0&quot;,&quot;credit&quot;:&quot;&quot;,&quot;camera&quot;:&quot;&quot;,&quot;caption&quot;:&quot;&quot;,&quot;created_timestamp&quot;:&quot;0&quot;,&quot;copyright&quot;:&quot;&quot;,&quot;focal_length&quot;:&quot;0&quot;,&quot;iso&quot;:&quot;0&quot;,&quot;shutter_speed&quot;:&quot;0&quot;,&quot;title&quot;:&quot;&quot;,&quot;orientation&quot;:&quot;0&quot;}\" data-image-title=\"3.-LA-CASA-DE-LOS-TITERES-PAREDES-DE-NAVA-copia\" data-image-description=\"\" data-image-caption=\"\" data-large-file=\"https:\/\/i0.wp.com\/elcaminoess.com\/wp-content\/uploads\/2024\/03\/3.-LA-CASA-DE-LOS-TITERES-PAREDES-DE-NAVA-copia.jpeg?fit=525%2C369&amp;ssl=1\" \/>        <\/a>\r\n        <div class=\"wptravel-blocks-img-overlay-base\">\r\n            <div class=\"wptravel-blocks-img-overlay\">\r\n                            <\/div>\r\n            <div class=\"wptravel-blocks-trip-meta-container\">\r\n                                    <div class=\"wptravel-blocks-trip-meta\">\r\n                        <i class=\"fas fa-map-marker-alt\"><\/i>\r\n                        <a href=\"https:\/\/elcaminoess.com\/gl\/destinos\/castela-e-leon\">\r\n                            Castela e Le\u00f3n                        <\/a>\r\n                                            <\/div>\r\n                                                    <div class=\"wptravel-blocks-trip-meta\">\r\n                    <i class='far fa-clock'><\/i> 3 Hour(s)                 <\/div>\r\n                                                <div class=\"wptravel-blocks-trip-meta\">\r\n                    <i class=\"fas fa-users\"><\/i> 58                <\/div>\r\n                            <\/div>\r\n        <\/div>\r\n    <\/div>\r\n    <div class=\"wptravel-blocks-card-body\">\r\n        <div class=\"wptravel-blocks-card-body-top\">\r\n            <div class=\"wptravel-blocks-card-body-header\">\r\n                <h3 class=\"wptravel-blocks-card-title wp-block-heading\">\r\n                    <a href=\"https:\/\/elcaminoess.com\/gl\/itinerario\/a-casa-dos-titeres\">\r\n                        A casa dos t\u00edteres                    <\/a>\r\n                <\/h3>\r\n                            <\/div>\r\n            <div class=\"wptravel-blocks-card-content\">\r\n                <div class=\"wptravel-blocks-trip-excerpt\">\r\n                    <p>A Casa dos T\u00edteres \u00e9 unha asociaci\u00f3n cultural sen \u00e1nimo de lucro centrada na pervivencia da profesi\u00f3n do titiriteiro.<\/p>\n                <\/div>\r\n            <\/div>\r\n        <\/div>\r\n        <div class=\"wptravel-blocks-card-footer\">\r\n            <div class=\"wptravel-blocks-footer-left\">\r\n                <div class=\"wptravel-blocks-trip-rating\">\r\n                                    <\/div>\r\n                <div class=\"wptravel-blocks-trip-explore\">\r\n                    <a href=\"https:\/\/elcaminoess.com\/gl\/itinerario\/a-casa-dos-titeres\">\r\n                        <button class=\"wp-block-button__link wptravel-blocks-explore-btn\">Explore<\/button>\r\n                    <\/a>\r\n                <\/div>\r\n            <\/div>\r\n            <div class=\"wptravel-blocks-footer-right\">\r\n                                <div class=\"wptravel-blocks-trip-offer-price\">\r\n                    \t\t\t<span class=\"wp-travel-trip-price-figure\">0<\/span><span class=\"wp-travel-trip-currency\">&#8364;<\/span>\r\n\t\t\t                <\/div>\r\n                            <\/div>\r\n        <\/div>\r\n    <\/div>\r\n<\/div><div class=\"wptravel-blocks-trip-card\">\r\n    <div class=\"wptravel-blocks-trip-card-img-container\">\r\n        <a href=\"https:\/\/elcaminoess.com\/gl\/itinerario\/o-covo-do-lobo\">\r\n            <img loading=\"lazy\" decoding=\"async\" width=\"525\" height=\"394\" src=\"https:\/\/i0.wp.com\/elcaminoess.com\/wp-content\/uploads\/2024\/01\/LA-GUARIDA-DEL-LOBO-RIO-TERA-1-scaled.jpg?fit=525%2C394&amp;ssl=1\" class=\"attachment-large size-large wp-post-image\" alt=\"\" srcset=\"https:\/\/i0.wp.com\/elcaminoess.com\/wp-content\/uploads\/2024\/01\/LA-GUARIDA-DEL-LOBO-RIO-TERA-1-scaled.jpg?w=2560&amp;ssl=1 2560w, https:\/\/i0.wp.com\/elcaminoess.com\/wp-content\/uploads\/2024\/01\/LA-GUARIDA-DEL-LOBO-RIO-TERA-1-scaled.jpg?resize=300%2C225&amp;ssl=1 300w, https:\/\/i0.wp.com\/elcaminoess.com\/wp-content\/uploads\/2024\/01\/LA-GUARIDA-DEL-LOBO-RIO-TERA-1-scaled.jpg?resize=1024%2C768&amp;ssl=1 1024w, https:\/\/i0.wp.com\/elcaminoess.com\/wp-content\/uploads\/2024\/01\/LA-GUARIDA-DEL-LOBO-RIO-TERA-1-scaled.jpg?resize=768%2C576&amp;ssl=1 768w, https:\/\/i0.wp.com\/elcaminoess.com\/wp-content\/uploads\/2024\/01\/LA-GUARIDA-DEL-LOBO-RIO-TERA-1-scaled.jpg?resize=1536%2C1152&amp;ssl=1 1536w, https:\/\/i0.wp.com\/elcaminoess.com\/wp-content\/uploads\/2024\/01\/LA-GUARIDA-DEL-LOBO-RIO-TERA-1-scaled.jpg?resize=2048%2C1536&amp;ssl=1 2048w, https:\/\/i0.wp.com\/elcaminoess.com\/wp-content\/uploads\/2024\/01\/LA-GUARIDA-DEL-LOBO-RIO-TERA-1-scaled.jpg?resize=600%2C450&amp;ssl=1 600w\" sizes=\"auto, (max-width: 525px) 100vw, 525px\" data-attachment-id=\"10495\" data-permalink=\"https:\/\/elcaminoess.com\/gl\/dcim100goprogopr1231-jpg-2-2\" data-orig-file=\"https:\/\/i0.wp.com\/elcaminoess.com\/wp-content\/uploads\/2024\/01\/LA-GUARIDA-DEL-LOBO-RIO-TERA-1-scaled.jpg?fit=2560%2C1920&amp;ssl=1\" data-orig-size=\"2560,1920\" data-comments-opened=\"1\" data-image-meta=\"{&quot;aperture&quot;:&quot;2.8&quot;,&quot;credit&quot;:&quot;&quot;,&quot;camera&quot;:&quot;HERO8 Black&quot;,&quot;caption&quot;:&quot;DCIM100GOPROGOPR1231.JPG&quot;,&quot;created_timestamp&quot;:&quot;1695996304&quot;,&quot;copyright&quot;:&quot;&quot;,&quot;focal_length&quot;:&quot;3&quot;,&quot;iso&quot;:&quot;450&quot;,&quot;shutter_speed&quot;:&quot;0.0041666666666667&quot;,&quot;title&quot;:&quot;DCIM100GOPROGOPR1231.JPG&quot;,&quot;orientation&quot;:&quot;1&quot;}\" data-image-title=\"DCIM100GOPROGOPR1231.JPG\" data-image-description=\"\" data-image-caption=\"&lt;p&gt;DCIM100GOPROGOPR1231.JPG&lt;\/p&gt;\n\" data-large-file=\"https:\/\/i0.wp.com\/elcaminoess.com\/wp-content\/uploads\/2024\/01\/LA-GUARIDA-DEL-LOBO-RIO-TERA-1-scaled.jpg?fit=525%2C394&amp;ssl=1\" \/>        <\/a>\r\n        <div class=\"wptravel-blocks-img-overlay-base\">\r\n            <div class=\"wptravel-blocks-img-overlay\">\r\n                            <\/div>\r\n            <div class=\"wptravel-blocks-trip-meta-container\">\r\n                                    <div class=\"wptravel-blocks-trip-meta\">\r\n                        <i class=\"fas fa-map-marker-alt\"><\/i>\r\n                        <a href=\"https:\/\/elcaminoess.com\/gl\/destinos\/castela-e-leon\">\r\n                            Castela e Le\u00f3n                        <\/a>\r\n                                            <\/div>\r\n                                                    <div class=\"wptravel-blocks-trip-meta\">\r\n                    <i class='far fa-clock'><\/i> 2 Hour(s)                 <\/div>\r\n                                                <div class=\"wptravel-blocks-trip-meta\">\r\n                    <i class=\"fas fa-users\"><\/i> 25                <\/div>\r\n                            <\/div>\r\n        <\/div>\r\n    <\/div>\r\n    <div class=\"wptravel-blocks-card-body\">\r\n        <div class=\"wptravel-blocks-card-body-top\">\r\n            <div class=\"wptravel-blocks-card-body-header\">\r\n                <h3 class=\"wptravel-blocks-card-title wp-block-heading\">\r\n                    <a href=\"https:\/\/elcaminoess.com\/gl\/itinerario\/o-covo-do-lobo\">\r\n                        A Gorida do Lobo                    <\/a>\r\n                <\/h3>\r\n                            <\/div>\r\n            <div class=\"wptravel-blocks-card-content\">\r\n                <div class=\"wptravel-blocks-trip-excerpt\">\r\n                    <p>Actividades ao aire libre, tanto para os m\u00e1is pequenos como para grandes aventureiros.<\/p>\n                <\/div>\r\n            <\/div>\r\n        <\/div>\r\n        <div class=\"wptravel-blocks-card-footer\">\r\n            <div class=\"wptravel-blocks-footer-left\">\r\n                <div class=\"wptravel-blocks-trip-rating\">\r\n                                    <\/div>\r\n                <div class=\"wptravel-blocks-trip-explore\">\r\n                    <a href=\"https:\/\/elcaminoess.com\/gl\/itinerario\/o-covo-do-lobo\">\r\n                        <button class=\"wp-block-button__link wptravel-blocks-explore-btn\">Explore<\/button>\r\n                    <\/a>\r\n                <\/div>\r\n            <\/div>\r\n            <div class=\"wptravel-blocks-footer-right\">\r\n                                <div class=\"wptravel-blocks-trip-offer-price\">\r\n                    \t\t\t<span class=\"wp-travel-trip-price-figure\">15<\/span><span class=\"wp-travel-trip-currency\">&#8364;<\/span>\r\n\t\t\t                <\/div>\r\n                            <\/div>\r\n        <\/div>\r\n    <\/div>\r\n<\/div><div class=\"wptravel-blocks-trip-card\">\r\n    <div class=\"wptravel-blocks-trip-card-img-container\">\r\n        <a href=\"https:\/\/elcaminoess.com\/gl\/itinerario\/acida-gallery\">\r\n            <img loading=\"lazy\" decoding=\"async\" width=\"525\" height=\"491\" src=\"https:\/\/i0.wp.com\/elcaminoess.com\/wp-content\/uploads\/2024\/01\/CREACION-ACIDA-GALLERY.jpg?fit=525%2C491&amp;ssl=1\" class=\"attachment-large size-large wp-post-image\" alt=\"\" srcset=\"https:\/\/i0.wp.com\/elcaminoess.com\/wp-content\/uploads\/2024\/01\/CREACION-ACIDA-GALLERY.jpg?w=1080&amp;ssl=1 1080w, https:\/\/i0.wp.com\/elcaminoess.com\/wp-content\/uploads\/2024\/01\/CREACION-ACIDA-GALLERY.jpg?resize=300%2C281&amp;ssl=1 300w, https:\/\/i0.wp.com\/elcaminoess.com\/wp-content\/uploads\/2024\/01\/CREACION-ACIDA-GALLERY.jpg?resize=1024%2C958&amp;ssl=1 1024w, https:\/\/i0.wp.com\/elcaminoess.com\/wp-content\/uploads\/2024\/01\/CREACION-ACIDA-GALLERY.jpg?resize=768%2C718&amp;ssl=1 768w, https:\/\/i0.wp.com\/elcaminoess.com\/wp-content\/uploads\/2024\/01\/CREACION-ACIDA-GALLERY.jpg?resize=600%2C561&amp;ssl=1 600w\" sizes=\"auto, (max-width: 525px) 100vw, 525px\" data-attachment-id=\"10591\" data-permalink=\"https:\/\/elcaminoess.com\/gl\/creacion-acida-gallery-2\" data-orig-file=\"https:\/\/i0.wp.com\/elcaminoess.com\/wp-content\/uploads\/2024\/01\/CREACION-ACIDA-GALLERY.jpg?fit=1080%2C1010&amp;ssl=1\" data-orig-size=\"1080,1010\" data-comments-opened=\"1\" data-image-meta=\"{&quot;aperture&quot;:&quot;0&quot;,&quot;credit&quot;:&quot;&quot;,&quot;camera&quot;:&quot;&quot;,&quot;caption&quot;:&quot;&quot;,&quot;created_timestamp&quot;:&quot;0&quot;,&quot;copyright&quot;:&quot;&quot;,&quot;focal_length&quot;:&quot;0&quot;,&quot;iso&quot;:&quot;0&quot;,&quot;shutter_speed&quot;:&quot;0&quot;,&quot;title&quot;:&quot;&quot;,&quot;orientation&quot;:&quot;0&quot;}\" data-image-title=\"CREACION-ACIDA-GALLERY\" data-image-description=\"\" data-image-caption=\"\" data-large-file=\"https:\/\/i0.wp.com\/elcaminoess.com\/wp-content\/uploads\/2024\/01\/CREACION-ACIDA-GALLERY.jpg?fit=525%2C491&amp;ssl=1\" \/>        <\/a>\r\n        <div class=\"wptravel-blocks-img-overlay-base\">\r\n            <div class=\"wptravel-blocks-img-overlay\">\r\n                            <\/div>\r\n            <div class=\"wptravel-blocks-trip-meta-container\">\r\n                                    <div class=\"wptravel-blocks-trip-meta\">\r\n                        <i class=\"fas fa-map-marker-alt\"><\/i>\r\n                        <a href=\"https:\/\/elcaminoess.com\/gl\/destinos\/castela-e-leon\">\r\n                            Castela e Le\u00f3n                        <\/a>\r\n                                            <\/div>\r\n                                                    <div class=\"wptravel-blocks-trip-meta\">\r\n                    <i class='far fa-clock'><\/i> 2 Hour(s)                 <\/div>\r\n                                                <div class=\"wptravel-blocks-trip-meta\">\r\n                    <i class=\"fas fa-users\"><\/i> 30                <\/div>\r\n                            <\/div>\r\n        <\/div>\r\n    <\/div>\r\n    <div class=\"wptravel-blocks-card-body\">\r\n        <div class=\"wptravel-blocks-card-body-top\">\r\n            <div class=\"wptravel-blocks-card-body-header\">\r\n                <h3 class=\"wptravel-blocks-card-title wp-block-heading\">\r\n                    <a href=\"https:\/\/elcaminoess.com\/gl\/itinerario\/acida-gallery\">\r\n                        \u00c1cida Gallery                    <\/a>\r\n                <\/h3>\r\n                            <\/div>\r\n            <div class=\"wptravel-blocks-card-content\">\r\n                <div class=\"wptravel-blocks-trip-excerpt\">\r\n                    <p>Espazo cultural onde se mestura a creaci\u00f3n art\u00edstica coa creaci\u00f3n de boas conversaci\u00f3ns.<\/p>\n                <\/div>\r\n            <\/div>\r\n        <\/div>\r\n        <div class=\"wptravel-blocks-card-footer\">\r\n            <div class=\"wptravel-blocks-footer-left\">\r\n                <div class=\"wptravel-blocks-trip-rating\">\r\n                                    <\/div>\r\n                <div class=\"wptravel-blocks-trip-explore\">\r\n                    <a href=\"https:\/\/elcaminoess.com\/gl\/itinerario\/acida-gallery\">\r\n                        <button class=\"wp-block-button__link wptravel-blocks-explore-btn\">Explore<\/button>\r\n                    <\/a>\r\n                <\/div>\r\n            <\/div>\r\n            <div class=\"wptravel-blocks-footer-right\">\r\n                                <div class=\"wptravel-blocks-trip-offer-price\">\r\n                    \t\t\t<span class=\"wp-travel-trip-price-figure\">30<\/span><span class=\"wp-travel-trip-currency\">&#8364;<\/span>\r\n\t\t\t                <\/div>\r\n                            <\/div>\r\n        <\/div>\r\n    <\/div>\r\n<\/div><div class=\"wptravel-blocks-trip-card\">\r\n    <div class=\"wptravel-blocks-trip-card-img-container\">\r\n        <a href=\"https:\/\/elcaminoess.com\/gl\/itinerario\/afb-arte\">\r\n            <img loading=\"lazy\" decoding=\"async\" width=\"525\" height=\"394\" src=\"https:\/\/i0.wp.com\/elcaminoess.com\/wp-content\/uploads\/2024\/01\/TALLER-AFB-ARTE-TALLER-TALLADO-MADERA.jpg?fit=525%2C394&amp;ssl=1\" class=\"attachment-large size-large wp-post-image\" alt=\"\" srcset=\"https:\/\/i0.wp.com\/elcaminoess.com\/wp-content\/uploads\/2024\/01\/TALLER-AFB-ARTE-TALLER-TALLADO-MADERA.jpg?w=2048&amp;ssl=1 2048w, https:\/\/i0.wp.com\/elcaminoess.com\/wp-content\/uploads\/2024\/01\/TALLER-AFB-ARTE-TALLER-TALLADO-MADERA.jpg?resize=300%2C225&amp;ssl=1 300w, https:\/\/i0.wp.com\/elcaminoess.com\/wp-content\/uploads\/2024\/01\/TALLER-AFB-ARTE-TALLER-TALLADO-MADERA.jpg?resize=1024%2C769&amp;ssl=1 1024w, https:\/\/i0.wp.com\/elcaminoess.com\/wp-content\/uploads\/2024\/01\/TALLER-AFB-ARTE-TALLER-TALLADO-MADERA.jpg?resize=768%2C576&amp;ssl=1 768w, https:\/\/i0.wp.com\/elcaminoess.com\/wp-content\/uploads\/2024\/01\/TALLER-AFB-ARTE-TALLER-TALLADO-MADERA.jpg?resize=1536%2C1153&amp;ssl=1 1536w, https:\/\/i0.wp.com\/elcaminoess.com\/wp-content\/uploads\/2024\/01\/TALLER-AFB-ARTE-TALLER-TALLADO-MADERA.jpg?resize=600%2C450&amp;ssl=1 600w\" sizes=\"auto, (max-width: 525px) 100vw, 525px\" data-attachment-id=\"9949\" data-permalink=\"https:\/\/elcaminoess.com\/gl\/taller-afb-arte-taller-tallado-madera-2\" data-orig-file=\"https:\/\/i0.wp.com\/elcaminoess.com\/wp-content\/uploads\/2024\/01\/TALLER-AFB-ARTE-TALLER-TALLADO-MADERA.jpg?fit=2048%2C1537&amp;ssl=1\" data-orig-size=\"2048,1537\" data-comments-opened=\"1\" data-image-meta=\"{&quot;aperture&quot;:&quot;0&quot;,&quot;credit&quot;:&quot;&quot;,&quot;camera&quot;:&quot;&quot;,&quot;caption&quot;:&quot;&quot;,&quot;created_timestamp&quot;:&quot;0&quot;,&quot;copyright&quot;:&quot;&quot;,&quot;focal_length&quot;:&quot;0&quot;,&quot;iso&quot;:&quot;0&quot;,&quot;shutter_speed&quot;:&quot;0&quot;,&quot;title&quot;:&quot;&quot;,&quot;orientation&quot;:&quot;0&quot;}\" data-image-title=\"TALLER-AFB-ARTE-TALLER-TALLADO-MADERA\" data-image-description=\"\" data-image-caption=\"\" data-large-file=\"https:\/\/i0.wp.com\/elcaminoess.com\/wp-content\/uploads\/2024\/01\/TALLER-AFB-ARTE-TALLER-TALLADO-MADERA.jpg?fit=525%2C394&amp;ssl=1\" \/>        <\/a>\r\n        <div class=\"wptravel-blocks-img-overlay-base\">\r\n            <div class=\"wptravel-blocks-img-overlay\">\r\n                            <\/div>\r\n            <div class=\"wptravel-blocks-trip-meta-container\">\r\n                                    <div class=\"wptravel-blocks-trip-meta\">\r\n                        <i class=\"fas fa-map-marker-alt\"><\/i>\r\n                        <a href=\"https:\/\/elcaminoess.com\/gl\/destinos\/castela-e-leon\">\r\n                            Castela e Le\u00f3n                        <\/a>\r\n                                            <\/div>\r\n                                                    <div class=\"wptravel-blocks-trip-meta\">\r\n                    <i class='far fa-clock'><\/i> 3 Hour(s)                 <\/div>\r\n                                                <div class=\"wptravel-blocks-trip-meta\">\r\n                    <i class=\"fas fa-users\"><\/i> 4                <\/div>\r\n                            <\/div>\r\n        <\/div>\r\n    <\/div>\r\n    <div class=\"wptravel-blocks-card-body\">\r\n        <div class=\"wptravel-blocks-card-body-top\">\r\n            <div class=\"wptravel-blocks-card-body-header\">\r\n                <h3 class=\"wptravel-blocks-card-title wp-block-heading\">\r\n                    <a href=\"https:\/\/elcaminoess.com\/gl\/itinerario\/afb-arte\">\r\n                        AFB Arte                    <\/a>\r\n                <\/h3>\r\n                            <\/div>\r\n            <div class=\"wptravel-blocks-card-content\">\r\n                <div class=\"wptravel-blocks-trip-excerpt\">\r\n                    <p>Obradoiro de manualidades en madeira<br \/>\nWoodcraft con\u00e9ctanos coa natureza e d\u00e1nos a oportunidade de achegar a calidez e a autenticidade deste material \u00e1s nosas casas e vidas.<\/p>\n                <\/div>\r\n            <\/div>\r\n        <\/div>\r\n        <div class=\"wptravel-blocks-card-footer\">\r\n            <div class=\"wptravel-blocks-footer-left\">\r\n                <div class=\"wptravel-blocks-trip-rating\">\r\n                                    <\/div>\r\n                <div class=\"wptravel-blocks-trip-explore\">\r\n                    <a href=\"https:\/\/elcaminoess.com\/gl\/itinerario\/afb-arte\">\r\n                        <button class=\"wp-block-button__link wptravel-blocks-explore-btn\">Explore<\/button>\r\n                    <\/a>\r\n                <\/div>\r\n            <\/div>\r\n            <div class=\"wptravel-blocks-footer-right\">\r\n                                <div class=\"wptravel-blocks-trip-offer-price\">\r\n                    \t\t\t<span class=\"wp-travel-trip-price-figure\">150<\/span><span class=\"wp-travel-trip-currency\">&#8364;<\/span>\r\n\t\t\t                <\/div>\r\n                            <\/div>\r\n        <\/div>\r\n    <\/div>\r\n<\/div><div class=\"wptravel-blocks-trip-card\">\r\n    <div class=\"wptravel-blocks-trip-card-img-container\">\r\n        <a href=\"https:\/\/elcaminoess.com\/gl\/itinerario\/amalur-yoga-nature\">\r\n            <img loading=\"lazy\" decoding=\"async\" width=\"525\" height=\"365\" src=\"https:\/\/i0.wp.com\/elcaminoess.com\/wp-content\/uploads\/2024\/02\/1.-AMALUR-YOGA-Y-NATURE-EL-CAMINO-ESS-SORIA-2.jpg?fit=525%2C365&amp;ssl=1\" class=\"attachment-large size-large wp-post-image\" alt=\"\" srcset=\"https:\/\/i0.wp.com\/elcaminoess.com\/wp-content\/uploads\/2024\/02\/1.-AMALUR-YOGA-Y-NATURE-EL-CAMINO-ESS-SORIA-2.jpg?w=799&amp;ssl=1 799w, https:\/\/i0.wp.com\/elcaminoess.com\/wp-content\/uploads\/2024\/02\/1.-AMALUR-YOGA-Y-NATURE-EL-CAMINO-ESS-SORIA-2.jpg?resize=300%2C209&amp;ssl=1 300w, https:\/\/i0.wp.com\/elcaminoess.com\/wp-content\/uploads\/2024\/02\/1.-AMALUR-YOGA-Y-NATURE-EL-CAMINO-ESS-SORIA-2.jpg?resize=768%2C534&amp;ssl=1 768w, https:\/\/i0.wp.com\/elcaminoess.com\/wp-content\/uploads\/2024\/02\/1.-AMALUR-YOGA-Y-NATURE-EL-CAMINO-ESS-SORIA-2.jpg?resize=600%2C418&amp;ssl=1 600w\" sizes=\"auto, (max-width: 525px) 100vw, 525px\" data-attachment-id=\"11625\" data-permalink=\"https:\/\/elcaminoess.com\/gl\/itinerario\/amalur-yoga-nature\/1-amalur-yoga-y-nature-el-camino-ess-soria-2-2\" data-orig-file=\"https:\/\/i0.wp.com\/elcaminoess.com\/wp-content\/uploads\/2024\/02\/1.-AMALUR-YOGA-Y-NATURE-EL-CAMINO-ESS-SORIA-2.jpg?fit=799%2C556&amp;ssl=1\" data-orig-size=\"799,556\" data-comments-opened=\"1\" data-image-meta=\"{&quot;aperture&quot;:&quot;0&quot;,&quot;credit&quot;:&quot;&quot;,&quot;camera&quot;:&quot;&quot;,&quot;caption&quot;:&quot;&quot;,&quot;created_timestamp&quot;:&quot;0&quot;,&quot;copyright&quot;:&quot;&quot;,&quot;focal_length&quot;:&quot;0&quot;,&quot;iso&quot;:&quot;0&quot;,&quot;shutter_speed&quot;:&quot;0&quot;,&quot;title&quot;:&quot;&quot;,&quot;orientation&quot;:&quot;0&quot;}\" data-image-title=\"1. AMALUR YOGA Y NATURE EL CAMINO ESS SORIA 2\" data-image-description=\"\" data-image-caption=\"\" data-large-file=\"https:\/\/i0.wp.com\/elcaminoess.com\/wp-content\/uploads\/2024\/02\/1.-AMALUR-YOGA-Y-NATURE-EL-CAMINO-ESS-SORIA-2.jpg?fit=525%2C365&amp;ssl=1\" \/>        <\/a>\r\n        <div class=\"wptravel-blocks-img-overlay-base\">\r\n            <div class=\"wptravel-blocks-img-overlay\">\r\n                            <\/div>\r\n            <div class=\"wptravel-blocks-trip-meta-container\">\r\n                                    <div class=\"wptravel-blocks-trip-meta\">\r\n                        <i class=\"fas fa-map-marker-alt\"><\/i>\r\n                        <a href=\"https:\/\/elcaminoess.com\/gl\/destinos\/castela-e-leon\">\r\n                            Castela e Le\u00f3n                        <\/a>\r\n                                            <\/div>\r\n                                                    <div class=\"wptravel-blocks-trip-meta\">\r\n                    <i class='far fa-clock'><\/i> 4 Hour(s)                 <\/div>\r\n                                                <div class=\"wptravel-blocks-trip-meta\">\r\n                    <i class=\"fas fa-users\"><\/i> 56                <\/div>\r\n                            <\/div>\r\n        <\/div>\r\n    <\/div>\r\n    <div class=\"wptravel-blocks-card-body\">\r\n        <div class=\"wptravel-blocks-card-body-top\">\r\n            <div class=\"wptravel-blocks-card-body-header\">\r\n                <h3 class=\"wptravel-blocks-card-title wp-block-heading\">\r\n                    <a href=\"https:\/\/elcaminoess.com\/gl\/itinerario\/amalur-yoga-nature\">\r\n                        Amalur Yoga &amp; Nature                    <\/a>\r\n                <\/h3>\r\n                            <\/div>\r\n            <div class=\"wptravel-blocks-card-content\">\r\n                <div class=\"wptravel-blocks-trip-excerpt\">\r\n                    <p>Percorrido pola Lagoa das Salinas da Reserva Las Lagunas de Villaf\u00e1fila, co\u00f1ecendo flora e fauna, e os seus incribles Palomares.<\/p>\n                <\/div>\r\n            <\/div>\r\n        <\/div>\r\n        <div class=\"wptravel-blocks-card-footer\">\r\n            <div class=\"wptravel-blocks-footer-left\">\r\n                <div class=\"wptravel-blocks-trip-rating\">\r\n                                    <\/div>\r\n                <div class=\"wptravel-blocks-trip-explore\">\r\n                    <a href=\"https:\/\/elcaminoess.com\/gl\/itinerario\/amalur-yoga-nature\">\r\n                        <button class=\"wp-block-button__link wptravel-blocks-explore-btn\">Explore<\/button>\r\n                    <\/a>\r\n                <\/div>\r\n            <\/div>\r\n            <div class=\"wptravel-blocks-footer-right\">\r\n                                <div class=\"wptravel-blocks-trip-offer-price\">\r\n                    \t\t\t<span class=\"wp-travel-trip-price-figure\">20<\/span><span class=\"wp-travel-trip-currency\">&#8364;<\/span>\r\n\t\t\t                <\/div>\r\n                            <\/div>\r\n        <\/div>\r\n    <\/div>\r\n<\/div><div class=\"wptravel-blocks-trip-card\">\r\n    <div class=\"wptravel-blocks-trip-card-img-container\">\r\n        <a href=\"https:\/\/elcaminoess.com\/gl\/itinerario\/calcetines-mestizaje\">\r\n            <img loading=\"lazy\" decoding=\"async\" width=\"525\" height=\"394\" src=\"https:\/\/i0.wp.com\/elcaminoess.com\/wp-content\/uploads\/2024\/02\/3.-VISITA-CALCETINES-MESTIZAJE-PRADOLUENGO-BURGOS-scaled.jpg?fit=525%2C394&amp;ssl=1\" class=\"attachment-large size-large wp-post-image\" alt=\"\" srcset=\"https:\/\/i0.wp.com\/elcaminoess.com\/wp-content\/uploads\/2024\/02\/3.-VISITA-CALCETINES-MESTIZAJE-PRADOLUENGO-BURGOS-scaled.jpg?w=2560&amp;ssl=1 2560w, https:\/\/i0.wp.com\/elcaminoess.com\/wp-content\/uploads\/2024\/02\/3.-VISITA-CALCETINES-MESTIZAJE-PRADOLUENGO-BURGOS-scaled.jpg?resize=300%2C225&amp;ssl=1 300w, https:\/\/i0.wp.com\/elcaminoess.com\/wp-content\/uploads\/2024\/02\/3.-VISITA-CALCETINES-MESTIZAJE-PRADOLUENGO-BURGOS-scaled.jpg?resize=1024%2C769&amp;ssl=1 1024w, https:\/\/i0.wp.com\/elcaminoess.com\/wp-content\/uploads\/2024\/02\/3.-VISITA-CALCETINES-MESTIZAJE-PRADOLUENGO-BURGOS-scaled.jpg?resize=768%2C577&amp;ssl=1 768w, https:\/\/i0.wp.com\/elcaminoess.com\/wp-content\/uploads\/2024\/02\/3.-VISITA-CALCETINES-MESTIZAJE-PRADOLUENGO-BURGOS-scaled.jpg?resize=1536%2C1153&amp;ssl=1 1536w, https:\/\/i0.wp.com\/elcaminoess.com\/wp-content\/uploads\/2024\/02\/3.-VISITA-CALCETINES-MESTIZAJE-PRADOLUENGO-BURGOS-scaled.jpg?resize=2048%2C1538&amp;ssl=1 2048w, https:\/\/i0.wp.com\/elcaminoess.com\/wp-content\/uploads\/2024\/02\/3.-VISITA-CALCETINES-MESTIZAJE-PRADOLUENGO-BURGOS-scaled.jpg?resize=600%2C451&amp;ssl=1 600w\" sizes=\"auto, (max-width: 525px) 100vw, 525px\" data-attachment-id=\"11039\" data-permalink=\"https:\/\/elcaminoess.com\/gl\/3-visita-calcetines-mestizaje-pradoluengo-burgos-2\" data-orig-file=\"https:\/\/i0.wp.com\/elcaminoess.com\/wp-content\/uploads\/2024\/02\/3.-VISITA-CALCETINES-MESTIZAJE-PRADOLUENGO-BURGOS-scaled.jpg?fit=2560%2C1922&amp;ssl=1\" data-orig-size=\"2560,1922\" data-comments-opened=\"1\" data-image-meta=\"{&quot;aperture&quot;:&quot;0&quot;,&quot;credit&quot;:&quot;&quot;,&quot;camera&quot;:&quot;&quot;,&quot;caption&quot;:&quot;&quot;,&quot;created_timestamp&quot;:&quot;0&quot;,&quot;copyright&quot;:&quot;&quot;,&quot;focal_length&quot;:&quot;0&quot;,&quot;iso&quot;:&quot;0&quot;,&quot;shutter_speed&quot;:&quot;0&quot;,&quot;title&quot;:&quot;&quot;,&quot;orientation&quot;:&quot;1&quot;}\" data-image-title=\"3.-VISITA-CALCETINES-MESTIZAJE-PRADOLUENGO-BURGOS\" data-image-description=\"\" data-image-caption=\"\" data-large-file=\"https:\/\/i0.wp.com\/elcaminoess.com\/wp-content\/uploads\/2024\/02\/3.-VISITA-CALCETINES-MESTIZAJE-PRADOLUENGO-BURGOS-scaled.jpg?fit=525%2C394&amp;ssl=1\" \/>        <\/a>\r\n        <div class=\"wptravel-blocks-img-overlay-base\">\r\n            <div class=\"wptravel-blocks-img-overlay\">\r\n                            <\/div>\r\n            <div class=\"wptravel-blocks-trip-meta-container\">\r\n                                    <div class=\"wptravel-blocks-trip-meta\">\r\n                        <i class=\"fas fa-map-marker-alt\"><\/i>\r\n                        <a href=\"https:\/\/elcaminoess.com\/gl\/destinos\/castela-e-leon\">\r\n                            Castela e Le\u00f3n                        <\/a>\r\n                                            <\/div>\r\n                                                    <div class=\"wptravel-blocks-trip-meta\">\r\n                    <i class='far fa-clock'><\/i> N\/A                <\/div>\r\n                                                <div class=\"wptravel-blocks-trip-meta\">\r\n                    <i class=\"fas fa-users\"><\/i> No Size Limit                <\/div>\r\n                            <\/div>\r\n        <\/div>\r\n    <\/div>\r\n    <div class=\"wptravel-blocks-card-body\">\r\n        <div class=\"wptravel-blocks-card-body-top\">\r\n            <div class=\"wptravel-blocks-card-body-header\">\r\n                <h3 class=\"wptravel-blocks-card-title wp-block-heading\">\r\n                    <a href=\"https:\/\/elcaminoess.com\/gl\/itinerario\/calcetines-mestizaje\">\r\n                        Calcetines Mestizaje                    <\/a>\r\n                <\/h3>\r\n                            <\/div>\r\n            <div class=\"wptravel-blocks-card-content\">\r\n                <div class=\"wptravel-blocks-trip-excerpt\">\r\n                    <p>Descubre a orixe da fama pasada e actual dos calcet\u00edns Pradoluengo.<\/p>\n                <\/div>\r\n            <\/div>\r\n        <\/div>\r\n        <div class=\"wptravel-blocks-card-footer\">\r\n            <div class=\"wptravel-blocks-footer-left\">\r\n                <div class=\"wptravel-blocks-trip-rating\">\r\n                                    <\/div>\r\n                <div class=\"wptravel-blocks-trip-explore\">\r\n                    <a href=\"https:\/\/elcaminoess.com\/gl\/itinerario\/calcetines-mestizaje\">\r\n                        <button class=\"wp-block-button__link wptravel-blocks-explore-btn\">Explore<\/button>\r\n                    <\/a>\r\n                <\/div>\r\n            <\/div>\r\n            <div class=\"wptravel-blocks-footer-right\">\r\n                                <div class=\"wptravel-blocks-trip-offer-price\">\r\n                    \t\t\t<span class=\"wp-travel-trip-price-figure\">0<\/span><span class=\"wp-travel-trip-currency\">&#8364;<\/span>\r\n\t\t\t                <\/div>\r\n                            <\/div>\r\n        <\/div>\r\n    <\/div>\r\n<\/div><div class=\"wptravel-blocks-trip-card\">\r\n    <div class=\"wptravel-blocks-trip-card-img-container\">\r\n        <a href=\"https:\/\/elcaminoess.com\/gl\/itinerario\/casa-cova-da-luz\">\r\n            <img loading=\"lazy\" decoding=\"async\" width=\"525\" height=\"389\" src=\"https:\/\/i0.wp.com\/elcaminoess.com\/wp-content\/uploads\/2024\/03\/8.-CASA-CUEVA-LA-LUZ-PALENCIA.jpeg?fit=525%2C389&amp;ssl=1\" class=\"attachment-large size-large wp-post-image\" alt=\"\" srcset=\"https:\/\/i0.wp.com\/elcaminoess.com\/wp-content\/uploads\/2024\/03\/8.-CASA-CUEVA-LA-LUZ-PALENCIA.jpeg?w=828&amp;ssl=1 828w, https:\/\/i0.wp.com\/elcaminoess.com\/wp-content\/uploads\/2024\/03\/8.-CASA-CUEVA-LA-LUZ-PALENCIA.jpeg?resize=300%2C222&amp;ssl=1 300w, https:\/\/i0.wp.com\/elcaminoess.com\/wp-content\/uploads\/2024\/03\/8.-CASA-CUEVA-LA-LUZ-PALENCIA.jpeg?resize=768%2C569&amp;ssl=1 768w, https:\/\/i0.wp.com\/elcaminoess.com\/wp-content\/uploads\/2024\/03\/8.-CASA-CUEVA-LA-LUZ-PALENCIA.jpeg?resize=600%2C444&amp;ssl=1 600w\" sizes=\"auto, (max-width: 525px) 100vw, 525px\" data-attachment-id=\"12212\" data-permalink=\"https:\/\/elcaminoess.com\/gl\/8-casa-cueva-la-luz-palencia-2\" data-orig-file=\"https:\/\/i0.wp.com\/elcaminoess.com\/wp-content\/uploads\/2024\/03\/8.-CASA-CUEVA-LA-LUZ-PALENCIA.jpeg?fit=828%2C613&amp;ssl=1\" data-orig-size=\"828,613\" data-comments-opened=\"1\" data-image-meta=\"{&quot;aperture&quot;:&quot;0&quot;,&quot;credit&quot;:&quot;&quot;,&quot;camera&quot;:&quot;&quot;,&quot;caption&quot;:&quot;&quot;,&quot;created_timestamp&quot;:&quot;0&quot;,&quot;copyright&quot;:&quot;&quot;,&quot;focal_length&quot;:&quot;0&quot;,&quot;iso&quot;:&quot;0&quot;,&quot;shutter_speed&quot;:&quot;0&quot;,&quot;title&quot;:&quot;&quot;,&quot;orientation&quot;:&quot;0&quot;}\" data-image-title=\"8.-CASA-CUEVA-LA-LUZ-PALENCIA\" data-image-description=\"\" data-image-caption=\"\" data-large-file=\"https:\/\/i0.wp.com\/elcaminoess.com\/wp-content\/uploads\/2024\/03\/8.-CASA-CUEVA-LA-LUZ-PALENCIA.jpeg?fit=525%2C389&amp;ssl=1\" \/>        <\/a>\r\n        <div class=\"wptravel-blocks-img-overlay-base\">\r\n            <div class=\"wptravel-blocks-img-overlay\">\r\n                            <\/div>\r\n            <div class=\"wptravel-blocks-trip-meta-container\">\r\n                                    <div class=\"wptravel-blocks-trip-meta\">\r\n                        <i class=\"fas fa-map-marker-alt\"><\/i>\r\n                        <a href=\"https:\/\/elcaminoess.com\/gl\/destinos\/castela-e-leon\">\r\n                            Castela e Le\u00f3n                        <\/a>\r\n                                            <\/div>\r\n                                                    <div class=\"wptravel-blocks-trip-meta\">\r\n                    <i class='far fa-clock'><\/i> 2 Hour(s)                 <\/div>\r\n                                                <div class=\"wptravel-blocks-trip-meta\">\r\n                    <i class=\"fas fa-users\"><\/i> 17                <\/div>\r\n                            <\/div>\r\n        <\/div>\r\n    <\/div>\r\n    <div class=\"wptravel-blocks-card-body\">\r\n        <div class=\"wptravel-blocks-card-body-top\">\r\n            <div class=\"wptravel-blocks-card-body-header\">\r\n                <h3 class=\"wptravel-blocks-card-title wp-block-heading\">\r\n                    <a href=\"https:\/\/elcaminoess.com\/gl\/itinerario\/casa-cova-da-luz\">\r\n                        Casa Cova da Luz                    <\/a>\r\n                <\/h3>\r\n                            <\/div>\r\n            <div class=\"wptravel-blocks-card-content\">\r\n                <div class=\"wptravel-blocks-trip-excerpt\">\r\n                    <p>Unha peregrinaci\u00f3n interior en forma de meditaci\u00f3n personalizable, silencio e retiros de descanso de duraci\u00f3n variable.<\/p>\n                <\/div>\r\n            <\/div>\r\n        <\/div>\r\n        <div class=\"wptravel-blocks-card-footer\">\r\n            <div class=\"wptravel-blocks-footer-left\">\r\n                <div class=\"wptravel-blocks-trip-rating\">\r\n                                    <\/div>\r\n                <div class=\"wptravel-blocks-trip-explore\">\r\n                    <a href=\"https:\/\/elcaminoess.com\/gl\/itinerario\/casa-cova-da-luz\">\r\n                        <button class=\"wp-block-button__link wptravel-blocks-explore-btn\">Explore<\/button>\r\n                    <\/a>\r\n                <\/div>\r\n            <\/div>\r\n            <div class=\"wptravel-blocks-footer-right\">\r\n                                <div class=\"wptravel-blocks-trip-offer-price\">\r\n                    \t\t\t<span class=\"wp-travel-trip-price-figure\">30<\/span><span class=\"wp-travel-trip-currency\">&#8364;<\/span>\r\n\t\t\t                <\/div>\r\n                            <\/div>\r\n        <\/div>\r\n    <\/div>\r\n<\/div><div class=\"wptravel-blocks-trip-card\">\r\n    <div class=\"wptravel-blocks-trip-card-img-container\">\r\n        <a href=\"https:\/\/elcaminoess.com\/gl\/itinerario\/casa-rural-el-aceitunero\">\r\n            <img loading=\"lazy\" decoding=\"async\" width=\"525\" height=\"350\" src=\"https:\/\/i0.wp.com\/elcaminoess.com\/wp-content\/uploads\/2024\/02\/Taller-de-yoga-de-la-Casa-Rural-el-Aceitunero-en-San-Vicente-de-Arevalo-en-Avila-scaled.jpg?fit=525%2C350&amp;ssl=1\" class=\"attachment-large size-large wp-post-image\" alt=\"\" srcset=\"https:\/\/i0.wp.com\/elcaminoess.com\/wp-content\/uploads\/2024\/02\/Taller-de-yoga-de-la-Casa-Rural-el-Aceitunero-en-San-Vicente-de-Arevalo-en-Avila-scaled.jpg?w=2560&amp;ssl=1 2560w, https:\/\/i0.wp.com\/elcaminoess.com\/wp-content\/uploads\/2024\/02\/Taller-de-yoga-de-la-Casa-Rural-el-Aceitunero-en-San-Vicente-de-Arevalo-en-Avila-scaled.jpg?resize=300%2C200&amp;ssl=1 300w, https:\/\/i0.wp.com\/elcaminoess.com\/wp-content\/uploads\/2024\/02\/Taller-de-yoga-de-la-Casa-Rural-el-Aceitunero-en-San-Vicente-de-Arevalo-en-Avila-scaled.jpg?resize=1024%2C683&amp;ssl=1 1024w, https:\/\/i0.wp.com\/elcaminoess.com\/wp-content\/uploads\/2024\/02\/Taller-de-yoga-de-la-Casa-Rural-el-Aceitunero-en-San-Vicente-de-Arevalo-en-Avila-scaled.jpg?resize=768%2C512&amp;ssl=1 768w, https:\/\/i0.wp.com\/elcaminoess.com\/wp-content\/uploads\/2024\/02\/Taller-de-yoga-de-la-Casa-Rural-el-Aceitunero-en-San-Vicente-de-Arevalo-en-Avila-scaled.jpg?resize=1536%2C1024&amp;ssl=1 1536w, https:\/\/i0.wp.com\/elcaminoess.com\/wp-content\/uploads\/2024\/02\/Taller-de-yoga-de-la-Casa-Rural-el-Aceitunero-en-San-Vicente-de-Arevalo-en-Avila-scaled.jpg?resize=2048%2C1365&amp;ssl=1 2048w, https:\/\/i0.wp.com\/elcaminoess.com\/wp-content\/uploads\/2024\/02\/Taller-de-yoga-de-la-Casa-Rural-el-Aceitunero-en-San-Vicente-de-Arevalo-en-Avila-scaled.jpg?resize=600%2C400&amp;ssl=1 600w\" sizes=\"auto, (max-width: 525px) 100vw, 525px\" data-attachment-id=\"10847\" data-permalink=\"https:\/\/elcaminoess.com\/gl\/taller-de-yoga-de-la-casa-rural-el-aceitunero-en-san-vicente-de-arevalo-en-avila-2\" data-orig-file=\"https:\/\/i0.wp.com\/elcaminoess.com\/wp-content\/uploads\/2024\/02\/Taller-de-yoga-de-la-Casa-Rural-el-Aceitunero-en-San-Vicente-de-Arevalo-en-Avila-scaled.jpg?fit=2560%2C1707&amp;ssl=1\" data-orig-size=\"2560,1707\" data-comments-opened=\"1\" data-image-meta=\"{&quot;aperture&quot;:&quot;1.8&quot;,&quot;credit&quot;:&quot;&quot;,&quot;camera&quot;:&quot;ILCE-7M3&quot;,&quot;caption&quot;:&quot;&quot;,&quot;created_timestamp&quot;:&quot;1655536563&quot;,&quot;copyright&quot;:&quot;&quot;,&quot;focal_length&quot;:&quot;50&quot;,&quot;iso&quot;:&quot;100&quot;,&quot;shutter_speed&quot;:&quot;0.0004&quot;,&quot;title&quot;:&quot;&quot;,&quot;orientation&quot;:&quot;0&quot;}\" data-image-title=\"Taller-de-yoga-de-la-Casa-Rural-el-Aceitunero-en-San-Vicente-de-Arevalo-en-Avila\" data-image-description=\"\" data-image-caption=\"\" data-large-file=\"https:\/\/i0.wp.com\/elcaminoess.com\/wp-content\/uploads\/2024\/02\/Taller-de-yoga-de-la-Casa-Rural-el-Aceitunero-en-San-Vicente-de-Arevalo-en-Avila-scaled.jpg?fit=525%2C350&amp;ssl=1\" \/>        <\/a>\r\n        <div class=\"wptravel-blocks-img-overlay-base\">\r\n            <div class=\"wptravel-blocks-img-overlay\">\r\n                            <\/div>\r\n            <div class=\"wptravel-blocks-trip-meta-container\">\r\n                                    <div class=\"wptravel-blocks-trip-meta\">\r\n                        <i class=\"fas fa-map-marker-alt\"><\/i>\r\n                        <a href=\"https:\/\/elcaminoess.com\/gl\/destinos\/castela-e-leon\">\r\n                            Castela e Le\u00f3n                        <\/a>\r\n                                            <\/div>\r\n                                                    <div class=\"wptravel-blocks-trip-meta\">\r\n                    <i class='far fa-clock'><\/i> 2 Hour(s)                 <\/div>\r\n                                                <div class=\"wptravel-blocks-trip-meta\">\r\n                    <i class=\"fas fa-users\"><\/i> 20                <\/div>\r\n                            <\/div>\r\n        <\/div>\r\n    <\/div>\r\n    <div class=\"wptravel-blocks-card-body\">\r\n        <div class=\"wptravel-blocks-card-body-top\">\r\n            <div class=\"wptravel-blocks-card-body-header\">\r\n                <h3 class=\"wptravel-blocks-card-title wp-block-heading\">\r\n                    <a href=\"https:\/\/elcaminoess.com\/gl\/itinerario\/casa-rural-el-aceitunero\">\r\n                        Casa Rural El Aceitunero                    <\/a>\r\n                <\/h3>\r\n                            <\/div>\r\n            <div class=\"wptravel-blocks-card-content\">\r\n                <div class=\"wptravel-blocks-trip-excerpt\">\r\n                    <p>Lugar especial e \u00fanico para conectar o noso corpo e a mente, para desenvolver con \u00e9xito os retos da vida coti\u00e1.<\/p>\n                <\/div>\r\n            <\/div>\r\n        <\/div>\r\n        <div class=\"wptravel-blocks-card-footer\">\r\n            <div class=\"wptravel-blocks-footer-left\">\r\n                <div class=\"wptravel-blocks-trip-rating\">\r\n                                    <\/div>\r\n                <div class=\"wptravel-blocks-trip-explore\">\r\n                    <a href=\"https:\/\/elcaminoess.com\/gl\/itinerario\/casa-rural-el-aceitunero\">\r\n                        <button class=\"wp-block-button__link wptravel-blocks-explore-btn\">Explore<\/button>\r\n                    <\/a>\r\n                <\/div>\r\n            <\/div>\r\n            <div class=\"wptravel-blocks-footer-right\">\r\n                                <div class=\"wptravel-blocks-trip-offer-price\">\r\n                    \t\t\t<span class=\"wp-travel-trip-price-figure\">8<\/span><span class=\"wp-travel-trip-currency\">&#8364;<\/span>\r\n\t\t\t                <\/div>\r\n                            <\/div>\r\n        <\/div>\r\n    <\/div>\r\n<\/div><div class=\"wptravel-blocks-trip-card\">\r\n    <div class=\"wptravel-blocks-trip-card-img-container\">\r\n        <a href=\"https:\/\/elcaminoess.com\/gl\/itinerario\/cerveza-vereda\">\r\n            <img loading=\"lazy\" decoding=\"async\" width=\"525\" height=\"236\" src=\"https:\/\/i0.wp.com\/elcaminoess.com\/wp-content\/uploads\/2024\/01\/Visitantes-en-la-fabrica-de-Cerveza-Vereda-en-Ledigos1.jpg?fit=525%2C236&amp;ssl=1\" class=\"attachment-large size-large wp-post-image\" alt=\"\" srcset=\"https:\/\/i0.wp.com\/elcaminoess.com\/wp-content\/uploads\/2024\/01\/Visitantes-en-la-fabrica-de-Cerveza-Vereda-en-Ledigos1.jpg?w=1024&amp;ssl=1 1024w, https:\/\/i0.wp.com\/elcaminoess.com\/wp-content\/uploads\/2024\/01\/Visitantes-en-la-fabrica-de-Cerveza-Vereda-en-Ledigos1.jpg?resize=300%2C135&amp;ssl=1 300w, https:\/\/i0.wp.com\/elcaminoess.com\/wp-content\/uploads\/2024\/01\/Visitantes-en-la-fabrica-de-Cerveza-Vereda-en-Ledigos1.jpg?resize=768%2C346&amp;ssl=1 768w, https:\/\/i0.wp.com\/elcaminoess.com\/wp-content\/uploads\/2024\/01\/Visitantes-en-la-fabrica-de-Cerveza-Vereda-en-Ledigos1.jpg?resize=600%2C270&amp;ssl=1 600w\" sizes=\"auto, (max-width: 525px) 100vw, 525px\" data-attachment-id=\"10069\" data-permalink=\"https:\/\/elcaminoess.com\/gl\/visitantes-en-la-fabrica-de-cerveza-vereda-en-ledigos1-2\" data-orig-file=\"https:\/\/i0.wp.com\/elcaminoess.com\/wp-content\/uploads\/2024\/01\/Visitantes-en-la-fabrica-de-Cerveza-Vereda-en-Ledigos1.jpg?fit=1024%2C461&amp;ssl=1\" data-orig-size=\"1024,461\" data-comments-opened=\"1\" data-image-meta=\"{&quot;aperture&quot;:&quot;0&quot;,&quot;credit&quot;:&quot;&quot;,&quot;camera&quot;:&quot;&quot;,&quot;caption&quot;:&quot;&quot;,&quot;created_timestamp&quot;:&quot;0&quot;,&quot;copyright&quot;:&quot;&quot;,&quot;focal_length&quot;:&quot;0&quot;,&quot;iso&quot;:&quot;0&quot;,&quot;shutter_speed&quot;:&quot;0&quot;,&quot;title&quot;:&quot;&quot;,&quot;orientation&quot;:&quot;0&quot;}\" data-image-title=\"Visitantes-en-la-fabrica-de-Cerveza-Vereda-en-Ledigos1\" data-image-description=\"\" data-image-caption=\"\" data-large-file=\"https:\/\/i0.wp.com\/elcaminoess.com\/wp-content\/uploads\/2024\/01\/Visitantes-en-la-fabrica-de-Cerveza-Vereda-en-Ledigos1.jpg?fit=525%2C236&amp;ssl=1\" \/>        <\/a>\r\n        <div class=\"wptravel-blocks-img-overlay-base\">\r\n            <div class=\"wptravel-blocks-img-overlay\">\r\n                            <\/div>\r\n            <div class=\"wptravel-blocks-trip-meta-container\">\r\n                                    <div class=\"wptravel-blocks-trip-meta\">\r\n                        <i class=\"fas fa-map-marker-alt\"><\/i>\r\n                        <a href=\"https:\/\/elcaminoess.com\/gl\/destinos\/castela-e-leon\">\r\n                            Castela e Le\u00f3n                        <\/a>\r\n                                            <\/div>\r\n                                                    <div class=\"wptravel-blocks-trip-meta\">\r\n                    <i class='far fa-clock'><\/i> 2 Hour(s)                 <\/div>\r\n                                                <div class=\"wptravel-blocks-trip-meta\">\r\n                    <i class=\"fas fa-users\"><\/i> 20                <\/div>\r\n                            <\/div>\r\n        <\/div>\r\n    <\/div>\r\n    <div class=\"wptravel-blocks-card-body\">\r\n        <div class=\"wptravel-blocks-card-body-top\">\r\n            <div class=\"wptravel-blocks-card-body-header\">\r\n                <h3 class=\"wptravel-blocks-card-title wp-block-heading\">\r\n                    <a href=\"https:\/\/elcaminoess.com\/gl\/itinerario\/cerveza-vereda\">\r\n                        Cerveza Vereda                    <\/a>\r\n                <\/h3>\r\n                            <\/div>\r\n            <div class=\"wptravel-blocks-card-content\">\r\n                <div class=\"wptravel-blocks-trip-excerpt\">\r\n                    <p>Cervexa Rural, elaborada artesanalmente con produtos locais.<\/p>\n                <\/div>\r\n            <\/div>\r\n        <\/div>\r\n        <div class=\"wptravel-blocks-card-footer\">\r\n            <div class=\"wptravel-blocks-footer-left\">\r\n                <div class=\"wptravel-blocks-trip-rating\">\r\n                                    <\/div>\r\n                <div class=\"wptravel-blocks-trip-explore\">\r\n                    <a href=\"https:\/\/elcaminoess.com\/gl\/itinerario\/cerveza-vereda\">\r\n                        <button class=\"wp-block-button__link wptravel-blocks-explore-btn\">Explore<\/button>\r\n                    <\/a>\r\n                <\/div>\r\n            <\/div>\r\n            <div class=\"wptravel-blocks-footer-right\">\r\n                                <div class=\"wptravel-blocks-trip-offer-price\">\r\n                    \t\t\t<span class=\"wp-travel-trip-price-figure\">15<\/span><span class=\"wp-travel-trip-currency\">&#8364;<\/span>\r\n\t\t\t                <\/div>\r\n                            <\/div>\r\n        <\/div>\r\n    <\/div>\r\n<\/div><div class=\"wptravel-blocks-trip-card\">\r\n    <div class=\"wptravel-blocks-trip-card-img-container\">\r\n        <a href=\"https:\/\/elcaminoess.com\/gl\/itinerario\/coliving-turistico-laguna-del-villardon\">\r\n            <img loading=\"lazy\" decoding=\"async\" width=\"525\" height=\"397\" src=\"https:\/\/i0.wp.com\/elcaminoess.com\/wp-content\/uploads\/2024\/02\/12.-COLIVING-LAGUNA-DE-VILLARDON-VILLARRIN-DE-CAMPOS-ZAMORA.jpg?fit=525%2C397&amp;ssl=1\" class=\"attachment-large size-large wp-post-image\" alt=\"\" srcset=\"https:\/\/i0.wp.com\/elcaminoess.com\/wp-content\/uploads\/2024\/02\/12.-COLIVING-LAGUNA-DE-VILLARDON-VILLARRIN-DE-CAMPOS-ZAMORA.jpg?w=589&amp;ssl=1 589w, https:\/\/i0.wp.com\/elcaminoess.com\/wp-content\/uploads\/2024\/02\/12.-COLIVING-LAGUNA-DE-VILLARDON-VILLARRIN-DE-CAMPOS-ZAMORA.jpg?resize=300%2C227&amp;ssl=1 300w\" sizes=\"auto, (max-width: 525px) 100vw, 525px\" data-attachment-id=\"11330\" data-permalink=\"https:\/\/elcaminoess.com\/gl\/itinerario\/coliving-turistico-laguna-del-villardon\/12-coliving-laguna-de-villardon-villarrin-de-campos-zamora-2\" data-orig-file=\"https:\/\/i0.wp.com\/elcaminoess.com\/wp-content\/uploads\/2024\/02\/12.-COLIVING-LAGUNA-DE-VILLARDON-VILLARRIN-DE-CAMPOS-ZAMORA.jpg?fit=589%2C445&amp;ssl=1\" data-orig-size=\"589,445\" data-comments-opened=\"1\" data-image-meta=\"{&quot;aperture&quot;:&quot;0&quot;,&quot;credit&quot;:&quot;&quot;,&quot;camera&quot;:&quot;&quot;,&quot;caption&quot;:&quot;&quot;,&quot;created_timestamp&quot;:&quot;0&quot;,&quot;copyright&quot;:&quot;&quot;,&quot;focal_length&quot;:&quot;0&quot;,&quot;iso&quot;:&quot;0&quot;,&quot;shutter_speed&quot;:&quot;0&quot;,&quot;title&quot;:&quot;&quot;,&quot;orientation&quot;:&quot;0&quot;}\" data-image-title=\"12. COLIVING LAGUNA DE VILLARD\u00d3N, VILLARR\u00cdN DE CAMPOS, ZAMORA\" data-image-description=\"\" data-image-caption=\"\" data-large-file=\"https:\/\/i0.wp.com\/elcaminoess.com\/wp-content\/uploads\/2024\/02\/12.-COLIVING-LAGUNA-DE-VILLARDON-VILLARRIN-DE-CAMPOS-ZAMORA.jpg?fit=525%2C397&amp;ssl=1\" \/>        <\/a>\r\n        <div class=\"wptravel-blocks-img-overlay-base\">\r\n            <div class=\"wptravel-blocks-img-overlay\">\r\n                            <\/div>\r\n            <div class=\"wptravel-blocks-trip-meta-container\">\r\n                                    <div class=\"wptravel-blocks-trip-meta\">\r\n                        <i class=\"fas fa-map-marker-alt\"><\/i>\r\n                        <a href=\"https:\/\/elcaminoess.com\/gl\/destinos\/castela-e-leon\">\r\n                            Castela e Le\u00f3n                        <\/a>\r\n                                            <\/div>\r\n                                                    <div class=\"wptravel-blocks-trip-meta\">\r\n                    <i class='far fa-clock'><\/i> N\/A                <\/div>\r\n                                                <div class=\"wptravel-blocks-trip-meta\">\r\n                    <i class=\"fas fa-users\"><\/i> 11                <\/div>\r\n                            <\/div>\r\n        <\/div>\r\n    <\/div>\r\n    <div class=\"wptravel-blocks-card-body\">\r\n        <div class=\"wptravel-blocks-card-body-top\">\r\n            <div class=\"wptravel-blocks-card-body-header\">\r\n                <h3 class=\"wptravel-blocks-card-title wp-block-heading\">\r\n                    <a href=\"https:\/\/elcaminoess.com\/gl\/itinerario\/coliving-turistico-laguna-del-villardon\">\r\n                        Coliving Tur\u00edstico Laguna del Villard\u00f3n                    <\/a>\r\n                <\/h3>\r\n                            <\/div>\r\n            <div class=\"wptravel-blocks-card-content\">\r\n                <div class=\"wptravel-blocks-trip-excerpt\">\r\n                    <p>Experiencia tur\u00edstica \u00fanica que comparte intereses similares con persoas do Turismo Sostible<\/p>\n                <\/div>\r\n            <\/div>\r\n        <\/div>\r\n        <div class=\"wptravel-blocks-card-footer\">\r\n            <div class=\"wptravel-blocks-footer-left\">\r\n                <div class=\"wptravel-blocks-trip-rating\">\r\n                                    <\/div>\r\n                <div class=\"wptravel-blocks-trip-explore\">\r\n                    <a href=\"https:\/\/elcaminoess.com\/gl\/itinerario\/coliving-turistico-laguna-del-villardon\">\r\n                        <button class=\"wp-block-button__link wptravel-blocks-explore-btn\">Explore<\/button>\r\n                    <\/a>\r\n                <\/div>\r\n            <\/div>\r\n            <div class=\"wptravel-blocks-footer-right\">\r\n                                <div class=\"wptravel-blocks-trip-offer-price\">\r\n                    \t\t\t<span class=\"wp-travel-trip-price-figure\">30<\/span><span class=\"wp-travel-trip-currency\">&#8364;<\/span>\r\n\t\t\t                <\/div>\r\n                            <\/div>\r\n        <\/div>\r\n    <\/div>\r\n<\/div><div class=\"wptravel-blocks-trip-card\">\r\n    <div class=\"wptravel-blocks-trip-card-img-container\">\r\n        <a href=\"https:\/\/elcaminoess.com\/gl\/itinerario\/eco-hotel-dona-mayor\">\r\n            <img loading=\"lazy\" decoding=\"async\" width=\"525\" height=\"394\" src=\"https:\/\/i0.wp.com\/elcaminoess.com\/wp-content\/uploads\/2024\/02\/Eco-Hotel-Dona-Mayor-Jornadas-astronomicas-Fromista-2.jpeg?fit=525%2C394&amp;ssl=1\" class=\"attachment-large size-large wp-post-image\" alt=\"\" srcset=\"https:\/\/i0.wp.com\/elcaminoess.com\/wp-content\/uploads\/2024\/02\/Eco-Hotel-Dona-Mayor-Jornadas-astronomicas-Fromista-2.jpeg?w=1600&amp;ssl=1 1600w, https:\/\/i0.wp.com\/elcaminoess.com\/wp-content\/uploads\/2024\/02\/Eco-Hotel-Dona-Mayor-Jornadas-astronomicas-Fromista-2.jpeg?resize=300%2C225&amp;ssl=1 300w, https:\/\/i0.wp.com\/elcaminoess.com\/wp-content\/uploads\/2024\/02\/Eco-Hotel-Dona-Mayor-Jornadas-astronomicas-Fromista-2.jpeg?resize=1024%2C768&amp;ssl=1 1024w, https:\/\/i0.wp.com\/elcaminoess.com\/wp-content\/uploads\/2024\/02\/Eco-Hotel-Dona-Mayor-Jornadas-astronomicas-Fromista-2.jpeg?resize=768%2C576&amp;ssl=1 768w, https:\/\/i0.wp.com\/elcaminoess.com\/wp-content\/uploads\/2024\/02\/Eco-Hotel-Dona-Mayor-Jornadas-astronomicas-Fromista-2.jpeg?resize=1536%2C1152&amp;ssl=1 1536w, https:\/\/i0.wp.com\/elcaminoess.com\/wp-content\/uploads\/2024\/02\/Eco-Hotel-Dona-Mayor-Jornadas-astronomicas-Fromista-2.jpeg?resize=600%2C450&amp;ssl=1 600w\" sizes=\"auto, (max-width: 525px) 100vw, 525px\" data-attachment-id=\"11378\" data-permalink=\"https:\/\/elcaminoess.com\/gl\/eco-hotel-dona-mayor-jornadas-astronomicas-fromista-2-2\" data-orig-file=\"https:\/\/i0.wp.com\/elcaminoess.com\/wp-content\/uploads\/2024\/02\/Eco-Hotel-Dona-Mayor-Jornadas-astronomicas-Fromista-2.jpeg?fit=1600%2C1200&amp;ssl=1\" data-orig-size=\"1600,1200\" data-comments-opened=\"1\" data-image-meta=\"{&quot;aperture&quot;:&quot;0&quot;,&quot;credit&quot;:&quot;&quot;,&quot;camera&quot;:&quot;&quot;,&quot;caption&quot;:&quot;&quot;,&quot;created_timestamp&quot;:&quot;0&quot;,&quot;copyright&quot;:&quot;&quot;,&quot;focal_length&quot;:&quot;0&quot;,&quot;iso&quot;:&quot;0&quot;,&quot;shutter_speed&quot;:&quot;0&quot;,&quot;title&quot;:&quot;&quot;,&quot;orientation&quot;:&quot;1&quot;}\" data-image-title=\"Eco-Hotel-Dona-Mayor-Jornadas-astronomicas-Fromista-2\" data-image-description=\"\" data-image-caption=\"\" data-large-file=\"https:\/\/i0.wp.com\/elcaminoess.com\/wp-content\/uploads\/2024\/02\/Eco-Hotel-Dona-Mayor-Jornadas-astronomicas-Fromista-2.jpeg?fit=525%2C394&amp;ssl=1\" \/>        <\/a>\r\n        <div class=\"wptravel-blocks-img-overlay-base\">\r\n            <div class=\"wptravel-blocks-img-overlay\">\r\n                            <\/div>\r\n            <div class=\"wptravel-blocks-trip-meta-container\">\r\n                                    <div class=\"wptravel-blocks-trip-meta\">\r\n                        <i class=\"fas fa-map-marker-alt\"><\/i>\r\n                        <a href=\"https:\/\/elcaminoess.com\/gl\/destinos\/castela-e-leon\">\r\n                            Castela e Le\u00f3n                        <\/a>\r\n                                            <\/div>\r\n                                                    <div class=\"wptravel-blocks-trip-meta\">\r\n                    <i class='far fa-clock'><\/i> 4 Hour(s)                 <\/div>\r\n                                                <div class=\"wptravel-blocks-trip-meta\">\r\n                    <i class=\"fas fa-users\"><\/i> 25                <\/div>\r\n                            <\/div>\r\n        <\/div>\r\n    <\/div>\r\n    <div class=\"wptravel-blocks-card-body\">\r\n        <div class=\"wptravel-blocks-card-body-top\">\r\n            <div class=\"wptravel-blocks-card-body-header\">\r\n                <h3 class=\"wptravel-blocks-card-title wp-block-heading\">\r\n                    <a href=\"https:\/\/elcaminoess.com\/gl\/itinerario\/eco-hotel-dona-mayor\">\r\n                        Eco Hotel Do\u00f1a Mayor                    <\/a>\r\n                <\/h3>\r\n                            <\/div>\r\n            <div class=\"wptravel-blocks-card-content\">\r\n                <div class=\"wptravel-blocks-trip-excerpt\">\r\n                    <p>Dende o Eco Hotel Do\u00f1a Mayor de Fr\u00f3mista, ademais dun aloxamento marabilloso, c\u00e1lido e \u00fanico, ofr\u00e9cense pequenas espadas.<\/p>\n                <\/div>\r\n            <\/div>\r\n        <\/div>\r\n        <div class=\"wptravel-blocks-card-footer\">\r\n            <div class=\"wptravel-blocks-footer-left\">\r\n                <div class=\"wptravel-blocks-trip-rating\">\r\n                                    <\/div>\r\n                <div class=\"wptravel-blocks-trip-explore\">\r\n                    <a href=\"https:\/\/elcaminoess.com\/gl\/itinerario\/eco-hotel-dona-mayor\">\r\n                        <button class=\"wp-block-button__link wptravel-blocks-explore-btn\">Explore<\/button>\r\n                    <\/a>\r\n                <\/div>\r\n            <\/div>\r\n            <div class=\"wptravel-blocks-footer-right\">\r\n                                <div class=\"wptravel-blocks-trip-offer-price\">\r\n                    \t\t\t<span class=\"wp-travel-trip-price-figure\">38<\/span><span class=\"wp-travel-trip-currency\">&#8364;<\/span>\r\n\t\t\t                <\/div>\r\n                            <\/div>\r\n        <\/div>\r\n    <\/div>\r\n<\/div><div class=\"wptravel-blocks-trip-card\">\r\n    <div class=\"wptravel-blocks-trip-card-img-container\">\r\n        <a href=\"https:\/\/elcaminoess.com\/gl\/itinerario\/el-puchero-de-villasur\">\r\n            <img loading=\"lazy\" decoding=\"async\" width=\"525\" height=\"394\" src=\"https:\/\/i0.wp.com\/elcaminoess.com\/wp-content\/uploads\/2024\/02\/7.-EL-PUCHERO-DE-VILLASUR-VILLASUR-DE-HERREROS-BURGOS-scaled.jpg?fit=525%2C394&amp;ssl=1\" class=\"attachment-large size-large wp-post-image\" alt=\"\" srcset=\"https:\/\/i0.wp.com\/elcaminoess.com\/wp-content\/uploads\/2024\/02\/7.-EL-PUCHERO-DE-VILLASUR-VILLASUR-DE-HERREROS-BURGOS-scaled.jpg?w=2560&amp;ssl=1 2560w, https:\/\/i0.wp.com\/elcaminoess.com\/wp-content\/uploads\/2024\/02\/7.-EL-PUCHERO-DE-VILLASUR-VILLASUR-DE-HERREROS-BURGOS-scaled.jpg?resize=300%2C225&amp;ssl=1 300w, https:\/\/i0.wp.com\/elcaminoess.com\/wp-content\/uploads\/2024\/02\/7.-EL-PUCHERO-DE-VILLASUR-VILLASUR-DE-HERREROS-BURGOS-scaled.jpg?resize=1024%2C769&amp;ssl=1 1024w, https:\/\/i0.wp.com\/elcaminoess.com\/wp-content\/uploads\/2024\/02\/7.-EL-PUCHERO-DE-VILLASUR-VILLASUR-DE-HERREROS-BURGOS-scaled.jpg?resize=768%2C577&amp;ssl=1 768w, https:\/\/i0.wp.com\/elcaminoess.com\/wp-content\/uploads\/2024\/02\/7.-EL-PUCHERO-DE-VILLASUR-VILLASUR-DE-HERREROS-BURGOS-scaled.jpg?resize=1536%2C1153&amp;ssl=1 1536w, https:\/\/i0.wp.com\/elcaminoess.com\/wp-content\/uploads\/2024\/02\/7.-EL-PUCHERO-DE-VILLASUR-VILLASUR-DE-HERREROS-BURGOS-scaled.jpg?resize=2048%2C1538&amp;ssl=1 2048w, https:\/\/i0.wp.com\/elcaminoess.com\/wp-content\/uploads\/2024\/02\/7.-EL-PUCHERO-DE-VILLASUR-VILLASUR-DE-HERREROS-BURGOS-scaled.jpg?resize=600%2C451&amp;ssl=1 600w\" sizes=\"auto, (max-width: 525px) 100vw, 525px\" data-attachment-id=\"11452\" data-permalink=\"https:\/\/elcaminoess.com\/gl\/7-el-puchero-de-villasur-villasur-de-herreros-burgos-2\" data-orig-file=\"https:\/\/i0.wp.com\/elcaminoess.com\/wp-content\/uploads\/2024\/02\/7.-EL-PUCHERO-DE-VILLASUR-VILLASUR-DE-HERREROS-BURGOS-scaled.jpg?fit=2560%2C1922&amp;ssl=1\" data-orig-size=\"2560,1922\" data-comments-opened=\"1\" data-image-meta=\"{&quot;aperture&quot;:&quot;0&quot;,&quot;credit&quot;:&quot;&quot;,&quot;camera&quot;:&quot;&quot;,&quot;caption&quot;:&quot;&quot;,&quot;created_timestamp&quot;:&quot;0&quot;,&quot;copyright&quot;:&quot;&quot;,&quot;focal_length&quot;:&quot;0&quot;,&quot;iso&quot;:&quot;0&quot;,&quot;shutter_speed&quot;:&quot;0&quot;,&quot;title&quot;:&quot;&quot;,&quot;orientation&quot;:&quot;1&quot;}\" data-image-title=\"7.-EL-PUCHERO-DE-VILLASUR-VILLASUR-DE-HERREROS-BURGOS\" data-image-description=\"\" data-image-caption=\"\" data-large-file=\"https:\/\/i0.wp.com\/elcaminoess.com\/wp-content\/uploads\/2024\/02\/7.-EL-PUCHERO-DE-VILLASUR-VILLASUR-DE-HERREROS-BURGOS-scaled.jpg?fit=525%2C394&amp;ssl=1\" \/>        <\/a>\r\n        <div class=\"wptravel-blocks-img-overlay-base\">\r\n            <div class=\"wptravel-blocks-img-overlay\">\r\n                            <\/div>\r\n            <div class=\"wptravel-blocks-trip-meta-container\">\r\n                                    <div class=\"wptravel-blocks-trip-meta\">\r\n                        <i class=\"fas fa-map-marker-alt\"><\/i>\r\n                        <a href=\"https:\/\/elcaminoess.com\/gl\/destinos\/castela-e-leon\">\r\n                            Castela e Le\u00f3n                        <\/a>\r\n                                            <\/div>\r\n                                                    <div class=\"wptravel-blocks-trip-meta\">\r\n                    <i class='far fa-clock'><\/i> 2 Hour(s)                 <\/div>\r\n                                                <div class=\"wptravel-blocks-trip-meta\">\r\n                    <i class=\"fas fa-users\"><\/i> 18                <\/div>\r\n                            <\/div>\r\n        <\/div>\r\n    <\/div>\r\n    <div class=\"wptravel-blocks-card-body\">\r\n        <div class=\"wptravel-blocks-card-body-top\">\r\n            <div class=\"wptravel-blocks-card-body-header\">\r\n                <h3 class=\"wptravel-blocks-card-title wp-block-heading\">\r\n                    <a href=\"https:\/\/elcaminoess.com\/gl\/itinerario\/el-puchero-de-villasur\">\r\n                        El Puchero de Villasur                    <\/a>\r\n                <\/h3>\r\n                            <\/div>\r\n            <div class=\"wptravel-blocks-card-content\">\r\n                <div class=\"wptravel-blocks-trip-excerpt\">\r\n                    <p>Tr\u00e1tase dunha iniciativa para o abastecemento pr\u00f3ximo e consciente de alimentos das ricas hortas da chaira do Arlanz\u00f3n e da sementeira do Monte.<\/p>\n                <\/div>\r\n            <\/div>\r\n        <\/div>\r\n        <div class=\"wptravel-blocks-card-footer\">\r\n            <div class=\"wptravel-blocks-footer-left\">\r\n                <div class=\"wptravel-blocks-trip-rating\">\r\n                                    <\/div>\r\n                <div class=\"wptravel-blocks-trip-explore\">\r\n                    <a href=\"https:\/\/elcaminoess.com\/gl\/itinerario\/el-puchero-de-villasur\">\r\n                        <button class=\"wp-block-button__link wptravel-blocks-explore-btn\">Explore<\/button>\r\n                    <\/a>\r\n                <\/div>\r\n            <\/div>\r\n            <div class=\"wptravel-blocks-footer-right\">\r\n                                <div class=\"wptravel-blocks-trip-offer-price\">\r\n                    \t\t\t<span class=\"wp-travel-trip-price-figure\">12<\/span><span class=\"wp-travel-trip-currency\">&#8364;<\/span>\r\n\t\t\t                <\/div>\r\n                            <\/div>\r\n        <\/div>\r\n    <\/div>\r\n<\/div><div class=\"wptravel-blocks-trip-card\">\r\n    <div class=\"wptravel-blocks-trip-card-img-container\">\r\n        <a href=\"https:\/\/elcaminoess.com\/gl\/itinerario\/espacio-la-controba\">\r\n            <img loading=\"lazy\" decoding=\"async\" width=\"525\" height=\"525\" src=\"https:\/\/i0.wp.com\/elcaminoess.com\/wp-content\/uploads\/2024\/02\/8.-ESPACIO-LA-CONTROBA-MEJECES-VALLADOLID.jpg?fit=525%2C525&amp;ssl=1\" class=\"attachment-large size-large wp-post-image\" alt=\"\" srcset=\"https:\/\/i0.wp.com\/elcaminoess.com\/wp-content\/uploads\/2024\/02\/8.-ESPACIO-LA-CONTROBA-MEJECES-VALLADOLID.jpg?w=1080&amp;ssl=1 1080w, https:\/\/i0.wp.com\/elcaminoess.com\/wp-content\/uploads\/2024\/02\/8.-ESPACIO-LA-CONTROBA-MEJECES-VALLADOLID.jpg?resize=300%2C300&amp;ssl=1 300w, https:\/\/i0.wp.com\/elcaminoess.com\/wp-content\/uploads\/2024\/02\/8.-ESPACIO-LA-CONTROBA-MEJECES-VALLADOLID.jpg?resize=1024%2C1024&amp;ssl=1 1024w, https:\/\/i0.wp.com\/elcaminoess.com\/wp-content\/uploads\/2024\/02\/8.-ESPACIO-LA-CONTROBA-MEJECES-VALLADOLID.jpg?resize=150%2C150&amp;ssl=1 150w, https:\/\/i0.wp.com\/elcaminoess.com\/wp-content\/uploads\/2024\/02\/8.-ESPACIO-LA-CONTROBA-MEJECES-VALLADOLID.jpg?resize=768%2C768&amp;ssl=1 768w, https:\/\/i0.wp.com\/elcaminoess.com\/wp-content\/uploads\/2024\/02\/8.-ESPACIO-LA-CONTROBA-MEJECES-VALLADOLID.jpg?resize=600%2C600&amp;ssl=1 600w, https:\/\/i0.wp.com\/elcaminoess.com\/wp-content\/uploads\/2024\/02\/8.-ESPACIO-LA-CONTROBA-MEJECES-VALLADOLID.jpg?resize=100%2C100&amp;ssl=1 100w\" sizes=\"auto, (max-width: 525px) 100vw, 525px\" data-attachment-id=\"11791\" data-permalink=\"https:\/\/elcaminoess.com\/gl\/8-espacio-la-controba-mejeces-valladolid-2\" data-orig-file=\"https:\/\/i0.wp.com\/elcaminoess.com\/wp-content\/uploads\/2024\/02\/8.-ESPACIO-LA-CONTROBA-MEJECES-VALLADOLID.jpg?fit=1080%2C1080&amp;ssl=1\" data-orig-size=\"1080,1080\" data-comments-opened=\"1\" data-image-meta=\"{&quot;aperture&quot;:&quot;0&quot;,&quot;credit&quot;:&quot;&quot;,&quot;camera&quot;:&quot;&quot;,&quot;caption&quot;:&quot;&quot;,&quot;created_timestamp&quot;:&quot;0&quot;,&quot;copyright&quot;:&quot;&quot;,&quot;focal_length&quot;:&quot;0&quot;,&quot;iso&quot;:&quot;0&quot;,&quot;shutter_speed&quot;:&quot;0&quot;,&quot;title&quot;:&quot;&quot;,&quot;orientation&quot;:&quot;0&quot;}\" data-image-title=\"8.-ESPACIO-LA-CONTROBA-MEJECES-VALLADOLID\" data-image-description=\"\" data-image-caption=\"\" data-large-file=\"https:\/\/i0.wp.com\/elcaminoess.com\/wp-content\/uploads\/2024\/02\/8.-ESPACIO-LA-CONTROBA-MEJECES-VALLADOLID.jpg?fit=525%2C525&amp;ssl=1\" \/>        <\/a>\r\n        <div class=\"wptravel-blocks-img-overlay-base\">\r\n            <div class=\"wptravel-blocks-img-overlay\">\r\n                            <\/div>\r\n            <div class=\"wptravel-blocks-trip-meta-container\">\r\n                                    <div class=\"wptravel-blocks-trip-meta\">\r\n                        <i class=\"fas fa-map-marker-alt\"><\/i>\r\n                        <a href=\"https:\/\/elcaminoess.com\/gl\/destinos\/castela-e-leon\">\r\n                            Castela e Le\u00f3n                        <\/a>\r\n                                            <\/div>\r\n                                                    <div class=\"wptravel-blocks-trip-meta\">\r\n                    <i class='far fa-clock'><\/i> 3 Hour(s)                 <\/div>\r\n                                                <div class=\"wptravel-blocks-trip-meta\">\r\n                    <i class=\"fas fa-users\"><\/i> 17                <\/div>\r\n                            <\/div>\r\n        <\/div>\r\n    <\/div>\r\n    <div class=\"wptravel-blocks-card-body\">\r\n        <div class=\"wptravel-blocks-card-body-top\">\r\n            <div class=\"wptravel-blocks-card-body-header\">\r\n                <h3 class=\"wptravel-blocks-card-title wp-block-heading\">\r\n                    <a href=\"https:\/\/elcaminoess.com\/gl\/itinerario\/espacio-la-controba\">\r\n                        Espacio La Controba                    <\/a>\r\n                <\/h3>\r\n                            <\/div>\r\n            <div class=\"wptravel-blocks-card-content\">\r\n                <div class=\"wptravel-blocks-trip-excerpt\">\r\n                    <p>Na creaci\u00f3n deste proxecto queremos transmitir, reforzar e demostrar que formamos parte<br \/>\nactivo do medio no que nos movemos.<\/p>\n                <\/div>\r\n            <\/div>\r\n        <\/div>\r\n        <div class=\"wptravel-blocks-card-footer\">\r\n            <div class=\"wptravel-blocks-footer-left\">\r\n                <div class=\"wptravel-blocks-trip-rating\">\r\n                                    <\/div>\r\n                <div class=\"wptravel-blocks-trip-explore\">\r\n                    <a href=\"https:\/\/elcaminoess.com\/gl\/itinerario\/espacio-la-controba\">\r\n                        <button class=\"wp-block-button__link wptravel-blocks-explore-btn\">Explore<\/button>\r\n                    <\/a>\r\n                <\/div>\r\n            <\/div>\r\n            <div class=\"wptravel-blocks-footer-right\">\r\n                                <div class=\"wptravel-blocks-trip-offer-price\">\r\n                    \t\t\t<span class=\"wp-travel-trip-price-figure\">10<\/span><span class=\"wp-travel-trip-currency\">&#8364;<\/span>\r\n\t\t\t                <\/div>\r\n                            <\/div>\r\n        <\/div>\r\n    <\/div>\r\n<\/div><div class=\"wptravel-blocks-trip-card\">\r\n    <div class=\"wptravel-blocks-trip-card-img-container\">\r\n        <a href=\"https:\/\/elcaminoess.com\/gl\/itinerario\/hierbas-del-tera\">\r\n            <img loading=\"lazy\" decoding=\"async\" width=\"525\" height=\"699\" src=\"https:\/\/i0.wp.com\/elcaminoess.com\/wp-content\/uploads\/2024\/01\/HIERBAS-DEL-TERA-PLANTACION-2-scaled.jpg?fit=525%2C699&amp;ssl=1\" class=\"attachment-large size-large wp-post-image\" alt=\"\" srcset=\"https:\/\/i0.wp.com\/elcaminoess.com\/wp-content\/uploads\/2024\/01\/HIERBAS-DEL-TERA-PLANTACION-2-scaled.jpg?w=1922&amp;ssl=1 1922w, https:\/\/i0.wp.com\/elcaminoess.com\/wp-content\/uploads\/2024\/01\/HIERBAS-DEL-TERA-PLANTACION-2-scaled.jpg?resize=225%2C300&amp;ssl=1 225w, https:\/\/i0.wp.com\/elcaminoess.com\/wp-content\/uploads\/2024\/01\/HIERBAS-DEL-TERA-PLANTACION-2-scaled.jpg?resize=769%2C1024&amp;ssl=1 769w, https:\/\/i0.wp.com\/elcaminoess.com\/wp-content\/uploads\/2024\/01\/HIERBAS-DEL-TERA-PLANTACION-2-scaled.jpg?resize=768%2C1023&amp;ssl=1 768w, https:\/\/i0.wp.com\/elcaminoess.com\/wp-content\/uploads\/2024\/01\/HIERBAS-DEL-TERA-PLANTACION-2-scaled.jpg?resize=1153%2C1536&amp;ssl=1 1153w, https:\/\/i0.wp.com\/elcaminoess.com\/wp-content\/uploads\/2024\/01\/HIERBAS-DEL-TERA-PLANTACION-2-scaled.jpg?resize=1538%2C2048&amp;ssl=1 1538w, https:\/\/i0.wp.com\/elcaminoess.com\/wp-content\/uploads\/2024\/01\/HIERBAS-DEL-TERA-PLANTACION-2-scaled.jpg?resize=600%2C799&amp;ssl=1 600w, https:\/\/i0.wp.com\/elcaminoess.com\/wp-content\/uploads\/2024\/01\/HIERBAS-DEL-TERA-PLANTACION-2-scaled.jpg?w=1050&amp;ssl=1 1050w\" sizes=\"auto, (max-width: 525px) 100vw, 525px\" data-attachment-id=\"10441\" data-permalink=\"https:\/\/elcaminoess.com\/gl\/itinerario\/hierbas-del-tera\/hierbas-del-tera-plantacion-2-2\" data-orig-file=\"https:\/\/i0.wp.com\/elcaminoess.com\/wp-content\/uploads\/2024\/01\/HIERBAS-DEL-TERA-PLANTACION-2-scaled.jpg?fit=1922%2C2560&amp;ssl=1\" data-orig-size=\"1922,2560\" data-comments-opened=\"1\" data-image-meta=\"{&quot;aperture&quot;:&quot;0&quot;,&quot;credit&quot;:&quot;&quot;,&quot;camera&quot;:&quot;&quot;,&quot;caption&quot;:&quot;&quot;,&quot;created_timestamp&quot;:&quot;0&quot;,&quot;copyright&quot;:&quot;&quot;,&quot;focal_length&quot;:&quot;0&quot;,&quot;iso&quot;:&quot;0&quot;,&quot;shutter_speed&quot;:&quot;0&quot;,&quot;title&quot;:&quot;&quot;,&quot;orientation&quot;:&quot;0&quot;}\" data-image-title=\"HIERBAS DEL TERA PLANTACI\u00d3N 2\" data-image-description=\"\" data-image-caption=\"\" data-large-file=\"https:\/\/i0.wp.com\/elcaminoess.com\/wp-content\/uploads\/2024\/01\/HIERBAS-DEL-TERA-PLANTACION-2-scaled.jpg?fit=525%2C699&amp;ssl=1\" \/>        <\/a>\r\n        <div class=\"wptravel-blocks-img-overlay-base\">\r\n            <div class=\"wptravel-blocks-img-overlay\">\r\n                            <\/div>\r\n            <div class=\"wptravel-blocks-trip-meta-container\">\r\n                                    <div class=\"wptravel-blocks-trip-meta\">\r\n                        <i class=\"fas fa-map-marker-alt\"><\/i>\r\n                        <a href=\"https:\/\/elcaminoess.com\/gl\/destinos\/castela-e-leon\">\r\n                            Castela e Le\u00f3n                        <\/a>\r\n                                            <\/div>\r\n                                                    <div class=\"wptravel-blocks-trip-meta\">\r\n                    <i class='far fa-clock'><\/i> 1,30 Hour(s)                 <\/div>\r\n                                                <div class=\"wptravel-blocks-trip-meta\">\r\n                    <i class=\"fas fa-users\"><\/i> 13                <\/div>\r\n                            <\/div>\r\n        <\/div>\r\n    <\/div>\r\n    <div class=\"wptravel-blocks-card-body\">\r\n        <div class=\"wptravel-blocks-card-body-top\">\r\n            <div class=\"wptravel-blocks-card-body-header\">\r\n                <h3 class=\"wptravel-blocks-card-title wp-block-heading\">\r\n                    <a href=\"https:\/\/elcaminoess.com\/gl\/itinerario\/hierbas-del-tera\">\r\n                        Hierbas del Tera                    <\/a>\r\n                <\/h3>\r\n                            <\/div>\r\n            <div class=\"wptravel-blocks-card-content\">\r\n                <div class=\"wptravel-blocks-trip-excerpt\">\r\n                    <p>Pasea entre plantas arom\u00e1ticas e medicinais e co\u00f1ece o cami\u00f1o que vai dende o seu cultivo respectuoso e transformaci\u00f3n artesanal ata converterse nas infusi\u00f3ns e condimentos TERA VIVA que poder\u00e1s degustar ao final da experiencia.<\/p>\n                <\/div>\r\n            <\/div>\r\n        <\/div>\r\n        <div class=\"wptravel-blocks-card-footer\">\r\n            <div class=\"wptravel-blocks-footer-left\">\r\n                <div class=\"wptravel-blocks-trip-rating\">\r\n                                    <\/div>\r\n                <div class=\"wptravel-blocks-trip-explore\">\r\n                    <a href=\"https:\/\/elcaminoess.com\/gl\/itinerario\/hierbas-del-tera\">\r\n                        <button class=\"wp-block-button__link wptravel-blocks-explore-btn\">Explore<\/button>\r\n                    <\/a>\r\n                <\/div>\r\n            <\/div>\r\n            <div class=\"wptravel-blocks-footer-right\">\r\n                                <div class=\"wptravel-blocks-trip-offer-price\">\r\n                    \t\t\t<span class=\"wp-travel-trip-price-figure\">8<\/span><span class=\"wp-travel-trip-currency\">&#8364;<\/span>\r\n\t\t\t                <\/div>\r\n                            <\/div>\r\n        <\/div>\r\n    <\/div>\r\n<\/div><div class=\"wptravel-blocks-trip-card\">\r\n    <div class=\"wptravel-blocks-trip-card-img-container\">\r\n        <a href=\"https:\/\/elcaminoess.com\/gl\/itinerario\/la-zarcera-do-barrio-de-adegas-baltanas\">\r\n            <img loading=\"lazy\" decoding=\"async\" width=\"525\" height=\"296\" src=\"https:\/\/i0.wp.com\/elcaminoess.com\/wp-content\/uploads\/2024\/02\/4.-LA-ZARCERA-EN-BALTANAS-PALENCIA.jpg?fit=525%2C296&amp;ssl=1\" class=\"attachment-large size-large wp-post-image\" alt=\"\" srcset=\"https:\/\/i0.wp.com\/elcaminoess.com\/wp-content\/uploads\/2024\/02\/4.-LA-ZARCERA-EN-BALTANAS-PALENCIA.jpg?w=1080&amp;ssl=1 1080w, https:\/\/i0.wp.com\/elcaminoess.com\/wp-content\/uploads\/2024\/02\/4.-LA-ZARCERA-EN-BALTANAS-PALENCIA.jpg?resize=300%2C169&amp;ssl=1 300w, https:\/\/i0.wp.com\/elcaminoess.com\/wp-content\/uploads\/2024\/02\/4.-LA-ZARCERA-EN-BALTANAS-PALENCIA.jpg?resize=1024%2C577&amp;ssl=1 1024w, https:\/\/i0.wp.com\/elcaminoess.com\/wp-content\/uploads\/2024\/02\/4.-LA-ZARCERA-EN-BALTANAS-PALENCIA.jpg?resize=768%2C433&amp;ssl=1 768w, https:\/\/i0.wp.com\/elcaminoess.com\/wp-content\/uploads\/2024\/02\/4.-LA-ZARCERA-EN-BALTANAS-PALENCIA.jpg?resize=600%2C338&amp;ssl=1 600w\" sizes=\"auto, (max-width: 525px) 100vw, 525px\" data-attachment-id=\"11995\" data-permalink=\"https:\/\/elcaminoess.com\/gl\/4-la-zarcera-en-baltanas-palencia-2\" data-orig-file=\"https:\/\/i0.wp.com\/elcaminoess.com\/wp-content\/uploads\/2024\/02\/4.-LA-ZARCERA-EN-BALTANAS-PALENCIA.jpg?fit=1080%2C609&amp;ssl=1\" data-orig-size=\"1080,609\" data-comments-opened=\"1\" data-image-meta=\"{&quot;aperture&quot;:&quot;0&quot;,&quot;credit&quot;:&quot;&quot;,&quot;camera&quot;:&quot;&quot;,&quot;caption&quot;:&quot;&quot;,&quot;created_timestamp&quot;:&quot;0&quot;,&quot;copyright&quot;:&quot;&quot;,&quot;focal_length&quot;:&quot;0&quot;,&quot;iso&quot;:&quot;0&quot;,&quot;shutter_speed&quot;:&quot;0&quot;,&quot;title&quot;:&quot;&quot;,&quot;orientation&quot;:&quot;1&quot;}\" data-image-title=\"4.-LA-ZARCERA-EN-BALTANAS-PALENCIA\" data-image-description=\"\" data-image-caption=\"\" data-large-file=\"https:\/\/i0.wp.com\/elcaminoess.com\/wp-content\/uploads\/2024\/02\/4.-LA-ZARCERA-EN-BALTANAS-PALENCIA.jpg?fit=525%2C296&amp;ssl=1\" \/>        <\/a>\r\n        <div class=\"wptravel-blocks-img-overlay-base\">\r\n            <div class=\"wptravel-blocks-img-overlay\">\r\n                            <\/div>\r\n            <div class=\"wptravel-blocks-trip-meta-container\">\r\n                                    <div class=\"wptravel-blocks-trip-meta\">\r\n                        <i class=\"fas fa-map-marker-alt\"><\/i>\r\n                        <a href=\"https:\/\/elcaminoess.com\/gl\/destinos\/castela-e-leon\">\r\n                            Castela e Le\u00f3n                        <\/a>\r\n                                            <\/div>\r\n                                                    <div class=\"wptravel-blocks-trip-meta\">\r\n                    <i class='far fa-clock'><\/i> 3 Hour(s)                 <\/div>\r\n                                                <div class=\"wptravel-blocks-trip-meta\">\r\n                    <i class=\"fas fa-users\"><\/i> 20                <\/div>\r\n                            <\/div>\r\n        <\/div>\r\n    <\/div>\r\n    <div class=\"wptravel-blocks-card-body\">\r\n        <div class=\"wptravel-blocks-card-body-top\">\r\n            <div class=\"wptravel-blocks-card-body-header\">\r\n                <h3 class=\"wptravel-blocks-card-title wp-block-heading\">\r\n                    <a href=\"https:\/\/elcaminoess.com\/gl\/itinerario\/la-zarcera-do-barrio-de-adegas-baltanas\">\r\n                        La Zarcera do Barrio de Adegas Baltan\u00e1s                    <\/a>\r\n                <\/h3>\r\n                            <\/div>\r\n            <div class=\"wptravel-blocks-card-content\">\r\n                <div class=\"wptravel-blocks-trip-excerpt\">\r\n                    <p>A Zarcera naceu das ganas e do esforzo. \u00c9 un proxecto creado para descubrir as adegas tradicionais e o mundo do vi\u00f1o.<\/p>\n                <\/div>\r\n            <\/div>\r\n        <\/div>\r\n        <div class=\"wptravel-blocks-card-footer\">\r\n            <div class=\"wptravel-blocks-footer-left\">\r\n                <div class=\"wptravel-blocks-trip-rating\">\r\n                                    <\/div>\r\n                <div class=\"wptravel-blocks-trip-explore\">\r\n                    <a href=\"https:\/\/elcaminoess.com\/gl\/itinerario\/la-zarcera-do-barrio-de-adegas-baltanas\">\r\n                        <button class=\"wp-block-button__link wptravel-blocks-explore-btn\">Explore<\/button>\r\n                    <\/a>\r\n                <\/div>\r\n            <\/div>\r\n            <div class=\"wptravel-blocks-footer-right\">\r\n                                <div class=\"wptravel-blocks-trip-offer-price\">\r\n                    \t\t\t<span class=\"wp-travel-trip-price-figure\">16<\/span><span class=\"wp-travel-trip-currency\">&#8364;<\/span>\r\n\t\t\t                <\/div>\r\n                            <\/div>\r\n        <\/div>\r\n    <\/div>\r\n<\/div><div class=\"wptravel-blocks-trip-card\">\r\n    <div class=\"wptravel-blocks-trip-card-img-container\">\r\n        <a href=\"https:\/\/elcaminoess.com\/gl\/itinerario\/miel-setentaynueve\">\r\n            <img loading=\"lazy\" decoding=\"async\" width=\"525\" height=\"517\" src=\"https:\/\/i0.wp.com\/elcaminoess.com\/wp-content\/uploads\/2024\/02\/VALLADOLID-Setentaynueve-Miel-visitando-las-colmenas-en-Tiedra.jpg?fit=525%2C517&amp;ssl=1\" class=\"attachment-large size-large wp-post-image\" alt=\"\" srcset=\"https:\/\/i0.wp.com\/elcaminoess.com\/wp-content\/uploads\/2024\/02\/VALLADOLID-Setentaynueve-Miel-visitando-las-colmenas-en-Tiedra.jpg?w=1080&amp;ssl=1 1080w, https:\/\/i0.wp.com\/elcaminoess.com\/wp-content\/uploads\/2024\/02\/VALLADOLID-Setentaynueve-Miel-visitando-las-colmenas-en-Tiedra.jpg?resize=300%2C296&amp;ssl=1 300w, https:\/\/i0.wp.com\/elcaminoess.com\/wp-content\/uploads\/2024\/02\/VALLADOLID-Setentaynueve-Miel-visitando-las-colmenas-en-Tiedra.jpg?resize=1024%2C1009&amp;ssl=1 1024w, https:\/\/i0.wp.com\/elcaminoess.com\/wp-content\/uploads\/2024\/02\/VALLADOLID-Setentaynueve-Miel-visitando-las-colmenas-en-Tiedra.jpg?resize=768%2C757&amp;ssl=1 768w, https:\/\/i0.wp.com\/elcaminoess.com\/wp-content\/uploads\/2024\/02\/VALLADOLID-Setentaynueve-Miel-visitando-las-colmenas-en-Tiedra.jpg?resize=600%2C591&amp;ssl=1 600w\" sizes=\"auto, (max-width: 525px) 100vw, 525px\" data-attachment-id=\"11769\" data-permalink=\"https:\/\/elcaminoess.com\/gl\/valladolid-setentaynueve-miel-visitando-las-colmenas-en-tiedra-2\" data-orig-file=\"https:\/\/i0.wp.com\/elcaminoess.com\/wp-content\/uploads\/2024\/02\/VALLADOLID-Setentaynueve-Miel-visitando-las-colmenas-en-Tiedra.jpg?fit=1080%2C1064&amp;ssl=1\" data-orig-size=\"1080,1064\" data-comments-opened=\"1\" data-image-meta=\"{&quot;aperture&quot;:&quot;0&quot;,&quot;credit&quot;:&quot;&quot;,&quot;camera&quot;:&quot;&quot;,&quot;caption&quot;:&quot;&quot;,&quot;created_timestamp&quot;:&quot;0&quot;,&quot;copyright&quot;:&quot;&quot;,&quot;focal_length&quot;:&quot;0&quot;,&quot;iso&quot;:&quot;0&quot;,&quot;shutter_speed&quot;:&quot;0&quot;,&quot;title&quot;:&quot;&quot;,&quot;orientation&quot;:&quot;1&quot;}\" data-image-title=\"VALLADOLID-Setentaynueve-Miel-visitando-las-colmenas-en-Tiedra\" data-image-description=\"\" data-image-caption=\"\" data-large-file=\"https:\/\/i0.wp.com\/elcaminoess.com\/wp-content\/uploads\/2024\/02\/VALLADOLID-Setentaynueve-Miel-visitando-las-colmenas-en-Tiedra.jpg?fit=525%2C517&amp;ssl=1\" \/>        <\/a>\r\n        <div class=\"wptravel-blocks-img-overlay-base\">\r\n            <div class=\"wptravel-blocks-img-overlay\">\r\n                            <\/div>\r\n            <div class=\"wptravel-blocks-trip-meta-container\">\r\n                                    <div class=\"wptravel-blocks-trip-meta\">\r\n                        <i class=\"fas fa-map-marker-alt\"><\/i>\r\n                        <a href=\"https:\/\/elcaminoess.com\/gl\/destinos\/castela-e-leon\">\r\n                            Castela e Le\u00f3n                        <\/a>\r\n                                            <\/div>\r\n                                                    <div class=\"wptravel-blocks-trip-meta\">\r\n                    <i class='far fa-clock'><\/i> 2 Hour(s)                 <\/div>\r\n                                                <div class=\"wptravel-blocks-trip-meta\">\r\n                    <i class=\"fas fa-users\"><\/i> 8                <\/div>\r\n                            <\/div>\r\n        <\/div>\r\n    <\/div>\r\n    <div class=\"wptravel-blocks-card-body\">\r\n        <div class=\"wptravel-blocks-card-body-top\">\r\n            <div class=\"wptravel-blocks-card-body-header\">\r\n                <h3 class=\"wptravel-blocks-card-title wp-block-heading\">\r\n                    <a href=\"https:\/\/elcaminoess.com\/gl\/itinerario\/miel-setentaynueve\">\r\n                        Mel Setentaynueve                    <\/a>\r\n                <\/h3>\r\n                            <\/div>\r\n            <div class=\"wptravel-blocks-card-content\">\r\n                <div class=\"wptravel-blocks-trip-excerpt\">\r\n                    <p>Queres saber m\u00e1is sobre o marabilloso mundo das abellas?<br \/>\nA mellor forma de aprender \u00e9 po\u00f1erse o traxe e ir velos.<br \/>\nE iso \u00e9 o que faremos!<\/p>\n                <\/div>\r\n            <\/div>\r\n        <\/div>\r\n        <div class=\"wptravel-blocks-card-footer\">\r\n            <div class=\"wptravel-blocks-footer-left\">\r\n                <div class=\"wptravel-blocks-trip-rating\">\r\n                                    <\/div>\r\n                <div class=\"wptravel-blocks-trip-explore\">\r\n                    <a href=\"https:\/\/elcaminoess.com\/gl\/itinerario\/miel-setentaynueve\">\r\n                        <button class=\"wp-block-button__link wptravel-blocks-explore-btn\">Explore<\/button>\r\n                    <\/a>\r\n                <\/div>\r\n            <\/div>\r\n            <div class=\"wptravel-blocks-footer-right\">\r\n                                <div class=\"wptravel-blocks-trip-offer-price\">\r\n                    \t\t\t<span class=\"wp-travel-trip-price-figure\">18<\/span><span class=\"wp-travel-trip-currency\">&#8364;<\/span>\r\n\t\t\t                <\/div>\r\n                            <\/div>\r\n        <\/div>\r\n    <\/div>\r\n<\/div><div class=\"wptravel-blocks-trip-card\">\r\n    <div class=\"wptravel-blocks-trip-card-img-container\">\r\n        <a href=\"https:\/\/elcaminoess.com\/gl\/itinerario\/ovellas-e-rios\">\r\n            <img loading=\"lazy\" decoding=\"async\" width=\"525\" height=\"514\" src=\"https:\/\/i0.wp.com\/elcaminoess.com\/wp-content\/uploads\/2024\/01\/1703504477463.jpg?fit=525%2C514&amp;ssl=1\" class=\"attachment-large size-large wp-post-image\" alt=\"\" srcset=\"https:\/\/i0.wp.com\/elcaminoess.com\/wp-content\/uploads\/2024\/01\/1703504477463.jpg?w=1080&amp;ssl=1 1080w, https:\/\/i0.wp.com\/elcaminoess.com\/wp-content\/uploads\/2024\/01\/1703504477463.jpg?resize=300%2C294&amp;ssl=1 300w, https:\/\/i0.wp.com\/elcaminoess.com\/wp-content\/uploads\/2024\/01\/1703504477463.jpg?resize=1024%2C1002&amp;ssl=1 1024w, https:\/\/i0.wp.com\/elcaminoess.com\/wp-content\/uploads\/2024\/01\/1703504477463.jpg?resize=768%2C752&amp;ssl=1 768w, https:\/\/i0.wp.com\/elcaminoess.com\/wp-content\/uploads\/2024\/01\/1703504477463.jpg?resize=600%2C587&amp;ssl=1 600w\" sizes=\"auto, (max-width: 525px) 100vw, 525px\" data-attachment-id=\"9859\" data-permalink=\"https:\/\/elcaminoess.com\/gl\/1703504477463-3\" data-orig-file=\"https:\/\/i0.wp.com\/elcaminoess.com\/wp-content\/uploads\/2024\/01\/1703504477463.jpg?fit=1080%2C1057&amp;ssl=1\" data-orig-size=\"1080,1057\" data-comments-opened=\"1\" data-image-meta=\"{&quot;aperture&quot;:&quot;0&quot;,&quot;credit&quot;:&quot;&quot;,&quot;camera&quot;:&quot;&quot;,&quot;caption&quot;:&quot;&quot;,&quot;created_timestamp&quot;:&quot;0&quot;,&quot;copyright&quot;:&quot;&quot;,&quot;focal_length&quot;:&quot;0&quot;,&quot;iso&quot;:&quot;0&quot;,&quot;shutter_speed&quot;:&quot;0&quot;,&quot;title&quot;:&quot;&quot;,&quot;orientation&quot;:&quot;0&quot;}\" data-image-title=\"1703504477463\" data-image-description=\"\" data-image-caption=\"\" data-large-file=\"https:\/\/i0.wp.com\/elcaminoess.com\/wp-content\/uploads\/2024\/01\/1703504477463.jpg?fit=525%2C514&amp;ssl=1\" \/>        <\/a>\r\n        <div class=\"wptravel-blocks-img-overlay-base\">\r\n            <div class=\"wptravel-blocks-img-overlay\">\r\n                            <\/div>\r\n            <div class=\"wptravel-blocks-trip-meta-container\">\r\n                                    <div class=\"wptravel-blocks-trip-meta\">\r\n                        <i class=\"fas fa-map-marker-alt\"><\/i>\r\n                        <a href=\"https:\/\/elcaminoess.com\/gl\/destinos\/castela-e-leon\">\r\n                            Castela e Le\u00f3n                        <\/a>\r\n                                            <\/div>\r\n                                                    <div class=\"wptravel-blocks-trip-meta\">\r\n                    <i class='far fa-clock'><\/i> 3 Hour(s)                 <\/div>\r\n                                                <div class=\"wptravel-blocks-trip-meta\">\r\n                    <i class=\"fas fa-users\"><\/i> 20                <\/div>\r\n                            <\/div>\r\n        <\/div>\r\n    <\/div>\r\n    <div class=\"wptravel-blocks-card-body\">\r\n        <div class=\"wptravel-blocks-card-body-top\">\r\n            <div class=\"wptravel-blocks-card-body-header\">\r\n                <h3 class=\"wptravel-blocks-card-title wp-block-heading\">\r\n                    <a href=\"https:\/\/elcaminoess.com\/gl\/itinerario\/ovellas-e-rios\">\r\n                        Ovellas e r\u00edos                    <\/a>\r\n                <\/h3>\r\n                            <\/div>\r\n            <div class=\"wptravel-blocks-card-content\">\r\n                <div class=\"wptravel-blocks-trip-excerpt\">\r\n                    <p>Ven pasar un d\u00eda entre ovellas, unha das cousas m\u00e1is relaxantes e agradables que podes facer no teu tempo libre.<\/p>\n                <\/div>\r\n            <\/div>\r\n        <\/div>\r\n        <div class=\"wptravel-blocks-card-footer\">\r\n            <div class=\"wptravel-blocks-footer-left\">\r\n                <div class=\"wptravel-blocks-trip-rating\">\r\n                                    <\/div>\r\n                <div class=\"wptravel-blocks-trip-explore\">\r\n                    <a href=\"https:\/\/elcaminoess.com\/gl\/itinerario\/ovellas-e-rios\">\r\n                        <button class=\"wp-block-button__link wptravel-blocks-explore-btn\">Explore<\/button>\r\n                    <\/a>\r\n                <\/div>\r\n            <\/div>\r\n            <div class=\"wptravel-blocks-footer-right\">\r\n                                <div class=\"wptravel-blocks-trip-offer-price\">\r\n                    \t\t\t<span class=\"wp-travel-trip-price-figure\">20<\/span><span class=\"wp-travel-trip-currency\">&#8364;<\/span>\r\n\t\t\t                <\/div>\r\n                            <\/div>\r\n        <\/div>\r\n    <\/div>\r\n<\/div><div class=\"wptravel-blocks-trip-card\">\r\n    <div class=\"wptravel-blocks-trip-card-img-container\">\r\n        <a href=\"https:\/\/elcaminoess.com\/gl\/itinerario\/palomares-palomas-y-mas\">\r\n            <img loading=\"lazy\" decoding=\"async\" width=\"525\" height=\"394\" src=\"https:\/\/i0.wp.com\/elcaminoess.com\/wp-content\/uploads\/2024\/02\/1.-PALOMARES-PALOMAS-Y-MAS-VILLARRIN-DE-CAMPOS-ZAMORA-scaled.jpg?fit=525%2C394&amp;ssl=1\" class=\"attachment-large size-large wp-post-image\" alt=\"\" srcset=\"https:\/\/i0.wp.com\/elcaminoess.com\/wp-content\/uploads\/2024\/02\/1.-PALOMARES-PALOMAS-Y-MAS-VILLARRIN-DE-CAMPOS-ZAMORA-scaled.jpg?w=2560&amp;ssl=1 2560w, https:\/\/i0.wp.com\/elcaminoess.com\/wp-content\/uploads\/2024\/02\/1.-PALOMARES-PALOMAS-Y-MAS-VILLARRIN-DE-CAMPOS-ZAMORA-scaled.jpg?resize=300%2C225&amp;ssl=1 300w, https:\/\/i0.wp.com\/elcaminoess.com\/wp-content\/uploads\/2024\/02\/1.-PALOMARES-PALOMAS-Y-MAS-VILLARRIN-DE-CAMPOS-ZAMORA-scaled.jpg?resize=1024%2C769&amp;ssl=1 1024w, https:\/\/i0.wp.com\/elcaminoess.com\/wp-content\/uploads\/2024\/02\/1.-PALOMARES-PALOMAS-Y-MAS-VILLARRIN-DE-CAMPOS-ZAMORA-scaled.jpg?resize=768%2C577&amp;ssl=1 768w, https:\/\/i0.wp.com\/elcaminoess.com\/wp-content\/uploads\/2024\/02\/1.-PALOMARES-PALOMAS-Y-MAS-VILLARRIN-DE-CAMPOS-ZAMORA-scaled.jpg?resize=1536%2C1153&amp;ssl=1 1536w, https:\/\/i0.wp.com\/elcaminoess.com\/wp-content\/uploads\/2024\/02\/1.-PALOMARES-PALOMAS-Y-MAS-VILLARRIN-DE-CAMPOS-ZAMORA-scaled.jpg?resize=2048%2C1538&amp;ssl=1 2048w, https:\/\/i0.wp.com\/elcaminoess.com\/wp-content\/uploads\/2024\/02\/1.-PALOMARES-PALOMAS-Y-MAS-VILLARRIN-DE-CAMPOS-ZAMORA-scaled.jpg?resize=600%2C451&amp;ssl=1 600w\" sizes=\"auto, (max-width: 525px) 100vw, 525px\" data-attachment-id=\"11333\" data-permalink=\"https:\/\/elcaminoess.com\/gl\/itinerario\/palomares-palomas-y-mas\/1-palomares-palomas-y-mas-villarrin-de-campos-zamora-2\" data-orig-file=\"https:\/\/i0.wp.com\/elcaminoess.com\/wp-content\/uploads\/2024\/02\/1.-PALOMARES-PALOMAS-Y-MAS-VILLARRIN-DE-CAMPOS-ZAMORA-scaled.jpg?fit=2560%2C1922&amp;ssl=1\" data-orig-size=\"2560,1922\" data-comments-opened=\"1\" data-image-meta=\"{&quot;aperture&quot;:&quot;1.79&quot;,&quot;credit&quot;:&quot;&quot;,&quot;camera&quot;:&quot;M2101K7BNY&quot;,&quot;caption&quot;:&quot;&quot;,&quot;created_timestamp&quot;:&quot;1706528859&quot;,&quot;copyright&quot;:&quot;&quot;,&quot;focal_length&quot;:&quot;4.74&quot;,&quot;iso&quot;:&quot;57&quot;,&quot;shutter_speed&quot;:&quot;0.000567&quot;,&quot;title&quot;:&quot;&quot;,&quot;orientation&quot;:&quot;1&quot;}\" data-image-title=\"1. PALOMARES, PALOMAS Y MAS VILLARR\u00cdN DE CAMPOS ZAMORA\" data-image-description=\"\" data-image-caption=\"\" data-large-file=\"https:\/\/i0.wp.com\/elcaminoess.com\/wp-content\/uploads\/2024\/02\/1.-PALOMARES-PALOMAS-Y-MAS-VILLARRIN-DE-CAMPOS-ZAMORA-scaled.jpg?fit=525%2C394&amp;ssl=1\" \/>        <\/a>\r\n        <div class=\"wptravel-blocks-img-overlay-base\">\r\n            <div class=\"wptravel-blocks-img-overlay\">\r\n                            <\/div>\r\n            <div class=\"wptravel-blocks-trip-meta-container\">\r\n                                    <div class=\"wptravel-blocks-trip-meta\">\r\n                        <i class=\"fas fa-map-marker-alt\"><\/i>\r\n                        <a href=\"https:\/\/elcaminoess.com\/gl\/destinos\/castela-e-leon\">\r\n                            Castela e Le\u00f3n                        <\/a>\r\n                                            <\/div>\r\n                                                    <div class=\"wptravel-blocks-trip-meta\">\r\n                    <i class='far fa-clock'><\/i> 4 Hour(s)                 <\/div>\r\n                                                <div class=\"wptravel-blocks-trip-meta\">\r\n                    <i class=\"fas fa-users\"><\/i> 30                <\/div>\r\n                            <\/div>\r\n        <\/div>\r\n    <\/div>\r\n    <div class=\"wptravel-blocks-card-body\">\r\n        <div class=\"wptravel-blocks-card-body-top\">\r\n            <div class=\"wptravel-blocks-card-body-header\">\r\n                <h3 class=\"wptravel-blocks-card-title wp-block-heading\">\r\n                    <a href=\"https:\/\/elcaminoess.com\/gl\/itinerario\/palomares-palomas-y-mas\">\r\n                        PaloMAreS, PaloMAS y M\u00c1S                    <\/a>\r\n                <\/h3>\r\n                            <\/div>\r\n            <div class=\"wptravel-blocks-card-content\">\r\n                <div class=\"wptravel-blocks-trip-excerpt\">\r\n                    <p>Percorrido pola Lagoa das Salinas da Reserva Las Lagunas de Villaf\u00e1fila, co\u00f1ecendo flora e fauna, e os seus incribles Palomares.<\/p>\n                <\/div>\r\n            <\/div>\r\n        <\/div>\r\n        <div class=\"wptravel-blocks-card-footer\">\r\n            <div class=\"wptravel-blocks-footer-left\">\r\n                <div class=\"wptravel-blocks-trip-rating\">\r\n                                    <\/div>\r\n                <div class=\"wptravel-blocks-trip-explore\">\r\n                    <a href=\"https:\/\/elcaminoess.com\/gl\/itinerario\/palomares-palomas-y-mas\">\r\n                        <button class=\"wp-block-button__link wptravel-blocks-explore-btn\">Explore<\/button>\r\n                    <\/a>\r\n                <\/div>\r\n            <\/div>\r\n            <div class=\"wptravel-blocks-footer-right\">\r\n                                <div class=\"wptravel-blocks-trip-offer-price\">\r\n                    \t\t\t<span class=\"wp-travel-trip-price-figure\">38<\/span><span class=\"wp-travel-trip-currency\">&#8364;<\/span>\r\n\t\t\t                <\/div>\r\n                            <\/div>\r\n        <\/div>\r\n    <\/div>\r\n<\/div><div class=\"wptravel-blocks-trip-card\">\r\n    <div class=\"wptravel-blocks-trip-card-img-container\">\r\n        <a href=\"https:\/\/elcaminoess.com\/gl\/itinerario\/pan-colectivo\">\r\n            <img loading=\"lazy\" decoding=\"async\" width=\"525\" height=\"388\" src=\"https:\/\/i0.wp.com\/elcaminoess.com\/wp-content\/uploads\/2024\/01\/JESUS.jpg?fit=525%2C388&amp;ssl=1\" class=\"attachment-large size-large wp-post-image\" alt=\"\" srcset=\"https:\/\/i0.wp.com\/elcaminoess.com\/wp-content\/uploads\/2024\/01\/JESUS.jpg?w=1280&amp;ssl=1 1280w, https:\/\/i0.wp.com\/elcaminoess.com\/wp-content\/uploads\/2024\/01\/JESUS.jpg?resize=300%2C222&amp;ssl=1 300w, https:\/\/i0.wp.com\/elcaminoess.com\/wp-content\/uploads\/2024\/01\/JESUS.jpg?resize=1024%2C757&amp;ssl=1 1024w, https:\/\/i0.wp.com\/elcaminoess.com\/wp-content\/uploads\/2024\/01\/JESUS.jpg?resize=768%2C568&amp;ssl=1 768w, https:\/\/i0.wp.com\/elcaminoess.com\/wp-content\/uploads\/2024\/01\/JESUS.jpg?resize=600%2C443&amp;ssl=1 600w\" sizes=\"auto, (max-width: 525px) 100vw, 525px\" data-attachment-id=\"10573\" data-permalink=\"https:\/\/elcaminoess.com\/gl\/jesus-2\" data-orig-file=\"https:\/\/i0.wp.com\/elcaminoess.com\/wp-content\/uploads\/2024\/01\/JESUS.jpg?fit=1280%2C946&amp;ssl=1\" data-orig-size=\"1280,946\" data-comments-opened=\"1\" data-image-meta=\"{&quot;aperture&quot;:&quot;0&quot;,&quot;credit&quot;:&quot;&quot;,&quot;camera&quot;:&quot;&quot;,&quot;caption&quot;:&quot;&quot;,&quot;created_timestamp&quot;:&quot;1677087758&quot;,&quot;copyright&quot;:&quot;&quot;,&quot;focal_length&quot;:&quot;0&quot;,&quot;iso&quot;:&quot;0&quot;,&quot;shutter_speed&quot;:&quot;0&quot;,&quot;title&quot;:&quot;&quot;,&quot;orientation&quot;:&quot;0&quot;}\" data-image-title=\"JESUS\" data-image-description=\"\" data-image-caption=\"\" data-large-file=\"https:\/\/i0.wp.com\/elcaminoess.com\/wp-content\/uploads\/2024\/01\/JESUS.jpg?fit=525%2C388&amp;ssl=1\" \/>        <\/a>\r\n        <div class=\"wptravel-blocks-img-overlay-base\">\r\n            <div class=\"wptravel-blocks-img-overlay\">\r\n                            <\/div>\r\n            <div class=\"wptravel-blocks-trip-meta-container\">\r\n                                    <div class=\"wptravel-blocks-trip-meta\">\r\n                        <i class=\"fas fa-map-marker-alt\"><\/i>\r\n                        <a href=\"https:\/\/elcaminoess.com\/gl\/destinos\/castela-e-leon\">\r\n                            Castela e Le\u00f3n                        <\/a>\r\n                                            <\/div>\r\n                                                    <div class=\"wptravel-blocks-trip-meta\">\r\n                    <i class='far fa-clock'><\/i> 4 Hour(s)                 <\/div>\r\n                                                <div class=\"wptravel-blocks-trip-meta\">\r\n                    <i class=\"fas fa-users\"><\/i> 7                <\/div>\r\n                            <\/div>\r\n        <\/div>\r\n    <\/div>\r\n    <div class=\"wptravel-blocks-card-body\">\r\n        <div class=\"wptravel-blocks-card-body-top\">\r\n            <div class=\"wptravel-blocks-card-body-header\">\r\n                <h3 class=\"wptravel-blocks-card-title wp-block-heading\">\r\n                    <a href=\"https:\/\/elcaminoess.com\/gl\/itinerario\/pan-colectivo\">\r\n                        Pan Colectivo                    <\/a>\r\n                <\/h3>\r\n                            <\/div>\r\n            <div class=\"wptravel-blocks-card-content\">\r\n                <div class=\"wptravel-blocks-trip-excerpt\">\r\n                    <p>Unha experiencia para a autoxesti\u00f3n das nosas necesidades arredor dun forno.<\/p>\n                <\/div>\r\n            <\/div>\r\n        <\/div>\r\n        <div class=\"wptravel-blocks-card-footer\">\r\n            <div class=\"wptravel-blocks-footer-left\">\r\n                <div class=\"wptravel-blocks-trip-rating\">\r\n                                    <\/div>\r\n                <div class=\"wptravel-blocks-trip-explore\">\r\n                    <a href=\"https:\/\/elcaminoess.com\/gl\/itinerario\/pan-colectivo\">\r\n                        <button class=\"wp-block-button__link wptravel-blocks-explore-btn\">Explore<\/button>\r\n                    <\/a>\r\n                <\/div>\r\n            <\/div>\r\n            <div class=\"wptravel-blocks-footer-right\">\r\n                                <div class=\"wptravel-blocks-trip-offer-price\">\r\n                    \t\t\t<span class=\"wp-travel-trip-price-figure\">30<\/span><span class=\"wp-travel-trip-currency\">&#8364;<\/span>\r\n\t\t\t                <\/div>\r\n                            <\/div>\r\n        <\/div>\r\n    <\/div>\r\n<\/div><div class=\"wptravel-blocks-trip-card\">\r\n    <div class=\"wptravel-blocks-trip-card-img-container\">\r\n        <a href=\"https:\/\/elcaminoess.com\/gl\/itinerario\/paulo-freire-universidade-rural-de-cerrato\">\r\n            <img loading=\"lazy\" decoding=\"async\" width=\"525\" height=\"517\" src=\"https:\/\/i0.wp.com\/elcaminoess.com\/wp-content\/uploads\/2024\/02\/8.-UNIVERSIDAD-DEL-CERRATO-TABANERA-DEL-CERRRATO-PALENCIA.jpg?fit=525%2C517&amp;ssl=1\" class=\"attachment-large size-large wp-post-image\" alt=\"\" srcset=\"https:\/\/i0.wp.com\/elcaminoess.com\/wp-content\/uploads\/2024\/02\/8.-UNIVERSIDAD-DEL-CERRATO-TABANERA-DEL-CERRRATO-PALENCIA.jpg?w=1080&amp;ssl=1 1080w, https:\/\/i0.wp.com\/elcaminoess.com\/wp-content\/uploads\/2024\/02\/8.-UNIVERSIDAD-DEL-CERRATO-TABANERA-DEL-CERRRATO-PALENCIA.jpg?resize=300%2C295&amp;ssl=1 300w, https:\/\/i0.wp.com\/elcaminoess.com\/wp-content\/uploads\/2024\/02\/8.-UNIVERSIDAD-DEL-CERRATO-TABANERA-DEL-CERRRATO-PALENCIA.jpg?resize=1024%2C1008&amp;ssl=1 1024w, https:\/\/i0.wp.com\/elcaminoess.com\/wp-content\/uploads\/2024\/02\/8.-UNIVERSIDAD-DEL-CERRATO-TABANERA-DEL-CERRRATO-PALENCIA.jpg?resize=768%2C756&amp;ssl=1 768w, https:\/\/i0.wp.com\/elcaminoess.com\/wp-content\/uploads\/2024\/02\/8.-UNIVERSIDAD-DEL-CERRATO-TABANERA-DEL-CERRRATO-PALENCIA.jpg?resize=600%2C591&amp;ssl=1 600w\" sizes=\"auto, (max-width: 525px) 100vw, 525px\" data-attachment-id=\"11675\" data-permalink=\"https:\/\/elcaminoess.com\/gl\/8-universidad-del-cerrato-tabanera-del-cerrrato-palencia-2\" data-orig-file=\"https:\/\/i0.wp.com\/elcaminoess.com\/wp-content\/uploads\/2024\/02\/8.-UNIVERSIDAD-DEL-CERRATO-TABANERA-DEL-CERRRATO-PALENCIA.jpg?fit=1080%2C1063&amp;ssl=1\" data-orig-size=\"1080,1063\" data-comments-opened=\"1\" data-image-meta=\"{&quot;aperture&quot;:&quot;0&quot;,&quot;credit&quot;:&quot;&quot;,&quot;camera&quot;:&quot;&quot;,&quot;caption&quot;:&quot;&quot;,&quot;created_timestamp&quot;:&quot;0&quot;,&quot;copyright&quot;:&quot;&quot;,&quot;focal_length&quot;:&quot;0&quot;,&quot;iso&quot;:&quot;0&quot;,&quot;shutter_speed&quot;:&quot;0&quot;,&quot;title&quot;:&quot;&quot;,&quot;orientation&quot;:&quot;1&quot;}\" data-image-title=\"8.-UNIVERSIDAD-DEL-CERRATO-TABANERA-DEL-CERRRATO-PALENCIA\" data-image-description=\"\" data-image-caption=\"\" data-large-file=\"https:\/\/i0.wp.com\/elcaminoess.com\/wp-content\/uploads\/2024\/02\/8.-UNIVERSIDAD-DEL-CERRATO-TABANERA-DEL-CERRRATO-PALENCIA.jpg?fit=525%2C517&amp;ssl=1\" \/>        <\/a>\r\n        <div class=\"wptravel-blocks-img-overlay-base\">\r\n            <div class=\"wptravel-blocks-img-overlay\">\r\n                            <\/div>\r\n            <div class=\"wptravel-blocks-trip-meta-container\">\r\n                                    <div class=\"wptravel-blocks-trip-meta\">\r\n                        <i class=\"fas fa-map-marker-alt\"><\/i>\r\n                        <a href=\"https:\/\/elcaminoess.com\/gl\/destinos\/castela-e-leon\">\r\n                            Castela e Le\u00f3n                        <\/a>\r\n                                            <\/div>\r\n                                                    <div class=\"wptravel-blocks-trip-meta\">\r\n                    <i class='far fa-clock'><\/i> 2 Day(s)                 <\/div>\r\n                                                <div class=\"wptravel-blocks-trip-meta\">\r\n                    <i class=\"fas fa-users\"><\/i> 40                <\/div>\r\n                            <\/div>\r\n        <\/div>\r\n    <\/div>\r\n    <div class=\"wptravel-blocks-card-body\">\r\n        <div class=\"wptravel-blocks-card-body-top\">\r\n            <div class=\"wptravel-blocks-card-body-header\">\r\n                <h3 class=\"wptravel-blocks-card-title wp-block-heading\">\r\n                    <a href=\"https:\/\/elcaminoess.com\/gl\/itinerario\/paulo-freire-universidade-rural-de-cerrato\">\r\n                        Paulo Freire Universidade Rural de Cerrato                    <\/a>\r\n                <\/h3>\r\n                            <\/div>\r\n            <div class=\"wptravel-blocks-card-content\">\r\n                <div class=\"wptravel-blocks-trip-excerpt\">\r\n                    <p>Asociaci\u00f3n cultural formada por un grupo de persoas que, dun xeito natural e bastante org\u00e1nico, se xuntaron arredor das mesmas experiencias, reflexi\u00f3ns e m\u00fasicas. Todos vinculados dun ou doutro xeito ao medio rural e, concretamente, a un pequeno pobo de Cerrato Palentino, Tabanera de Cerrato.<\/p>\n                <\/div>\r\n            <\/div>\r\n        <\/div>\r\n        <div class=\"wptravel-blocks-card-footer\">\r\n            <div class=\"wptravel-blocks-footer-left\">\r\n                <div class=\"wptravel-blocks-trip-rating\">\r\n                                    <\/div>\r\n                <div class=\"wptravel-blocks-trip-explore\">\r\n                    <a href=\"https:\/\/elcaminoess.com\/gl\/itinerario\/paulo-freire-universidade-rural-de-cerrato\">\r\n                        <button class=\"wp-block-button__link wptravel-blocks-explore-btn\">Explore<\/button>\r\n                    <\/a>\r\n                <\/div>\r\n            <\/div>\r\n            <div class=\"wptravel-blocks-footer-right\">\r\n                                <div class=\"wptravel-blocks-trip-offer-price\">\r\n                    \t\t\t<span class=\"wp-travel-trip-price-figure\">150<\/span><span class=\"wp-travel-trip-currency\">&#8364;<\/span>\r\n\t\t\t                <\/div>\r\n                            <\/div>\r\n        <\/div>\r\n    <\/div>\r\n<\/div><div class=\"wptravel-blocks-trip-card\">\r\n    <div class=\"wptravel-blocks-trip-card-img-container\">\r\n        <a href=\"https:\/\/elcaminoess.com\/gl\/itinerario\/raices-del-cerrato\">\r\n            <img loading=\"lazy\" decoding=\"async\" width=\"525\" height=\"830\" src=\"https:\/\/i0.wp.com\/elcaminoess.com\/wp-content\/uploads\/2024\/02\/6.-TALLER-TUFTING-RAICES-DEL-CERRATO-PALENCIA.jpeg?fit=525%2C830&amp;ssl=1\" class=\"attachment-large size-large wp-post-image\" alt=\"\" srcset=\"https:\/\/i0.wp.com\/elcaminoess.com\/wp-content\/uploads\/2024\/02\/6.-TALLER-TUFTING-RAICES-DEL-CERRATO-PALENCIA.jpeg?w=723&amp;ssl=1 723w, https:\/\/i0.wp.com\/elcaminoess.com\/wp-content\/uploads\/2024\/02\/6.-TALLER-TUFTING-RAICES-DEL-CERRATO-PALENCIA.jpeg?resize=190%2C300&amp;ssl=1 190w, https:\/\/i0.wp.com\/elcaminoess.com\/wp-content\/uploads\/2024\/02\/6.-TALLER-TUFTING-RAICES-DEL-CERRATO-PALENCIA.jpeg?resize=648%2C1024&amp;ssl=1 648w, https:\/\/i0.wp.com\/elcaminoess.com\/wp-content\/uploads\/2024\/02\/6.-TALLER-TUFTING-RAICES-DEL-CERRATO-PALENCIA.jpeg?resize=600%2C948&amp;ssl=1 600w\" sizes=\"auto, (max-width: 525px) 100vw, 525px\" data-attachment-id=\"10898\" data-permalink=\"https:\/\/elcaminoess.com\/gl\/itinerario\/raices-del-cerrato\/6-taller-tufting-raices-del-cerrato-palencia-2\" data-orig-file=\"https:\/\/i0.wp.com\/elcaminoess.com\/wp-content\/uploads\/2024\/02\/6.-TALLER-TUFTING-RAICES-DEL-CERRATO-PALENCIA.jpeg?fit=723%2C1142&amp;ssl=1\" data-orig-size=\"723,1142\" data-comments-opened=\"1\" data-image-meta=\"{&quot;aperture&quot;:&quot;0&quot;,&quot;credit&quot;:&quot;&quot;,&quot;camera&quot;:&quot;&quot;,&quot;caption&quot;:&quot;&quot;,&quot;created_timestamp&quot;:&quot;0&quot;,&quot;copyright&quot;:&quot;&quot;,&quot;focal_length&quot;:&quot;0&quot;,&quot;iso&quot;:&quot;0&quot;,&quot;shutter_speed&quot;:&quot;0&quot;,&quot;title&quot;:&quot;&quot;,&quot;orientation&quot;:&quot;0&quot;}\" data-image-title=\"6. TALLER TUFTING RAICES DEL CERRATO PALENCIA\" data-image-description=\"\" data-image-caption=\"\" data-large-file=\"https:\/\/i0.wp.com\/elcaminoess.com\/wp-content\/uploads\/2024\/02\/6.-TALLER-TUFTING-RAICES-DEL-CERRATO-PALENCIA.jpeg?fit=525%2C830&amp;ssl=1\" \/>        <\/a>\r\n        <div class=\"wptravel-blocks-img-overlay-base\">\r\n            <div class=\"wptravel-blocks-img-overlay\">\r\n                            <\/div>\r\n            <div class=\"wptravel-blocks-trip-meta-container\">\r\n                                    <div class=\"wptravel-blocks-trip-meta\">\r\n                        <i class=\"fas fa-map-marker-alt\"><\/i>\r\n                        <a href=\"https:\/\/elcaminoess.com\/gl\/destinos\/castela-e-leon\">\r\n                            Castela e Le\u00f3n                        <\/a>\r\n                                            <\/div>\r\n                                                    <div class=\"wptravel-blocks-trip-meta\">\r\n                    <i class='far fa-clock'><\/i> 3-4 Hour(s)                 <\/div>\r\n                                                <div class=\"wptravel-blocks-trip-meta\">\r\n                    <i class=\"fas fa-users\"><\/i> 5                <\/div>\r\n                            <\/div>\r\n        <\/div>\r\n    <\/div>\r\n    <div class=\"wptravel-blocks-card-body\">\r\n        <div class=\"wptravel-blocks-card-body-top\">\r\n            <div class=\"wptravel-blocks-card-body-header\">\r\n                <h3 class=\"wptravel-blocks-card-title wp-block-heading\">\r\n                    <a href=\"https:\/\/elcaminoess.com\/gl\/itinerario\/raices-del-cerrato\">\r\n                        Ra\u00edces del Cerrato                    <\/a>\r\n                <\/h3>\r\n                            <\/div>\r\n            <div class=\"wptravel-blocks-card-content\">\r\n                <div class=\"wptravel-blocks-trip-excerpt\">\r\n                    <p>Obradoiro de creaci\u00f3n de alfombras e tapices coa t\u00e9cnica do tufting.<\/p>\n                <\/div>\r\n            <\/div>\r\n        <\/div>\r\n        <div class=\"wptravel-blocks-card-footer\">\r\n            <div class=\"wptravel-blocks-footer-left\">\r\n                <div class=\"wptravel-blocks-trip-rating\">\r\n                                    <\/div>\r\n                <div class=\"wptravel-blocks-trip-explore\">\r\n                    <a href=\"https:\/\/elcaminoess.com\/gl\/itinerario\/raices-del-cerrato\">\r\n                        <button class=\"wp-block-button__link wptravel-blocks-explore-btn\">Explore<\/button>\r\n                    <\/a>\r\n                <\/div>\r\n            <\/div>\r\n            <div class=\"wptravel-blocks-footer-right\">\r\n                                <div class=\"wptravel-blocks-trip-offer-price\">\r\n                    \t\t\t<span class=\"wp-travel-trip-price-figure\">60<\/span><span class=\"wp-travel-trip-currency\">&#8364;<\/span>\r\n\t\t\t                <\/div>\r\n                            <\/div>\r\n        <\/div>\r\n    <\/div>\r\n<\/div><div class=\"wptravel-blocks-trip-card\">\r\n    <div class=\"wptravel-blocks-trip-card-img-container\">\r\n        <a href=\"https:\/\/elcaminoess.com\/gl\/itinerario\/taller-artesanal-teresa-pereletegui\">\r\n            <img loading=\"lazy\" decoding=\"async\" width=\"525\" height=\"462\" src=\"https:\/\/i0.wp.com\/elcaminoess.com\/wp-content\/uploads\/2024\/02\/6.-TALLER-TERESA-PERELETEGUI-CUEVAS-DE-AYLLON-SORIA-scaled.jpg?fit=525%2C462&amp;ssl=1\" class=\"attachment-large size-large wp-post-image\" alt=\"\" srcset=\"https:\/\/i0.wp.com\/elcaminoess.com\/wp-content\/uploads\/2024\/02\/6.-TALLER-TERESA-PERELETEGUI-CUEVAS-DE-AYLLON-SORIA-scaled.jpg?w=2560&amp;ssl=1 2560w, https:\/\/i0.wp.com\/elcaminoess.com\/wp-content\/uploads\/2024\/02\/6.-TALLER-TERESA-PERELETEGUI-CUEVAS-DE-AYLLON-SORIA-scaled.jpg?resize=300%2C264&amp;ssl=1 300w, https:\/\/i0.wp.com\/elcaminoess.com\/wp-content\/uploads\/2024\/02\/6.-TALLER-TERESA-PERELETEGUI-CUEVAS-DE-AYLLON-SORIA-scaled.jpg?resize=1024%2C901&amp;ssl=1 1024w, https:\/\/i0.wp.com\/elcaminoess.com\/wp-content\/uploads\/2024\/02\/6.-TALLER-TERESA-PERELETEGUI-CUEVAS-DE-AYLLON-SORIA-scaled.jpg?resize=768%2C676&amp;ssl=1 768w, https:\/\/i0.wp.com\/elcaminoess.com\/wp-content\/uploads\/2024\/02\/6.-TALLER-TERESA-PERELETEGUI-CUEVAS-DE-AYLLON-SORIA-scaled.jpg?resize=1536%2C1352&amp;ssl=1 1536w, https:\/\/i0.wp.com\/elcaminoess.com\/wp-content\/uploads\/2024\/02\/6.-TALLER-TERESA-PERELETEGUI-CUEVAS-DE-AYLLON-SORIA-scaled.jpg?resize=2048%2C1803&amp;ssl=1 2048w, https:\/\/i0.wp.com\/elcaminoess.com\/wp-content\/uploads\/2024\/02\/6.-TALLER-TERESA-PERELETEGUI-CUEVAS-DE-AYLLON-SORIA-scaled.jpg?resize=600%2C528&amp;ssl=1 600w\" sizes=\"auto, (max-width: 525px) 100vw, 525px\" data-attachment-id=\"11695\" data-permalink=\"https:\/\/elcaminoess.com\/gl\/itinerario\/taller-artesanal-teresa-pereletegui\/6-taller-teresa-pereletegui-cuevas-de-ayllon-soria-2\" data-orig-file=\"https:\/\/i0.wp.com\/elcaminoess.com\/wp-content\/uploads\/2024\/02\/6.-TALLER-TERESA-PERELETEGUI-CUEVAS-DE-AYLLON-SORIA-scaled.jpg?fit=2560%2C2254&amp;ssl=1\" data-orig-size=\"2560,2254\" data-comments-opened=\"1\" data-image-meta=\"{&quot;aperture&quot;:&quot;3.3&quot;,&quot;credit&quot;:&quot;&quot;,&quot;camera&quot;:&quot;DMC-TZ8&quot;,&quot;caption&quot;:&quot;&quot;,&quot;created_timestamp&quot;:&quot;1398358258&quot;,&quot;copyright&quot;:&quot;&quot;,&quot;focal_length&quot;:&quot;4.1&quot;,&quot;iso&quot;:&quot;320&quot;,&quot;shutter_speed&quot;:&quot;0.033333333333333&quot;,&quot;title&quot;:&quot;&quot;,&quot;orientation&quot;:&quot;1&quot;}\" data-image-title=\"6. TALLER TERESA PEREL\u00c9TEGUI CUEVAS DE AYLL\u00d3N SORIA\" data-image-description=\"\" data-image-caption=\"\" data-large-file=\"https:\/\/i0.wp.com\/elcaminoess.com\/wp-content\/uploads\/2024\/02\/6.-TALLER-TERESA-PERELETEGUI-CUEVAS-DE-AYLLON-SORIA-scaled.jpg?fit=525%2C462&amp;ssl=1\" \/>        <\/a>\r\n        <div class=\"wptravel-blocks-img-overlay-base\">\r\n            <div class=\"wptravel-blocks-img-overlay\">\r\n                            <\/div>\r\n            <div class=\"wptravel-blocks-trip-meta-container\">\r\n                                    <div class=\"wptravel-blocks-trip-meta\">\r\n                        <i class=\"fas fa-map-marker-alt\"><\/i>\r\n                        <a href=\"https:\/\/elcaminoess.com\/gl\/destinos\/castela-e-leon\">\r\n                            Castela e Le\u00f3n                        <\/a>\r\n                                            <\/div>\r\n                                                    <div class=\"wptravel-blocks-trip-meta\">\r\n                    <i class='far fa-clock'><\/i> 2 Hour(s)                 <\/div>\r\n                                                <div class=\"wptravel-blocks-trip-meta\">\r\n                    <i class=\"fas fa-users\"><\/i> 4                <\/div>\r\n                            <\/div>\r\n        <\/div>\r\n    <\/div>\r\n    <div class=\"wptravel-blocks-card-body\">\r\n        <div class=\"wptravel-blocks-card-body-top\">\r\n            <div class=\"wptravel-blocks-card-body-header\">\r\n                <h3 class=\"wptravel-blocks-card-title wp-block-heading\">\r\n                    <a href=\"https:\/\/elcaminoess.com\/gl\/itinerario\/taller-artesanal-teresa-pereletegui\">\r\n                        Taller Artesanal Teresa Perel\u00e9tegui                    <\/a>\r\n                <\/h3>\r\n                            <\/div>\r\n            <div class=\"wptravel-blocks-card-content\">\r\n                <div class=\"wptravel-blocks-trip-excerpt\">\r\n                    <p>Traballos de madeira, con madeira recuperada (en casas demolidas, obras,<br \/>\nvertedoiros, puntos limpos, etc.), cortados e pintados a man.<\/p>\n                <\/div>\r\n            <\/div>\r\n        <\/div>\r\n        <div class=\"wptravel-blocks-card-footer\">\r\n            <div class=\"wptravel-blocks-footer-left\">\r\n                <div class=\"wptravel-blocks-trip-rating\">\r\n                                    <\/div>\r\n                <div class=\"wptravel-blocks-trip-explore\">\r\n                    <a href=\"https:\/\/elcaminoess.com\/gl\/itinerario\/taller-artesanal-teresa-pereletegui\">\r\n                        <button class=\"wp-block-button__link wptravel-blocks-explore-btn\">Explore<\/button>\r\n                    <\/a>\r\n                <\/div>\r\n            <\/div>\r\n            <div class=\"wptravel-blocks-footer-right\">\r\n                                <div class=\"wptravel-blocks-trip-offer-price\">\r\n                    \t\t\t<span class=\"wp-travel-trip-price-figure\">20<\/span><span class=\"wp-travel-trip-currency\">&#8364;<\/span>\r\n\t\t\t                <\/div>\r\n                            <\/div>\r\n        <\/div>\r\n    <\/div>\r\n<\/div><div class=\"wptravel-blocks-trip-card\">\r\n    <div class=\"wptravel-blocks-trip-card-img-container\">\r\n        <a href=\"https:\/\/elcaminoess.com\/gl\/itinerario\/vidapropia\">\r\n            <img loading=\"lazy\" decoding=\"async\" width=\"525\" height=\"521\" src=\"https:\/\/i0.wp.com\/elcaminoess.com\/wp-content\/uploads\/2024\/02\/1.-VIDA-PROPIA-TALLER-EN-GUARDO-PALENCIA.jpg?fit=525%2C521&amp;ssl=1\" class=\"attachment-large size-large wp-post-image\" alt=\"\" srcset=\"https:\/\/i0.wp.com\/elcaminoess.com\/wp-content\/uploads\/2024\/02\/1.-VIDA-PROPIA-TALLER-EN-GUARDO-PALENCIA.jpg?w=1080&amp;ssl=1 1080w, https:\/\/i0.wp.com\/elcaminoess.com\/wp-content\/uploads\/2024\/02\/1.-VIDA-PROPIA-TALLER-EN-GUARDO-PALENCIA.jpg?resize=300%2C298&amp;ssl=1 300w, https:\/\/i0.wp.com\/elcaminoess.com\/wp-content\/uploads\/2024\/02\/1.-VIDA-PROPIA-TALLER-EN-GUARDO-PALENCIA.jpg?resize=1024%2C1016&amp;ssl=1 1024w, https:\/\/i0.wp.com\/elcaminoess.com\/wp-content\/uploads\/2024\/02\/1.-VIDA-PROPIA-TALLER-EN-GUARDO-PALENCIA.jpg?resize=150%2C150&amp;ssl=1 150w, https:\/\/i0.wp.com\/elcaminoess.com\/wp-content\/uploads\/2024\/02\/1.-VIDA-PROPIA-TALLER-EN-GUARDO-PALENCIA.jpg?resize=768%2C762&amp;ssl=1 768w, https:\/\/i0.wp.com\/elcaminoess.com\/wp-content\/uploads\/2024\/02\/1.-VIDA-PROPIA-TALLER-EN-GUARDO-PALENCIA.jpg?resize=600%2C596&amp;ssl=1 600w, https:\/\/i0.wp.com\/elcaminoess.com\/wp-content\/uploads\/2024\/02\/1.-VIDA-PROPIA-TALLER-EN-GUARDO-PALENCIA.jpg?resize=100%2C100&amp;ssl=1 100w\" sizes=\"auto, (max-width: 525px) 100vw, 525px\" data-attachment-id=\"11357\" data-permalink=\"https:\/\/elcaminoess.com\/gl\/1-vida-propia-taller-en-guardo-palencia-2\" data-orig-file=\"https:\/\/i0.wp.com\/elcaminoess.com\/wp-content\/uploads\/2024\/02\/1.-VIDA-PROPIA-TALLER-EN-GUARDO-PALENCIA.jpg?fit=1080%2C1072&amp;ssl=1\" data-orig-size=\"1080,1072\" data-comments-opened=\"1\" data-image-meta=\"{&quot;aperture&quot;:&quot;0&quot;,&quot;credit&quot;:&quot;&quot;,&quot;camera&quot;:&quot;&quot;,&quot;caption&quot;:&quot;&quot;,&quot;created_timestamp&quot;:&quot;0&quot;,&quot;copyright&quot;:&quot;&quot;,&quot;focal_length&quot;:&quot;0&quot;,&quot;iso&quot;:&quot;0&quot;,&quot;shutter_speed&quot;:&quot;0&quot;,&quot;title&quot;:&quot;&quot;,&quot;orientation&quot;:&quot;1&quot;}\" data-image-title=\"1.-VIDA-PROPIA-TALLER-EN-GUARDO-PALENCIA\" data-image-description=\"\" data-image-caption=\"\" data-large-file=\"https:\/\/i0.wp.com\/elcaminoess.com\/wp-content\/uploads\/2024\/02\/1.-VIDA-PROPIA-TALLER-EN-GUARDO-PALENCIA.jpg?fit=525%2C521&amp;ssl=1\" \/>        <\/a>\r\n        <div class=\"wptravel-blocks-img-overlay-base\">\r\n            <div class=\"wptravel-blocks-img-overlay\">\r\n                            <\/div>\r\n            <div class=\"wptravel-blocks-trip-meta-container\">\r\n                                    <div class=\"wptravel-blocks-trip-meta\">\r\n                        <i class=\"fas fa-map-marker-alt\"><\/i>\r\n                        <a href=\"https:\/\/elcaminoess.com\/gl\/destinos\/castela-e-leon\">\r\n                            Castela e Le\u00f3n                        <\/a>\r\n                                            <\/div>\r\n                                                    <div class=\"wptravel-blocks-trip-meta\">\r\n                    <i class='far fa-clock'><\/i> 2 Hour(s)                 <\/div>\r\n                                                <div class=\"wptravel-blocks-trip-meta\">\r\n                    <i class=\"fas fa-users\"><\/i> 10                <\/div>\r\n                            <\/div>\r\n        <\/div>\r\n    <\/div>\r\n    <div class=\"wptravel-blocks-card-body\">\r\n        <div class=\"wptravel-blocks-card-body-top\">\r\n            <div class=\"wptravel-blocks-card-body-header\">\r\n                <h3 class=\"wptravel-blocks-card-title wp-block-heading\">\r\n                    <a href=\"https:\/\/elcaminoess.com\/gl\/itinerario\/vidapropia\">\r\n                        Vidapropia                    <\/a>\r\n                <\/h3>\r\n                            <\/div>\r\n            <div class=\"wptravel-blocks-card-content\">\r\n                <div class=\"wptravel-blocks-trip-excerpt\">\r\n                    <p>Facendo un Totebag con tecido recuperado ao tempo que se d\u00e1 unha charla audiovisual sobre residuos t\u00e9xtiles, ecodese\u00f1o, moda sostible, econom\u00eda circular&#8230;<\/p>\n                <\/div>\r\n            <\/div>\r\n        <\/div>\r\n        <div class=\"wptravel-blocks-card-footer\">\r\n            <div class=\"wptravel-blocks-footer-left\">\r\n                <div class=\"wptravel-blocks-trip-rating\">\r\n                                    <\/div>\r\n                <div class=\"wptravel-blocks-trip-explore\">\r\n                    <a href=\"https:\/\/elcaminoess.com\/gl\/itinerario\/vidapropia\">\r\n                        <button class=\"wp-block-button__link wptravel-blocks-explore-btn\">Explore<\/button>\r\n                    <\/a>\r\n                <\/div>\r\n            <\/div>\r\n            <div class=\"wptravel-blocks-footer-right\">\r\n                                <div class=\"wptravel-blocks-trip-offer-price\">\r\n                    \t\t\t<span class=\"wp-travel-trip-price-figure\">25<\/span><span class=\"wp-travel-trip-currency\">&#8364;<\/span>\r\n\t\t\t                <\/div>\r\n                            <\/div>\r\n        <\/div>\r\n    <\/div>\r\n<\/div>\t\t\t\t\t\t<\/div>\r\n\t\t\t\t\t\t\t\t\t<\/div>\r\n\t\t\t<\/div>\r\n\t\t\r\n\r\n\t\t<script>\r\n\t\t\tjQuery(document).ready(function(n) {\r\n\t\t\t\tvar wptravelSlider = n('#wptravel-block-trips-list');\r\n\t\t\t\tn('.grid-view.slider-view').slick({\r\n\t\t\t\t\tslidesToShow: 3,\r\n\t\t\t\t\tslidesToScroll: 1,\r\n\t\t\t\t\tautoplay: false,\r\n\t\t\t\t\tdots: false,\r\n\t\t\t\t\tarrows: true,\r\n\t\t\t\t\tinfinite: true,\r\n\t\t\t\t\tcenterPadding: '20px',\r\n\t\t\t\t\tresponsive: [{\r\n\t\t\t\t\t\t\tbreakpoint: 1024,\r\n\t\t\t\t\t\t\tsettings: {\r\n\t\t\t\t\t\t\t\tslidesToShow: 3,\r\n\t\t\t\t\t\t\t\tslidesToScroll: 1,\r\n\t\t\t\t\t\t\t\tinfinite: true,\r\n\t\t\t\t\t\t\t\tdots: false\r\n\t\t\t\t\t\t\t}\r\n\t\t\t\t\t\t},\r\n\t\t\t\t\t\t{\r\n\t\t\t\t\t\t\tbreakpoint: 768,\r\n\t\t\t\t\t\t\tsettings: {\r\n\t\t\t\t\t\t\t\tslidesToShow: 2,\r\n\t\t\t\t\t\t\t\tslidesToScroll: 1\r\n\t\t\t\t\t\t\t}\r\n\t\t\t\t\t\t},\r\n\t\t\t\t\t\t{\r\n\t\t\t\t\t\t\tbreakpoint: 600,\r\n\t\t\t\t\t\t\tsettings: {\r\n\t\t\t\t\t\t\t\tslidesToShow: 1,\r\n\t\t\t\t\t\t\t\tslidesToScroll: 1\r\n\t\t\t\t\t\t\t}\r\n\t\t\t\t\t\t}\r\n\t\t\t\t\t]\r\n\t\t\t\t});\r\n\t\t\t});\r\n\t\t<\/script>\r\n\t\t<style>\r\n\t\t.wptravel-block-trips-list.block-id-5adcf773dbfb7a360bb24eac0de492603cc0004c4e9970fa35a89045ac544e62,\r\n\t\tbody .is-layout-constrained> :where(:not(.alignleft):not(.alignright):not(.alignfull)).wptravel-block-trips-list.block-id-5adcf773dbfb7a360bb24eac0de492603cc0004c4e9970fa35a89045ac544e62 {\r\n\t\t\t\t\t}\r\n\t<\/style>\r\n<\/div>\n<\/div>\n\n<div style=\"height:30px\" aria-hidden=\"true\" class=\"wp-block-spacer\"><\/div>\n\n<div style=\"height:30px\" aria-hidden=\"true\" class=\"wp-block-spacer\"><\/div>\n","protected":false},"excerpt":{"rendered":"<p>Xunto aos seus espazos de memoria campesi\u00f1a<\/p>\n","protected":false},"author":1,"featured_media":10495,"parent":0,"menu_order":0,"comment_status":"closed","ping_status":"closed","template":"","meta":{"advanced_seo_description":"","jetpack_seo_html_title":"","jetpack_seo_noindex":false,"footnotes":""},"class_list":["post-12772","page","type-page","status-publish","has-post-thumbnail","hentry"],"jetpack_sharing_enabled":true,"_links":{"self":[{"href":"https:\/\/elcaminoess.com\/gl\/wp-json\/wp\/v2\/pages\/12772","targetHints":{"allow":["GET"]}}],"collection":[{"href":"https:\/\/elcaminoess.com\/gl\/wp-json\/wp\/v2\/pages"}],"about":[{"href":"https:\/\/elcaminoess.com\/gl\/wp-json\/wp\/v2\/types\/page"}],"author":[{"embeddable":true,"href":"https:\/\/elcaminoess.com\/gl\/wp-json\/wp\/v2\/users\/1"}],"replies":[{"embeddable":true,"href":"https:\/\/elcaminoess.com\/gl\/wp-json\/wp\/v2\/comments?post=12772"}],"version-history":[{"count":3,"href":"https:\/\/elcaminoess.com\/gl\/wp-json\/wp\/v2\/pages\/12772\/revisions"}],"predecessor-version":[{"id":12815,"href":"https:\/\/elcaminoess.com\/gl\/wp-json\/wp\/v2\/pages\/12772\/revisions\/12815"}],"wp:featuredmedia":[{"embeddable":true,"href":"https:\/\/elcaminoess.com\/gl\/wp-json\/wp\/v2\/media\/10495"}],"wp:attachment":[{"href":"https:\/\/elcaminoess.com\/gl\/wp-json\/wp\/v2\/media?parent=12772"}],"curies":[{"name":"wp","href":"https:\/\/api.w.org\/{rel}","templated":true}]}}