{"id":11558,"date":"2023-10-11T11:38:35","date_gmt":"2023-10-11T11:38:35","guid":{"rendered":"https:\/\/elcaminoess.com\/itinerario\/e-unha-aldea-e-a-vida"},"modified":"2024-04-10T10:16:51","modified_gmt":"2024-04-10T10:16:51","slug":"e-unha-aldea-e-a-vida","status":"publish","type":"itineraries","link":"https:\/\/elcaminoess.com\/gl\/itinerario\/e-unha-aldea-e-a-vida","title":{"rendered":"\u00c9 unha aldea, \u00e9 a vida"},"content":{"rendered":"","protected":false},"excerpt":{"rendered":"<p>Nesta experiencia propo\u00f1\u00e9mosche pasar un d\u00eda coa t\u00faa familia co\u00f1ecendo de primeira man o que \u00e9 a Econom\u00eda Solidaria dun xeito diferente. Ti e a t\u00faa familia acompa\u00f1aredes cada paso da vosa vida coti\u00e1 na aldea de Lodoselo. Coa axuda do Centro de Desenvolvemento Rural (CDR) do Viso, coidar\u00e1s dos animais do Pueblo Escuela, acompa\u00f1ar\u00e1s, co\u00f1ecer\u00e1s aos veci\u00f1os, explorar\u00e1s o sensible xard\u00edn&#8230; Despois desta aventura gozar\u00e1s dun exquisito XANTAR-CONCERTO en Vilar de Santos, concretamente na taberna &#8220;A Arca da Noe&#8221;.  <\/p>\n","protected":false},"featured_media":9973,"comment_status":"closed","ping_status":"closed","template":"","meta":{"advanced_seo_description":"","jetpack_seo_html_title":"","jetpack_seo_noindex":false,"wp_travel_lat":"","wp_travel_lng":"","wp_travel_trip_map_use_lat_lng":"no","wp_travel_location":"CDR O VISO, lodoselo","wp_travel_overview":"<h3><span style=\"font-weight: 400\">\u00c9 ALDEA, \u00c9 VIDA<\/span><\/h3>\n<p><span style=\"font-weight: 400\">Neste itinerario a familia ao completo gozar\u00e1 visitando o Pobo escola de Lodoselo (a 45 minutos de Ourense, Galicia), co\u00f1ecendo e participando na s\u00faa proposta educativa e de recuperaci\u00f3n do patrimonio cultural e social da comunidade rural da man do Centro de Desenvolvemento Rural O Viso. Logo, unha deliciosa comida esperaravos en Vilar de Santos, concretamente na\u00a0 Arca da Noe. Esta experiencia incl\u00fae a comida con produtos ecol\u00f3xicos e de proximidade na taberna e m\u00fasica en directo.<\/span><\/p>\n<p><b><i>Atenci\u00f3n:<\/i><\/b><\/p>\n<ul>\n<li style=\"font-weight: 400\"><b><i>Contacta connosco cunha antelaci\u00f3n m\u00ednima de 4 d\u00edas para poder levar a cabo a actividade.<\/i><\/b><\/li>\n<li style=\"font-weight: 400\"><b><i>Ao tratarse dunha experiencia na que se consomen\u00a0 alimentos, por favor comunicade alerxias e intolerancias.<\/i><\/b><\/li>\n<\/ul>\n<p style=\"text-align: left\"><a href=\"mailto:arcorbal@gmail.com\"><button class=\"wp-travel-booknow-btn\" data-gramm=\"false\">RESERVA \u270c <\/button><\/a><\/p>","wp_travel_outline":"<p><b>\u00c9 ALDEA, \u00c9 VIDA<\/b><\/p>\n<h2><b>Itinerario<\/b><\/h2>\n<h4><span style=\"font-weight: 400\">CDR O VISO (R\u00daA D\u00c1 IGREXA S\/N. 32696 LODOSELO (SARREAUS) OURENSE<\/span><\/h4>\n<h3><b>D\u00eda : decembro 3, 2023<\/b><\/h3>\n<h3><i><span style=\"font-weight: 400\">Hora : 11:00 am<\/span><\/i><\/h3>\n<h3><b>ALDEA DE LODOSELO (11.00H - 14.15H)<\/b><\/h3>\n<p><span style=\"font-weight: 400\">Iniciamos a nosa aventura no CDR O Viso. Co\u00f1eceremos a s\u00faa proposta de acompa\u00f1amento \u00e1 xente do medio rural da Limia, visitando as instalaci\u00f3ns e a vida que hai nelas. A s\u00faa vida coti\u00e1, o valor do d\u00eda a d\u00eda, das pequenas cousas nas que toda actividade ten un sentido comunitario e ambiental: coidarme, coidarte e coidarnos.<\/span><span style=\"font-weight: 400\"><br \/><\/span><span style=\"font-weight: 400\">Que faremos?<\/span><span style=\"font-weight: 400\"><br \/><\/span><span style=\"font-weight: 400\">\u2192 Acompa\u00f1ar e participar nas tarefas de coidado dos animais, como pode ser ir coa burra \"Terra\" ao monte ou pastorear o pequeno raba\u00f1o de ovellas, entre outras das tantas tarefas que levaremos a cabo!<\/span><span style=\"font-weight: 400\"><br \/><\/span><span style=\"font-weight: 400\">\u2192 Explorar no xard\u00edn sensitivo a trav\u00e9s do xogo. Tr\u00e1tase dun espazo ao redor do Centro de Inclusi\u00f3n para o deleite do esp\u00edrito e os sentidos; toda unha aventura para ser conscientes e crear consciencia.<\/span><\/p>\n<h4><span style=\"font-weight: 400\">ARCA DA NOE (R\u00daA DO FORNO, VILAR DE SANTOS, OURENSE)<\/span><\/h4>\n<h3><b>D\u00eda : decembro 3, 2023<\/b><\/h3>\n<h3><i><span style=\"font-weight: 400\">Hora : 2:30 pm<\/span><\/i><\/h3>\n<h3><b>COMIDA - CONCERTO (14.30 H)<\/b><\/h3>\n<p><span style=\"font-weight: 400\">Noem\u00ed esp\u00e9ravos na Arca da Noe (a 11 minutos en coche) para facer que sigamos viaxando, pero desta vez a trav\u00e9s do gusto coas s\u00faas exquisitas propostas gastron\u00f3micas de proximidade. Podedes elixir entre:<\/span><span style=\"font-weight: 400\"><br \/><\/span><span style=\"font-weight: 400\">a) Hamburguesa de carne de Boi de Allariz con pan do forno tradicional de Faragullas, queixo do Rexo e marmelada de Carabu\u00f1as + bebida<\/span><span style=\"font-weight: 400\"><br \/><\/span><span style=\"font-weight: 400\">b) T\u00e1boa de embutidos variados de Sabor d\u2019Aldea e queixos do Rexo con marmeladas de Carabu\u00f1as e pan de Faragullas + bebida.<\/span><span style=\"font-weight: 400\"><br \/><\/span><span style=\"font-weight: 400\">c) Tostas de Shiitake ecol\u00f3xico de Trives con pan do forno de Faragullas e queixo (opcional) do Rexo + bebida<\/span><span style=\"font-weight: 400\"><br \/><\/span><span style=\"font-weight: 400\">*As bebidas poden ser: auga, cervexa artes\u00e1, zumes ecol\u00f3xicos, refrescos ou vi\u00f1o.<\/span><\/p>\n<p><span style=\"font-weight: 400\">Esta taberna \u00e9 considerada como o epicentro da m\u00fasica e cultura da comarca da Limia polo que gozaredes dun concerto en directo.<\/span><\/p>","wp_travel_trip_include":"","wp_travel_trip_exclude":""},"itinerary_types":[592,503,589,555],"travel_locations":[500],"travel_keywords":[566,562,569,568,565,560,564,557,563,590,509,559,541,558,570,561],"activity":[600,601,604],"class_list":["post-11558","itineraries","type-itineraries","status-publish","has-post-thumbnail","hentry","itinerary_types-artesanal-gl","itinerary_types-ecoturismo-gl","itinerary_types-familiar-gl","itinerary_types-solidario-gl","travel_locations-galicia-gl","travel_keywords-aldea-gl","travel_keywords-animais","travel_keywords-cervexas","travel_keywords-degustacion-gl-2","travel_keywords-desenvolvemento-rural","travel_keywords-economia-social-gl","travel_keywords-escola","travel_keywords-experiencia-gl","travel_keywords-facenda","travel_keywords-familia-gl","travel_keywords-galicia-gl","travel_keywords-jam","travel_keywords-ourense-gl","travel_keywords-produtos-locais","travel_keywords-queixo","travel_keywords-solidariedade","activity-aire-libre-gl","activity-taller-gl","activity-visita-granja-gl"],"jetpack_sharing_enabled":true,"_links":{"self":[{"href":"https:\/\/elcaminoess.com\/gl\/wp-json\/wp\/v2\/itineraries\/11558","targetHints":{"allow":["GET"]}}],"collection":[{"href":"https:\/\/elcaminoess.com\/gl\/wp-json\/wp\/v2\/itineraries"}],"about":[{"href":"https:\/\/elcaminoess.com\/gl\/wp-json\/wp\/v2\/types\/itineraries"}],"replies":[{"embeddable":true,"href":"https:\/\/elcaminoess.com\/gl\/wp-json\/wp\/v2\/comments?post=11558"}],"version-history":[{"count":1,"href":"https:\/\/elcaminoess.com\/gl\/wp-json\/wp\/v2\/itineraries\/11558\/revisions"}],"predecessor-version":[{"id":13172,"href":"https:\/\/elcaminoess.com\/gl\/wp-json\/wp\/v2\/itineraries\/11558\/revisions\/13172"}],"wp:featuredmedia":[{"embeddable":true,"href":"https:\/\/elcaminoess.com\/gl\/wp-json\/wp\/v2\/media\/9973"}],"wp:attachment":[{"href":"https:\/\/elcaminoess.com\/gl\/wp-json\/wp\/v2\/media?parent=11558"}],"wp:term":[{"taxonomy":"itinerary_types","embeddable":true,"href":"https:\/\/elcaminoess.com\/gl\/wp-json\/wp\/v2\/itinerary_types?post=11558"},{"taxonomy":"travel_locations","embeddable":true,"href":"https:\/\/elcaminoess.com\/gl\/wp-json\/wp\/v2\/travel_locations?post=11558"},{"taxonomy":"travel_keywords","embeddable":true,"href":"https:\/\/elcaminoess.com\/gl\/wp-json\/wp\/v2\/travel_keywords?post=11558"},{"taxonomy":"activity","embeddable":true,"href":"https:\/\/elcaminoess.com\/gl\/wp-json\/wp\/v2\/activity?post=11558"}],"curies":[{"name":"wp","href":"https:\/\/api.w.org\/{rel}","templated":true}]}}