{"id":12757,"date":"2024-03-19T10:27:14","date_gmt":"2024-03-19T10:27:14","guid":{"rendered":"https:\/\/elcaminoess.com\/?page_id=12757"},"modified":"2024-03-19T11:06:17","modified_gmt":"2024-03-19T11:06:17","slug":"connecta-amb-arago","status":"publish","type":"page","link":"https:\/\/elcaminoess.com\/ca\/connecta-amb-arago","title":{"rendered":"CONNECTA AMB ARAG\u00d3"},"content":{"rendered":"\n<h2 class=\"wp-block-heading\"><strong>CONNECTA AMB ARAG\u00d3<\/strong><\/h2>\n\n<h1 class=\"wp-block-heading\" style=\"font-size:15px\">DESTINS \/ ARAG\u00d3<\/h1>\n\n<div class=\"wp-block-columns is-layout-flex wp-container-core-columns-is-layout-9d6595d7 wp-block-columns-is-layout-flex\">\n<div class=\"wp-block-column is-layout-flow wp-block-column-is-layout-flow\" style=\"flex-basis:66.66%\">\n<h3 class=\"wp-block-heading has-text-color has-link-color wp-elements-59f823d76c2ca218cd29269173eb4a5b\" style=\"color:#7881b5\">Explora la riquesa d&#8217;Arag\u00f3 a trav\u00e9s d&#8217;experi\u00e8ncies tur\u00edstiques \u00faniques.<\/h3>\n\n\n\n<h4 class=\"wp-block-heading\"><strong>T&#8217;animes?<\/strong><\/h4>\n<\/div>\n\n\n\n<div class=\"wp-block-column is-layout-flow wp-block-column-is-layout-flow\" style=\"flex-basis:33.33%\"><\/div>\n<\/div>\n\n<div style=\"height:30px\" aria-hidden=\"true\" class=\"wp-block-spacer\"><\/div>\n\n<div class=\"wp-block-columns is-layout-flex wp-container-core-columns-is-layout-9d6595d7 wp-block-columns-is-layout-flex\">\n<div class=\"wp-block-column is-layout-flow wp-block-column-is-layout-flow\">\t\t\t<div id=\"wptravel-block-trips-list\" class=\"wptravel-block-wrapper wptravel-block-trips-list wptravel-block-preview layout-three block-id-871c090d9a000fc2d695e1eac09eec4f0bd1974f10d7ea37afefc47ea4881fef\">\r\n\t\t\t\t<div class=\"wp-travel-itinerary-items\">\r\n\t\t\t\t\t\t\t\t\t\t\t<div class=\"wp-travel-itinerary-items wptravel-archive-wrapper  grid-view \">\r\n\t\t\t\t\t\t\t<div class=\"wptravel-blocks-trip-card\">\r\n    <div class=\"wptravel-blocks-trip-card-img-container\">\r\n        <a href=\"https:\/\/elcaminoess.com\/ca\/itinerario\/artieda-romana\">\r\n            <img loading=\"lazy\" decoding=\"async\" width=\"525\" height=\"351\" src=\"https:\/\/i0.wp.com\/elcaminoess.com\/wp-content\/uploads\/2024\/02\/Captura-de-pantalla-2024-02-20-a-las-12.44.57.png?fit=525%2C351&amp;ssl=1\" class=\"attachment-large size-large wp-post-image\" alt=\"\" srcset=\"https:\/\/i0.wp.com\/elcaminoess.com\/wp-content\/uploads\/2024\/02\/Captura-de-pantalla-2024-02-20-a-las-12.44.57.png?w=1324&amp;ssl=1 1324w, https:\/\/i0.wp.com\/elcaminoess.com\/wp-content\/uploads\/2024\/02\/Captura-de-pantalla-2024-02-20-a-las-12.44.57.png?resize=300%2C200&amp;ssl=1 300w, https:\/\/i0.wp.com\/elcaminoess.com\/wp-content\/uploads\/2024\/02\/Captura-de-pantalla-2024-02-20-a-las-12.44.57.png?resize=1024%2C684&amp;ssl=1 1024w, https:\/\/i0.wp.com\/elcaminoess.com\/wp-content\/uploads\/2024\/02\/Captura-de-pantalla-2024-02-20-a-las-12.44.57.png?resize=768%2C513&amp;ssl=1 768w, https:\/\/i0.wp.com\/elcaminoess.com\/wp-content\/uploads\/2024\/02\/Captura-de-pantalla-2024-02-20-a-las-12.44.57.png?resize=600%2C401&amp;ssl=1 600w\" sizes=\"auto, (max-width: 525px) 100vw, 525px\" data-attachment-id=\"11271\" data-permalink=\"https:\/\/elcaminoess.com\/ca\/captura-de-pantalla-2024-02-20-a-las-12-44-57-2\" data-orig-file=\"https:\/\/i0.wp.com\/elcaminoess.com\/wp-content\/uploads\/2024\/02\/Captura-de-pantalla-2024-02-20-a-las-12.44.57.png?fit=1324%2C884&amp;ssl=1\" data-orig-size=\"1324,884\" data-comments-opened=\"1\" data-image-meta=\"{&quot;aperture&quot;:&quot;0&quot;,&quot;credit&quot;:&quot;&quot;,&quot;camera&quot;:&quot;&quot;,&quot;caption&quot;:&quot;&quot;,&quot;created_timestamp&quot;:&quot;0&quot;,&quot;copyright&quot;:&quot;&quot;,&quot;focal_length&quot;:&quot;0&quot;,&quot;iso&quot;:&quot;0&quot;,&quot;shutter_speed&quot;:&quot;0&quot;,&quot;title&quot;:&quot;&quot;,&quot;orientation&quot;:&quot;0&quot;}\" data-image-title=\"Captura-de-pantalla-2024-02-20-a-las-12.44.57\" data-image-description=\"\" data-image-caption=\"\" data-large-file=\"https:\/\/i0.wp.com\/elcaminoess.com\/wp-content\/uploads\/2024\/02\/Captura-de-pantalla-2024-02-20-a-las-12.44.57.png?fit=525%2C351&amp;ssl=1\" \/>        <\/a>\r\n        <div class=\"wptravel-blocks-img-overlay-base\">\r\n            <div class=\"wptravel-blocks-img-overlay\">\r\n                            <\/div>\r\n            <div class=\"wptravel-blocks-trip-meta-container\">\r\n                                    <div class=\"wptravel-blocks-trip-meta\">\r\n                        <i class=\"fas fa-map-marker-alt\"><\/i>\r\n                        <a href=\"https:\/\/elcaminoess.com\/ca\/destinos\/aragon-ca\">\r\n                            Arag\u00f3n                        <\/a>\r\n                                            <\/div>\r\n                                                <div class=\"wptravel-blocks-trip-meta\">\r\n                    <i class='far fa-calendar-alt'><\/i> N\/A                <\/div>\r\n                                                <div class=\"wptravel-blocks-trip-meta\">\r\n                    <i class=\"fas fa-users\"><\/i> 13                <\/div>\r\n                            <\/div>\r\n        <\/div>\r\n    <\/div>\r\n    <div class=\"wptravel-blocks-card-body\">\r\n        <div class=\"wptravel-blocks-card-body-top\">\r\n            <div class=\"wptravel-blocks-card-body-header\">\r\n                <h3 class=\"wptravel-blocks-card-title wp-block-heading\">\r\n                    <a href=\"https:\/\/elcaminoess.com\/ca\/itinerario\/artieda-romana\">\r\n                        Artieda Romana                    <\/a>\r\n                <\/h3>\r\n                            <\/div>\r\n            <div class=\"wptravel-blocks-card-content\">\r\n                <div class=\"wptravel-blocks-trip-excerpt\">\r\n                    <p>Als peus del Pirineu, en Artieda, s&#8217;amaga un jaciment rom\u00e0. Amb aquesta experi\u00e8ncia aprofitar\u00e0s la teva visita a la zona per a descobrir-ho.<\/p>\n                <\/div>\r\n            <\/div>\r\n        <\/div>\r\n        <div class=\"wptravel-blocks-card-footer\">\r\n            <div class=\"wptravel-blocks-footer-left\">\r\n                <div class=\"wptravel-blocks-trip-rating\">\r\n                                    <\/div>\r\n                <div class=\"wptravel-blocks-trip-explore\">\r\n                    <a href=\"https:\/\/elcaminoess.com\/ca\/itinerario\/artieda-romana\">\r\n                        <button class=\"wp-block-button__link wptravel-blocks-explore-btn\">Explore<\/button>\r\n                    <\/a>\r\n                <\/div>\r\n            <\/div>\r\n            <div class=\"wptravel-blocks-footer-right\">\r\n                                <div class=\"wptravel-blocks-trip-offer-price\">\r\n                    \t\t\t<span class=\"wp-travel-trip-price-figure\">20<\/span><span class=\"wp-travel-trip-currency\">&#8364;<\/span>\r\n\t\t\t                <\/div>\r\n                            <\/div>\r\n        <\/div>\r\n    <\/div>\r\n<\/div><div class=\"wptravel-blocks-trip-card\">\r\n    <div class=\"wptravel-blocks-trip-card-img-container\">\r\n        <a href=\"https:\/\/elcaminoess.com\/ca\/itinerario\/assaboreix-teruel\">\r\n            <img loading=\"lazy\" decoding=\"async\" width=\"525\" height=\"526\" src=\"https:\/\/i0.wp.com\/elcaminoess.com\/wp-content\/uploads\/2023\/08\/Raw-lasana-de-calabacin-con-pesto-de-tomate-seco.jpg?fit=525%2C526&amp;ssl=1\" class=\"attachment-large size-large wp-post-image\" alt=\"\" srcset=\"https:\/\/i0.wp.com\/elcaminoess.com\/wp-content\/uploads\/2023\/08\/Raw-lasana-de-calabacin-con-pesto-de-tomate-seco.jpg?w=1023&amp;ssl=1 1023w, https:\/\/i0.wp.com\/elcaminoess.com\/wp-content\/uploads\/2023\/08\/Raw-lasana-de-calabacin-con-pesto-de-tomate-seco.jpg?resize=300%2C300&amp;ssl=1 300w, https:\/\/i0.wp.com\/elcaminoess.com\/wp-content\/uploads\/2023\/08\/Raw-lasana-de-calabacin-con-pesto-de-tomate-seco.jpg?resize=150%2C150&amp;ssl=1 150w, https:\/\/i0.wp.com\/elcaminoess.com\/wp-content\/uploads\/2023\/08\/Raw-lasana-de-calabacin-con-pesto-de-tomate-seco.jpg?resize=768%2C769&amp;ssl=1 768w, https:\/\/i0.wp.com\/elcaminoess.com\/wp-content\/uploads\/2023\/08\/Raw-lasana-de-calabacin-con-pesto-de-tomate-seco.jpg?resize=600%2C600&amp;ssl=1 600w\" sizes=\"auto, (max-width: 525px) 100vw, 525px\" data-attachment-id=\"9434\" data-permalink=\"https:\/\/elcaminoess.com\/ca\/raw-lasana-de-calabacin-con-pesto-de-tomate-seco-2\" data-orig-file=\"https:\/\/i0.wp.com\/elcaminoess.com\/wp-content\/uploads\/2023\/08\/Raw-lasana-de-calabacin-con-pesto-de-tomate-seco.jpg?fit=1023%2C1024&amp;ssl=1\" data-orig-size=\"1023,1024\" data-comments-opened=\"1\" data-image-meta=\"{&quot;aperture&quot;:&quot;0&quot;,&quot;credit&quot;:&quot;&quot;,&quot;camera&quot;:&quot;&quot;,&quot;caption&quot;:&quot;&quot;,&quot;created_timestamp&quot;:&quot;0&quot;,&quot;copyright&quot;:&quot;&quot;,&quot;focal_length&quot;:&quot;0&quot;,&quot;iso&quot;:&quot;0&quot;,&quot;shutter_speed&quot;:&quot;0&quot;,&quot;title&quot;:&quot;&quot;,&quot;orientation&quot;:&quot;0&quot;}\" data-image-title=\"Raw-lasana-de-calabacin-con-pesto-de-tomate-seco\" data-image-description=\"\" data-image-caption=\"\" data-large-file=\"https:\/\/i0.wp.com\/elcaminoess.com\/wp-content\/uploads\/2023\/08\/Raw-lasana-de-calabacin-con-pesto-de-tomate-seco.jpg?fit=525%2C526&amp;ssl=1\" \/>        <\/a>\r\n        <div class=\"wptravel-blocks-img-overlay-base\">\r\n            <div class=\"wptravel-blocks-img-overlay\">\r\n                            <\/div>\r\n            <div class=\"wptravel-blocks-trip-meta-container\">\r\n                                    <div class=\"wptravel-blocks-trip-meta\">\r\n                        <i class=\"fas fa-map-marker-alt\"><\/i>\r\n                        <a href=\"https:\/\/elcaminoess.com\/ca\/destinos\/aragon-ca\">\r\n                            Arag\u00f3n                        <\/a>\r\n                                            <\/div>\r\n                                                <div class=\"wptravel-blocks-trip-meta\">\r\n                    <i class='far fa-calendar-alt'><\/i> N\/A                <\/div>\r\n                                                <div class=\"wptravel-blocks-trip-meta\">\r\n                    <i class=\"fas fa-users\"><\/i> No Size Limit                <\/div>\r\n                            <\/div>\r\n        <\/div>\r\n    <\/div>\r\n    <div class=\"wptravel-blocks-card-body\">\r\n        <div class=\"wptravel-blocks-card-body-top\">\r\n            <div class=\"wptravel-blocks-card-body-header\">\r\n                <h3 class=\"wptravel-blocks-card-title wp-block-heading\">\r\n                    <a href=\"https:\/\/elcaminoess.com\/ca\/itinerario\/assaboreix-teruel\">\r\n                        Assaboreix Teruel                    <\/a>\r\n                <\/h3>\r\n                            <\/div>\r\n            <div class=\"wptravel-blocks-card-content\">\r\n                <div class=\"wptravel-blocks-trip-excerpt\">\r\n                    <p>Gaudeix una experi\u00e8ncia tur\u00edstica i gastron\u00f2mica \u00fanica en La Ojinegra amb productes de proximitat, varietats recuperades, una cuina inclusiva, a foc lent, i amb opci\u00f3 a una estada sense petjada de carboni a l&#8217;Arag\u00f3 rural. <\/p>\n                <\/div>\r\n            <\/div>\r\n        <\/div>\r\n        <div class=\"wptravel-blocks-card-footer\">\r\n            <div class=\"wptravel-blocks-footer-left\">\r\n                <div class=\"wptravel-blocks-trip-rating\">\r\n                                    <\/div>\r\n                <div class=\"wptravel-blocks-trip-explore\">\r\n                    <a href=\"https:\/\/elcaminoess.com\/ca\/itinerario\/assaboreix-teruel\">\r\n                        <button class=\"wp-block-button__link wptravel-blocks-explore-btn\">Explore<\/button>\r\n                    <\/a>\r\n                <\/div>\r\n            <\/div>\r\n            <div class=\"wptravel-blocks-footer-right\">\r\n                                <div class=\"wptravel-blocks-trip-offer-price\">\r\n                    \t\t\t<span class=\"wp-travel-trip-price-figure\">31<\/span><span class=\"wp-travel-trip-currency\">&#8364;<\/span>\r\n\t\t\t                <\/div>\r\n                            <\/div>\r\n        <\/div>\r\n    <\/div>\r\n<\/div><div class=\"wptravel-blocks-trip-card\">\r\n    <div class=\"wptravel-blocks-trip-card-img-container\">\r\n        <a href=\"https:\/\/elcaminoess.com\/ca\/itinerario\/bike-fuita-lenemic-sense-rostre\">\r\n            <img loading=\"lazy\" decoding=\"async\" width=\"525\" height=\"352\" src=\"https:\/\/i0.wp.com\/elcaminoess.com\/wp-content\/uploads\/2024\/02\/DSC_0323-scaled-1.jpg?fit=525%2C352&amp;ssl=1\" class=\"attachment-large size-large wp-post-image\" alt=\"\" srcset=\"https:\/\/i0.wp.com\/elcaminoess.com\/wp-content\/uploads\/2024\/02\/DSC_0323-scaled-1.jpg?w=2560&amp;ssl=1 2560w, https:\/\/i0.wp.com\/elcaminoess.com\/wp-content\/uploads\/2024\/02\/DSC_0323-scaled-1.jpg?resize=300%2C201&amp;ssl=1 300w, https:\/\/i0.wp.com\/elcaminoess.com\/wp-content\/uploads\/2024\/02\/DSC_0323-scaled-1.jpg?resize=1024%2C686&amp;ssl=1 1024w, https:\/\/i0.wp.com\/elcaminoess.com\/wp-content\/uploads\/2024\/02\/DSC_0323-scaled-1.jpg?resize=768%2C514&amp;ssl=1 768w, https:\/\/i0.wp.com\/elcaminoess.com\/wp-content\/uploads\/2024\/02\/DSC_0323-scaled-1.jpg?resize=1536%2C1028&amp;ssl=1 1536w, https:\/\/i0.wp.com\/elcaminoess.com\/wp-content\/uploads\/2024\/02\/DSC_0323-scaled-1.jpg?resize=2048%2C1371&amp;ssl=1 2048w, https:\/\/i0.wp.com\/elcaminoess.com\/wp-content\/uploads\/2024\/02\/DSC_0323-scaled-1.jpg?resize=600%2C402&amp;ssl=1 600w\" sizes=\"auto, (max-width: 525px) 100vw, 525px\" data-attachment-id=\"11286\" data-permalink=\"https:\/\/elcaminoess.com\/ca\/dsc_0323-scaled-1-2\" data-orig-file=\"https:\/\/i0.wp.com\/elcaminoess.com\/wp-content\/uploads\/2024\/02\/DSC_0323-scaled-1.jpg?fit=2560%2C1714&amp;ssl=1\" data-orig-size=\"2560,1714\" data-comments-opened=\"1\" data-image-meta=\"{&quot;aperture&quot;:&quot;0&quot;,&quot;credit&quot;:&quot;&quot;,&quot;camera&quot;:&quot;&quot;,&quot;caption&quot;:&quot;&quot;,&quot;created_timestamp&quot;:&quot;0&quot;,&quot;copyright&quot;:&quot;&quot;,&quot;focal_length&quot;:&quot;0&quot;,&quot;iso&quot;:&quot;0&quot;,&quot;shutter_speed&quot;:&quot;0&quot;,&quot;title&quot;:&quot;&quot;,&quot;orientation&quot;:&quot;0&quot;}\" data-image-title=\"DSC_0323-scaled-1\" data-image-description=\"\" data-image-caption=\"\" data-large-file=\"https:\/\/i0.wp.com\/elcaminoess.com\/wp-content\/uploads\/2024\/02\/DSC_0323-scaled-1.jpg?fit=525%2C352&amp;ssl=1\" \/>        <\/a>\r\n        <div class=\"wptravel-blocks-img-overlay-base\">\r\n            <div class=\"wptravel-blocks-img-overlay\">\r\n                            <\/div>\r\n            <div class=\"wptravel-blocks-trip-meta-container\">\r\n                                    <div class=\"wptravel-blocks-trip-meta\">\r\n                        <i class=\"fas fa-map-marker-alt\"><\/i>\r\n                        <a href=\"https:\/\/elcaminoess.com\/ca\/destinos\/aragon-ca\">\r\n                            Arag\u00f3n                        <\/a>\r\n                                            <\/div>\r\n                                                    <div class=\"wptravel-blocks-trip-meta\">\r\n                    <i class='far fa-clock'><\/i> 2 Hour(s) 30 Minute(s)                <\/div>\r\n                                                <div class=\"wptravel-blocks-trip-meta\">\r\n                    <i class=\"fas fa-users\"><\/i> No Size Limit                <\/div>\r\n                            <\/div>\r\n        <\/div>\r\n    <\/div>\r\n    <div class=\"wptravel-blocks-card-body\">\r\n        <div class=\"wptravel-blocks-card-body-top\">\r\n            <div class=\"wptravel-blocks-card-body-header\">\r\n                <h3 class=\"wptravel-blocks-card-title wp-block-heading\">\r\n                    <a href=\"https:\/\/elcaminoess.com\/ca\/itinerario\/bike-fuita-lenemic-sense-rostre\">\r\n                        Bike Fuita &#8220;L&#8217;enemic sense rostre&#8221;                    <\/a>\r\n                <\/h3>\r\n                            <\/div>\r\n            <div class=\"wptravel-blocks-card-content\">\r\n                <div class=\"wptravel-blocks-trip-excerpt\">\r\n                    <p>Una fuita amb bicicleta per tota la ciutat de Saragossa&#8230; T&#8217;atreveixes?<\/p>\n                <\/div>\r\n            <\/div>\r\n        <\/div>\r\n        <div class=\"wptravel-blocks-card-footer\">\r\n            <div class=\"wptravel-blocks-footer-left\">\r\n                <div class=\"wptravel-blocks-trip-rating\">\r\n                                    <\/div>\r\n                <div class=\"wptravel-blocks-trip-explore\">\r\n                    <a href=\"https:\/\/elcaminoess.com\/ca\/itinerario\/bike-fuita-lenemic-sense-rostre\">\r\n                        <button class=\"wp-block-button__link wptravel-blocks-explore-btn\">Explore<\/button>\r\n                    <\/a>\r\n                <\/div>\r\n            <\/div>\r\n            <div class=\"wptravel-blocks-footer-right\">\r\n                                <div class=\"wptravel-blocks-trip-offer-price\">\r\n                    \t\t\t<span class=\"wp-travel-trip-price-figure\">30<\/span><span class=\"wp-travel-trip-currency\">&#8364;<\/span>\r\n\t\t\t                <\/div>\r\n                            <\/div>\r\n        <\/div>\r\n    <\/div>\r\n<\/div><div class=\"wptravel-blocks-trip-card\">\r\n    <div class=\"wptravel-blocks-trip-card-img-container\">\r\n        <a href=\"https:\/\/elcaminoess.com\/ca\/itinerario\/capazos-y-plazoletas\">\r\n            <img loading=\"lazy\" decoding=\"async\" width=\"525\" height=\"525\" src=\"https:\/\/i0.wp.com\/elcaminoess.com\/wp-content\/uploads\/2024\/02\/experiencia-villanua-guiada.png?fit=525%2C525&amp;ssl=1\" class=\"attachment-large size-large wp-post-image\" alt=\"\" srcset=\"https:\/\/i0.wp.com\/elcaminoess.com\/wp-content\/uploads\/2024\/02\/experiencia-villanua-guiada.png?w=1080&amp;ssl=1 1080w, https:\/\/i0.wp.com\/elcaminoess.com\/wp-content\/uploads\/2024\/02\/experiencia-villanua-guiada.png?resize=300%2C300&amp;ssl=1 300w, https:\/\/i0.wp.com\/elcaminoess.com\/wp-content\/uploads\/2024\/02\/experiencia-villanua-guiada.png?resize=1024%2C1024&amp;ssl=1 1024w, https:\/\/i0.wp.com\/elcaminoess.com\/wp-content\/uploads\/2024\/02\/experiencia-villanua-guiada.png?resize=150%2C150&amp;ssl=1 150w, https:\/\/i0.wp.com\/elcaminoess.com\/wp-content\/uploads\/2024\/02\/experiencia-villanua-guiada.png?resize=768%2C768&amp;ssl=1 768w, https:\/\/i0.wp.com\/elcaminoess.com\/wp-content\/uploads\/2024\/02\/experiencia-villanua-guiada.png?resize=600%2C600&amp;ssl=1 600w, https:\/\/i0.wp.com\/elcaminoess.com\/wp-content\/uploads\/2024\/02\/experiencia-villanua-guiada.png?resize=100%2C100&amp;ssl=1 100w\" sizes=\"auto, (max-width: 525px) 100vw, 525px\" data-attachment-id=\"10742\" data-permalink=\"https:\/\/elcaminoess.com\/ca\/experiencia-villanua-guiada-2\" data-orig-file=\"https:\/\/i0.wp.com\/elcaminoess.com\/wp-content\/uploads\/2024\/02\/experiencia-villanua-guiada.png?fit=1080%2C1080&amp;ssl=1\" data-orig-size=\"1080,1080\" data-comments-opened=\"1\" data-image-meta=\"{&quot;aperture&quot;:&quot;0&quot;,&quot;credit&quot;:&quot;&quot;,&quot;camera&quot;:&quot;&quot;,&quot;caption&quot;:&quot;&quot;,&quot;created_timestamp&quot;:&quot;0&quot;,&quot;copyright&quot;:&quot;&quot;,&quot;focal_length&quot;:&quot;0&quot;,&quot;iso&quot;:&quot;0&quot;,&quot;shutter_speed&quot;:&quot;0&quot;,&quot;title&quot;:&quot;&quot;,&quot;orientation&quot;:&quot;0&quot;}\" data-image-title=\"experiencia-villanua-guiada\" data-image-description=\"\" data-image-caption=\"\" data-large-file=\"https:\/\/i0.wp.com\/elcaminoess.com\/wp-content\/uploads\/2024\/02\/experiencia-villanua-guiada.png?fit=525%2C525&amp;ssl=1\" \/>        <\/a>\r\n        <div class=\"wptravel-blocks-img-overlay-base\">\r\n            <div class=\"wptravel-blocks-img-overlay\">\r\n                            <\/div>\r\n            <div class=\"wptravel-blocks-trip-meta-container\">\r\n                                    <div class=\"wptravel-blocks-trip-meta\">\r\n                        <i class=\"fas fa-map-marker-alt\"><\/i>\r\n                        <a href=\"https:\/\/elcaminoess.com\/ca\/destinos\/aragon-ca\">\r\n                            Arag\u00f3n                        <\/a>\r\n                                            <\/div>\r\n                                                    <div class=\"wptravel-blocks-trip-meta\">\r\n                    <i class='far fa-clock'><\/i> 1 Hour(s) 30 Minute(s)                <\/div>\r\n                                                <div class=\"wptravel-blocks-trip-meta\">\r\n                    <i class=\"fas fa-users\"><\/i> 50                <\/div>\r\n                            <\/div>\r\n        <\/div>\r\n    <\/div>\r\n    <div class=\"wptravel-blocks-card-body\">\r\n        <div class=\"wptravel-blocks-card-body-top\">\r\n            <div class=\"wptravel-blocks-card-body-header\">\r\n                <h3 class=\"wptravel-blocks-card-title wp-block-heading\">\r\n                    <a href=\"https:\/\/elcaminoess.com\/ca\/itinerario\/capazos-y-plazoletas\">\r\n                        Cab\u00e0s i Pla\u00e7oletes                    <\/a>\r\n                <\/h3>\r\n                            <\/div>\r\n            <div class=\"wptravel-blocks-card-content\">\r\n                <div class=\"wptravel-blocks-trip-excerpt\">\r\n                    <p>Descobreix Villan\u00faa en grup a trav\u00e9s dels seus carrers i les hist\u00f2ries trenades d&#8217;habitants i contacontes<\/p>\n                <\/div>\r\n            <\/div>\r\n        <\/div>\r\n        <div class=\"wptravel-blocks-card-footer\">\r\n            <div class=\"wptravel-blocks-footer-left\">\r\n                <div class=\"wptravel-blocks-trip-rating\">\r\n                                    <\/div>\r\n                <div class=\"wptravel-blocks-trip-explore\">\r\n                    <a href=\"https:\/\/elcaminoess.com\/ca\/itinerario\/capazos-y-plazoletas\">\r\n                        <button class=\"wp-block-button__link wptravel-blocks-explore-btn\">Explore<\/button>\r\n                    <\/a>\r\n                <\/div>\r\n            <\/div>\r\n            <div class=\"wptravel-blocks-footer-right\">\r\n                                <div class=\"wptravel-blocks-trip-offer-price\">\r\n                    \t\t\t<span class=\"wp-travel-trip-price-figure\">24<\/span><span class=\"wp-travel-trip-currency\">&#8364;<\/span>\r\n\t\t\t                <\/div>\r\n                            <\/div>\r\n        <\/div>\r\n    <\/div>\r\n<\/div><div class=\"wptravel-blocks-trip-card\">\r\n    <div class=\"wptravel-blocks-trip-card-img-container\">\r\n        <a href=\"https:\/\/elcaminoess.com\/ca\/itinerario\/el-mon-de-les-abelles\">\r\n            <img loading=\"lazy\" decoding=\"async\" width=\"525\" height=\"525\" src=\"https:\/\/i0.wp.com\/elcaminoess.com\/wp-content\/uploads\/2024\/01\/MG_3104web.jpg?fit=525%2C525&amp;ssl=1\" class=\"attachment-large size-large wp-post-image\" alt=\"\" srcset=\"https:\/\/i0.wp.com\/elcaminoess.com\/wp-content\/uploads\/2024\/01\/MG_3104web.jpg?w=787&amp;ssl=1 787w, https:\/\/i0.wp.com\/elcaminoess.com\/wp-content\/uploads\/2024\/01\/MG_3104web.jpg?resize=300%2C300&amp;ssl=1 300w, https:\/\/i0.wp.com\/elcaminoess.com\/wp-content\/uploads\/2024\/01\/MG_3104web.jpg?resize=150%2C150&amp;ssl=1 150w, https:\/\/i0.wp.com\/elcaminoess.com\/wp-content\/uploads\/2024\/01\/MG_3104web.jpg?resize=768%2C768&amp;ssl=1 768w, https:\/\/i0.wp.com\/elcaminoess.com\/wp-content\/uploads\/2024\/01\/MG_3104web.jpg?resize=600%2C600&amp;ssl=1 600w, https:\/\/i0.wp.com\/elcaminoess.com\/wp-content\/uploads\/2024\/01\/MG_3104web.jpg?resize=100%2C100&amp;ssl=1 100w\" sizes=\"auto, (max-width: 525px) 100vw, 525px\" data-attachment-id=\"10346\" data-permalink=\"https:\/\/elcaminoess.com\/ca\/mg_3104web-2\" data-orig-file=\"https:\/\/i0.wp.com\/elcaminoess.com\/wp-content\/uploads\/2024\/01\/MG_3104web.jpg?fit=787%2C787&amp;ssl=1\" data-orig-size=\"787,787\" data-comments-opened=\"1\" data-image-meta=\"{&quot;aperture&quot;:&quot;0&quot;,&quot;credit&quot;:&quot;Laura Toledano&quot;,&quot;camera&quot;:&quot;&quot;,&quot;caption&quot;:&quot;&quot;,&quot;created_timestamp&quot;:&quot;0&quot;,&quot;copyright&quot;:&quot;Laura Toledano&quot;,&quot;focal_length&quot;:&quot;0&quot;,&quot;iso&quot;:&quot;0&quot;,&quot;shutter_speed&quot;:&quot;0&quot;,&quot;title&quot;:&quot;&quot;,&quot;orientation&quot;:&quot;0&quot;}\" data-image-title=\"MG_3104web\" data-image-description=\"\" data-image-caption=\"\" data-large-file=\"https:\/\/i0.wp.com\/elcaminoess.com\/wp-content\/uploads\/2024\/01\/MG_3104web.jpg?fit=525%2C525&amp;ssl=1\" \/>        <\/a>\r\n        <div class=\"wptravel-blocks-img-overlay-base\">\r\n            <div class=\"wptravel-blocks-img-overlay\">\r\n                            <\/div>\r\n            <div class=\"wptravel-blocks-trip-meta-container\">\r\n                                    <div class=\"wptravel-blocks-trip-meta\">\r\n                        <i class=\"fas fa-map-marker-alt\"><\/i>\r\n                        <a href=\"https:\/\/elcaminoess.com\/ca\/destinos\/aragon-ca\">\r\n                            Arag\u00f3n                        <\/a>\r\n                                            <\/div>\r\n                                                    <div class=\"wptravel-blocks-trip-meta\">\r\n                    <i class='far fa-clock'><\/i> 2 Hour(s) 45 Minute(s)                <\/div>\r\n                                                <div class=\"wptravel-blocks-trip-meta\">\r\n                    <i class=\"fas fa-users\"><\/i> 15                <\/div>\r\n                            <\/div>\r\n        <\/div>\r\n    <\/div>\r\n    <div class=\"wptravel-blocks-card-body\">\r\n        <div class=\"wptravel-blocks-card-body-top\">\r\n            <div class=\"wptravel-blocks-card-body-header\">\r\n                <h3 class=\"wptravel-blocks-card-title wp-block-heading\">\r\n                    <a href=\"https:\/\/elcaminoess.com\/ca\/itinerario\/el-mon-de-les-abelles\">\r\n                        El m\u00f3n de les abelles                    <\/a>\r\n                <\/h3>\r\n                            <\/div>\r\n            <div class=\"wptravel-blocks-card-content\">\r\n                <div class=\"wptravel-blocks-trip-excerpt\">\r\n                    <p>Descobreix el m\u00f3n de les abelles en un poble recuperat pedra a pedra pels seus ve\u00efns.<\/p>\n                <\/div>\r\n            <\/div>\r\n        <\/div>\r\n        <div class=\"wptravel-blocks-card-footer\">\r\n            <div class=\"wptravel-blocks-footer-left\">\r\n                <div class=\"wptravel-blocks-trip-rating\">\r\n                                    <\/div>\r\n                <div class=\"wptravel-blocks-trip-explore\">\r\n                    <a href=\"https:\/\/elcaminoess.com\/ca\/itinerario\/el-mon-de-les-abelles\">\r\n                        <button class=\"wp-block-button__link wptravel-blocks-explore-btn\">Explore<\/button>\r\n                    <\/a>\r\n                <\/div>\r\n            <\/div>\r\n            <div class=\"wptravel-blocks-footer-right\">\r\n                                <div class=\"wptravel-blocks-trip-offer-price\">\r\n                    \t\t\t<span class=\"wp-travel-trip-price-figure\">15<\/span><span class=\"wp-travel-trip-currency\">&#8364;<\/span>\r\n\t\t\t                <\/div>\r\n                            <\/div>\r\n        <\/div>\r\n    <\/div>\r\n<\/div><div class=\"wptravel-blocks-trip-card\">\r\n    <div class=\"wptravel-blocks-trip-card-img-container\">\r\n        <a href=\"https:\/\/elcaminoess.com\/ca\/itinerario\/el-pirineu-que-no-es-veu\">\r\n            <img loading=\"lazy\" decoding=\"async\" width=\"525\" height=\"700\" src=\"https:\/\/i0.wp.com\/elcaminoess.com\/wp-content\/uploads\/2023\/08\/VENTANA.jpg?fit=525%2C700&amp;ssl=1\" class=\"attachment-large size-large wp-post-image\" alt=\"\" srcset=\"https:\/\/i0.wp.com\/elcaminoess.com\/wp-content\/uploads\/2023\/08\/VENTANA.jpg?w=1536&amp;ssl=1 1536w, https:\/\/i0.wp.com\/elcaminoess.com\/wp-content\/uploads\/2023\/08\/VENTANA.jpg?resize=225%2C300&amp;ssl=1 225w, https:\/\/i0.wp.com\/elcaminoess.com\/wp-content\/uploads\/2023\/08\/VENTANA.jpg?resize=768%2C1024&amp;ssl=1 768w, https:\/\/i0.wp.com\/elcaminoess.com\/wp-content\/uploads\/2023\/08\/VENTANA.jpg?resize=1152%2C1536&amp;ssl=1 1152w, https:\/\/i0.wp.com\/elcaminoess.com\/wp-content\/uploads\/2023\/08\/VENTANA.jpg?w=1050&amp;ssl=1 1050w\" sizes=\"auto, (max-width: 525px) 100vw, 525px\" data-attachment-id=\"9404\" data-permalink=\"https:\/\/elcaminoess.com\/ca\/ventana-2\" data-orig-file=\"https:\/\/i0.wp.com\/elcaminoess.com\/wp-content\/uploads\/2023\/08\/VENTANA.jpg?fit=1536%2C2048&amp;ssl=1\" data-orig-size=\"1536,2048\" data-comments-opened=\"1\" data-image-meta=\"{&quot;aperture&quot;:&quot;0&quot;,&quot;credit&quot;:&quot;&quot;,&quot;camera&quot;:&quot;&quot;,&quot;caption&quot;:&quot;&quot;,&quot;created_timestamp&quot;:&quot;0&quot;,&quot;copyright&quot;:&quot;&quot;,&quot;focal_length&quot;:&quot;0&quot;,&quot;iso&quot;:&quot;0&quot;,&quot;shutter_speed&quot;:&quot;0&quot;,&quot;title&quot;:&quot;&quot;,&quot;orientation&quot;:&quot;0&quot;}\" data-image-title=\"VENTANA\" data-image-description=\"\" data-image-caption=\"\" data-large-file=\"https:\/\/i0.wp.com\/elcaminoess.com\/wp-content\/uploads\/2023\/08\/VENTANA.jpg?fit=525%2C700&amp;ssl=1\" \/>        <\/a>\r\n        <div class=\"wptravel-blocks-img-overlay-base\">\r\n            <div class=\"wptravel-blocks-img-overlay\">\r\n                            <\/div>\r\n            <div class=\"wptravel-blocks-trip-meta-container\">\r\n                                    <div class=\"wptravel-blocks-trip-meta\">\r\n                        <i class=\"fas fa-map-marker-alt\"><\/i>\r\n                        <a href=\"https:\/\/elcaminoess.com\/ca\/destinos\/aragon-ca\">\r\n                            Arag\u00f3n                        <\/a>\r\n                                            <\/div>\r\n                                                    <div class=\"wptravel-blocks-trip-meta\">\r\n                    <i class='far fa-clock'><\/i> 2 Day(s) 1 Night(s)                <\/div>\r\n                                                <div class=\"wptravel-blocks-trip-meta\">\r\n                    <i class=\"fas fa-users\"><\/i> No Size Limit                <\/div>\r\n                            <\/div>\r\n        <\/div>\r\n    <\/div>\r\n    <div class=\"wptravel-blocks-card-body\">\r\n        <div class=\"wptravel-blocks-card-body-top\">\r\n            <div class=\"wptravel-blocks-card-body-header\">\r\n                <h3 class=\"wptravel-blocks-card-title wp-block-heading\">\r\n                    <a href=\"https:\/\/elcaminoess.com\/ca\/itinerario\/el-pirineu-que-no-es-veu\">\r\n                        El Pirineu que no es veu                    <\/a>\r\n                <\/h3>\r\n                            <\/div>\r\n            <div class=\"wptravel-blocks-card-content\">\r\n                <div class=\"wptravel-blocks-trip-excerpt\">\r\n                    <p>En el petit poble de Yebra als peus dels Pirineus gaudeix d&#8217;una experi\u00e8ncia \u00fanica i aut\u00e8ntica; un cap de setmana en un alberg que \u00e9s molt m\u00e9s que un alberg&#8230;<\/p>\n                <\/div>\r\n            <\/div>\r\n        <\/div>\r\n        <div class=\"wptravel-blocks-card-footer\">\r\n            <div class=\"wptravel-blocks-footer-left\">\r\n                <div class=\"wptravel-blocks-trip-rating\">\r\n                                    <\/div>\r\n                <div class=\"wptravel-blocks-trip-explore\">\r\n                    <a href=\"https:\/\/elcaminoess.com\/ca\/itinerario\/el-pirineu-que-no-es-veu\">\r\n                        <button class=\"wp-block-button__link wptravel-blocks-explore-btn\">Explore<\/button>\r\n                    <\/a>\r\n                <\/div>\r\n            <\/div>\r\n            <div class=\"wptravel-blocks-footer-right\">\r\n                                <div class=\"wptravel-blocks-trip-offer-price\">\r\n                    \t\t\t<span class=\"wp-travel-trip-price-figure\">30<\/span><span class=\"wp-travel-trip-currency\">&#8364;<\/span>\r\n\t\t\t                <\/div>\r\n                            <\/div>\r\n        <\/div>\r\n    <\/div>\r\n<\/div><div class=\"wptravel-blocks-trip-card\">\r\n    <div class=\"wptravel-blocks-trip-card-img-container\">\r\n        <a href=\"https:\/\/elcaminoess.com\/ca\/itinerario\/el-poble-encantat\">\r\n            <img loading=\"lazy\" decoding=\"async\" width=\"525\" height=\"351\" src=\"https:\/\/i0.wp.com\/elcaminoess.com\/wp-content\/uploads\/2024\/03\/BUROSQUE.-Bureta-9465.jpg?fit=525%2C351&amp;ssl=1\" class=\"attachment-large size-large wp-post-image\" alt=\"\" srcset=\"https:\/\/i0.wp.com\/elcaminoess.com\/wp-content\/uploads\/2024\/03\/BUROSQUE.-Bureta-9465.jpg?w=1024&amp;ssl=1 1024w, https:\/\/i0.wp.com\/elcaminoess.com\/wp-content\/uploads\/2024\/03\/BUROSQUE.-Bureta-9465.jpg?resize=300%2C200&amp;ssl=1 300w, https:\/\/i0.wp.com\/elcaminoess.com\/wp-content\/uploads\/2024\/03\/BUROSQUE.-Bureta-9465.jpg?resize=768%2C513&amp;ssl=1 768w, https:\/\/i0.wp.com\/elcaminoess.com\/wp-content\/uploads\/2024\/03\/BUROSQUE.-Bureta-9465.jpg?resize=600%2C401&amp;ssl=1 600w\" sizes=\"auto, (max-width: 525px) 100vw, 525px\" data-attachment-id=\"12061\" data-permalink=\"https:\/\/elcaminoess.com\/ca\/burosque-bureta-9465-2\" data-orig-file=\"https:\/\/i0.wp.com\/elcaminoess.com\/wp-content\/uploads\/2024\/03\/BUROSQUE.-Bureta-9465.jpg?fit=1024%2C684&amp;ssl=1\" data-orig-size=\"1024,684\" data-comments-opened=\"1\" data-image-meta=\"{&quot;aperture&quot;:&quot;4&quot;,&quot;credit&quot;:&quot;PABLOIBANEZ&quot;,&quot;camera&quot;:&quot;NIKON D610&quot;,&quot;caption&quot;:&quot;&quot;,&quot;created_timestamp&quot;:&quot;1664797857&quot;,&quot;copyright&quot;:&quot;PABLOIBANEZ&quot;,&quot;focal_length&quot;:&quot;55&quot;,&quot;iso&quot;:&quot;250&quot;,&quot;shutter_speed&quot;:&quot;0.0025&quot;,&quot;title&quot;:&quot;&quot;,&quot;orientation&quot;:&quot;0&quot;}\" data-image-title=\"BUROSQUE.-Bureta-9465\" data-image-description=\"\" data-image-caption=\"\" data-large-file=\"https:\/\/i0.wp.com\/elcaminoess.com\/wp-content\/uploads\/2024\/03\/BUROSQUE.-Bureta-9465.jpg?fit=525%2C351&amp;ssl=1\" \/>        <\/a>\r\n        <div class=\"wptravel-blocks-img-overlay-base\">\r\n            <div class=\"wptravel-blocks-img-overlay\">\r\n                            <\/div>\r\n            <div class=\"wptravel-blocks-trip-meta-container\">\r\n                                    <div class=\"wptravel-blocks-trip-meta\">\r\n                        <i class=\"fas fa-map-marker-alt\"><\/i>\r\n                        <a href=\"https:\/\/elcaminoess.com\/ca\/destinos\/aragon-ca\">\r\n                            Arag\u00f3n                        <\/a>\r\n                                            <\/div>\r\n                                                    <div class=\"wptravel-blocks-trip-meta\">\r\n                    <i class='far fa-clock'><\/i> 2 Hour(s) 30 Minute(s)                <\/div>\r\n                                                <div class=\"wptravel-blocks-trip-meta\">\r\n                    <i class=\"fas fa-users\"><\/i> No Size Limit                <\/div>\r\n                            <\/div>\r\n        <\/div>\r\n    <\/div>\r\n    <div class=\"wptravel-blocks-card-body\">\r\n        <div class=\"wptravel-blocks-card-body-top\">\r\n            <div class=\"wptravel-blocks-card-body-header\">\r\n                <h3 class=\"wptravel-blocks-card-title wp-block-heading\">\r\n                    <a href=\"https:\/\/elcaminoess.com\/ca\/itinerario\/el-poble-encantat\">\r\n                        El poble encantat                    <\/a>\r\n                <\/h3>\r\n                            <\/div>\r\n            <div class=\"wptravel-blocks-card-content\">\r\n                <div class=\"wptravel-blocks-trip-excerpt\">\r\n                    <p>Un poble encantat ple de fades, follets, casetes en els arbres, racons secrets i molta, molta creativitat&#8230;<\/p>\n                <\/div>\r\n            <\/div>\r\n        <\/div>\r\n        <div class=\"wptravel-blocks-card-footer\">\r\n            <div class=\"wptravel-blocks-footer-left\">\r\n                <div class=\"wptravel-blocks-trip-rating\">\r\n                                    <\/div>\r\n                <div class=\"wptravel-blocks-trip-explore\">\r\n                    <a href=\"https:\/\/elcaminoess.com\/ca\/itinerario\/el-poble-encantat\">\r\n                        <button class=\"wp-block-button__link wptravel-blocks-explore-btn\">Explore<\/button>\r\n                    <\/a>\r\n                <\/div>\r\n            <\/div>\r\n            <div class=\"wptravel-blocks-footer-right\">\r\n                                <div class=\"wptravel-blocks-trip-offer-price\">\r\n                    \t\t\t<span class=\"wp-travel-trip-price-figure\">20<\/span><span class=\"wp-travel-trip-currency\">&#8364;<\/span>\r\n\t\t\t                <\/div>\r\n                            <\/div>\r\n        <\/div>\r\n    <\/div>\r\n<\/div><div class=\"wptravel-blocks-trip-card\">\r\n    <div class=\"wptravel-blocks-trip-card-img-container\">\r\n        <a href=\"https:\/\/elcaminoess.com\/ca\/itinerario\/estiu-per-a-dones\">\r\n            <img loading=\"lazy\" decoding=\"async\" width=\"525\" height=\"440\" src=\"https:\/\/i0.wp.com\/elcaminoess.com\/wp-content\/uploads\/2024\/02\/8.png?fit=525%2C440&amp;ssl=1\" class=\"attachment-large size-large wp-post-image\" alt=\"\" srcset=\"https:\/\/i0.wp.com\/elcaminoess.com\/wp-content\/uploads\/2024\/02\/8.png?w=940&amp;ssl=1 940w, https:\/\/i0.wp.com\/elcaminoess.com\/wp-content\/uploads\/2024\/02\/8.png?resize=300%2C251&amp;ssl=1 300w, https:\/\/i0.wp.com\/elcaminoess.com\/wp-content\/uploads\/2024\/02\/8.png?resize=768%2C644&amp;ssl=1 768w, https:\/\/i0.wp.com\/elcaminoess.com\/wp-content\/uploads\/2024\/02\/8.png?resize=600%2C503&amp;ssl=1 600w\" sizes=\"auto, (max-width: 525px) 100vw, 525px\" data-attachment-id=\"10772\" data-permalink=\"https:\/\/elcaminoess.com\/ca\/8-2\" data-orig-file=\"https:\/\/i0.wp.com\/elcaminoess.com\/wp-content\/uploads\/2024\/02\/8.png?fit=940%2C788&amp;ssl=1\" data-orig-size=\"940,788\" data-comments-opened=\"1\" data-image-meta=\"{&quot;aperture&quot;:&quot;0&quot;,&quot;credit&quot;:&quot;&quot;,&quot;camera&quot;:&quot;&quot;,&quot;caption&quot;:&quot;&quot;,&quot;created_timestamp&quot;:&quot;0&quot;,&quot;copyright&quot;:&quot;&quot;,&quot;focal_length&quot;:&quot;0&quot;,&quot;iso&quot;:&quot;0&quot;,&quot;shutter_speed&quot;:&quot;0&quot;,&quot;title&quot;:&quot;&quot;,&quot;orientation&quot;:&quot;0&quot;}\" data-image-title=\"8\" data-image-description=\"\" data-image-caption=\"\" data-large-file=\"https:\/\/i0.wp.com\/elcaminoess.com\/wp-content\/uploads\/2024\/02\/8.png?fit=525%2C440&amp;ssl=1\" \/>        <\/a>\r\n        <div class=\"wptravel-blocks-img-overlay-base\">\r\n            <div class=\"wptravel-blocks-img-overlay\">\r\n                            <\/div>\r\n            <div class=\"wptravel-blocks-trip-meta-container\">\r\n                                    <div class=\"wptravel-blocks-trip-meta\">\r\n                        <i class=\"fas fa-map-marker-alt\"><\/i>\r\n                        <a href=\"https:\/\/elcaminoess.com\/ca\/destinos\/aragon-ca\">\r\n                            Arag\u00f3n                        <\/a>\r\n                                            <\/div>\r\n                                                    <div class=\"wptravel-blocks-trip-meta\">\r\n                    <i class='far fa-clock'><\/i> N\/A                <\/div>\r\n                                                <div class=\"wptravel-blocks-trip-meta\">\r\n                    <i class=\"fas fa-users\"><\/i> No Size Limit                <\/div>\r\n                            <\/div>\r\n        <\/div>\r\n    <\/div>\r\n    <div class=\"wptravel-blocks-card-body\">\r\n        <div class=\"wptravel-blocks-card-body-top\">\r\n            <div class=\"wptravel-blocks-card-body-header\">\r\n                <h3 class=\"wptravel-blocks-card-title wp-block-heading\">\r\n                    <a href=\"https:\/\/elcaminoess.com\/ca\/itinerario\/estiu-per-a-dones\">\r\n                        Estiu per a dones                    <\/a>\r\n                <\/h3>\r\n                            <\/div>\r\n            <div class=\"wptravel-blocks-card-content\">\r\n                <div class=\"wptravel-blocks-trip-excerpt\">\r\n                    <p>El primer campament nom\u00e9s per a dons en dues datis a triar i dues enclavaments meravellosos.<\/p>\n                <\/div>\r\n            <\/div>\r\n        <\/div>\r\n        <div class=\"wptravel-blocks-card-footer\">\r\n            <div class=\"wptravel-blocks-footer-left\">\r\n                <div class=\"wptravel-blocks-trip-rating\">\r\n                                    <\/div>\r\n                <div class=\"wptravel-blocks-trip-explore\">\r\n                    <a href=\"https:\/\/elcaminoess.com\/ca\/itinerario\/estiu-per-a-dones\">\r\n                        <button class=\"wp-block-button__link wptravel-blocks-explore-btn\">Explore<\/button>\r\n                    <\/a>\r\n                <\/div>\r\n            <\/div>\r\n            <div class=\"wptravel-blocks-footer-right\">\r\n                                <div class=\"wptravel-blocks-trip-offer-price\">\r\n                    \t\t\t<span class=\"wp-travel-trip-price-figure\">395<\/span><span class=\"wp-travel-trip-currency\">&#8364;<\/span>\r\n\t\t\t                <\/div>\r\n                            <\/div>\r\n        <\/div>\r\n    <\/div>\r\n<\/div><div class=\"wptravel-blocks-trip-card\">\r\n    <div class=\"wptravel-blocks-trip-card-img-container\">\r\n        <a href=\"https:\/\/elcaminoess.com\/ca\/itinerario\/jaca-magica\">\r\n            <img loading=\"lazy\" decoding=\"async\" width=\"525\" height=\"268\" src=\"https:\/\/i0.wp.com\/elcaminoess.com\/wp-content\/uploads\/2024\/03\/brujas_slider0.jpg?fit=525%2C268&amp;ssl=1\" class=\"attachment-large size-large wp-post-image\" alt=\"\" srcset=\"https:\/\/i0.wp.com\/elcaminoess.com\/wp-content\/uploads\/2024\/03\/brujas_slider0.jpg?w=2048&amp;ssl=1 2048w, https:\/\/i0.wp.com\/elcaminoess.com\/wp-content\/uploads\/2024\/03\/brujas_slider0.jpg?resize=300%2C153&amp;ssl=1 300w, https:\/\/i0.wp.com\/elcaminoess.com\/wp-content\/uploads\/2024\/03\/brujas_slider0.jpg?resize=1024%2C522&amp;ssl=1 1024w, https:\/\/i0.wp.com\/elcaminoess.com\/wp-content\/uploads\/2024\/03\/brujas_slider0.jpg?resize=768%2C391&amp;ssl=1 768w, https:\/\/i0.wp.com\/elcaminoess.com\/wp-content\/uploads\/2024\/03\/brujas_slider0.jpg?resize=1536%2C782&amp;ssl=1 1536w, https:\/\/i0.wp.com\/elcaminoess.com\/wp-content\/uploads\/2024\/03\/brujas_slider0.jpg?resize=600%2C306&amp;ssl=1 600w\" sizes=\"auto, (max-width: 525px) 100vw, 525px\" data-attachment-id=\"12965\" data-permalink=\"https:\/\/elcaminoess.com\/ca\/brujas_slider0-2\" data-orig-file=\"https:\/\/i0.wp.com\/elcaminoess.com\/wp-content\/uploads\/2024\/03\/brujas_slider0.jpg?fit=2048%2C1043&amp;ssl=1\" data-orig-size=\"2048,1043\" data-comments-opened=\"1\" data-image-meta=\"{&quot;aperture&quot;:&quot;0&quot;,&quot;credit&quot;:&quot;&quot;,&quot;camera&quot;:&quot;&quot;,&quot;caption&quot;:&quot;&quot;,&quot;created_timestamp&quot;:&quot;0&quot;,&quot;copyright&quot;:&quot;&quot;,&quot;focal_length&quot;:&quot;0&quot;,&quot;iso&quot;:&quot;0&quot;,&quot;shutter_speed&quot;:&quot;0&quot;,&quot;title&quot;:&quot;&quot;,&quot;orientation&quot;:&quot;1&quot;}\" data-image-title=\"brujas_slider0\" data-image-description=\"\" data-image-caption=\"\" data-large-file=\"https:\/\/i0.wp.com\/elcaminoess.com\/wp-content\/uploads\/2024\/03\/brujas_slider0.jpg?fit=525%2C268&amp;ssl=1\" \/>        <\/a>\r\n        <div class=\"wptravel-blocks-img-overlay-base\">\r\n            <div class=\"wptravel-blocks-img-overlay\">\r\n                            <\/div>\r\n            <div class=\"wptravel-blocks-trip-meta-container\">\r\n                                    <div class=\"wptravel-blocks-trip-meta\">\r\n                        <i class=\"fas fa-map-marker-alt\"><\/i>\r\n                        <a href=\"https:\/\/elcaminoess.com\/ca\/destinos\/aragon-ca\">\r\n                            Arag\u00f3n                        <\/a>\r\n                                            <\/div>\r\n                                                <div class=\"wptravel-blocks-trip-meta\">\r\n                    <i class='far fa-calendar-alt'><\/i> N\/A                <\/div>\r\n                                                <div class=\"wptravel-blocks-trip-meta\">\r\n                    <i class=\"fas fa-users\"><\/i> 30                <\/div>\r\n                            <\/div>\r\n        <\/div>\r\n    <\/div>\r\n    <div class=\"wptravel-blocks-card-body\">\r\n        <div class=\"wptravel-blocks-card-body-top\">\r\n            <div class=\"wptravel-blocks-card-body-header\">\r\n                <h3 class=\"wptravel-blocks-card-title wp-block-heading\">\r\n                    <a href=\"https:\/\/elcaminoess.com\/ca\/itinerario\/jaca-magica\">\r\n                        Jaca m\u00e1gica                    <\/a>\r\n                <\/h3>\r\n                            <\/div>\r\n            <div class=\"wptravel-blocks-card-content\">\r\n                <div class=\"wptravel-blocks-trip-excerpt\">\r\n                    <p>Descobreix Jaca com mai vas imaginar, amb una visita guiada i teatralitzada en la qual s&#8217;uneix la hist\u00f2ria de la ciutat amb la de les bruixes de la Jacetania. <\/p>\n                <\/div>\r\n            <\/div>\r\n        <\/div>\r\n        <div class=\"wptravel-blocks-card-footer\">\r\n            <div class=\"wptravel-blocks-footer-left\">\r\n                <div class=\"wptravel-blocks-trip-rating\">\r\n                                    <\/div>\r\n                <div class=\"wptravel-blocks-trip-explore\">\r\n                    <a href=\"https:\/\/elcaminoess.com\/ca\/itinerario\/jaca-magica\">\r\n                        <button class=\"wp-block-button__link wptravel-blocks-explore-btn\">Explore<\/button>\r\n                    <\/a>\r\n                <\/div>\r\n            <\/div>\r\n            <div class=\"wptravel-blocks-footer-right\">\r\n                                <div class=\"wptravel-blocks-trip-offer-price\">\r\n                    \t\t\t<span class=\"wp-travel-trip-price-figure\">19<\/span><span class=\"wp-travel-trip-currency\">&#8364;<\/span>\r\n\t\t\t                <\/div>\r\n                            <\/div>\r\n        <\/div>\r\n    <\/div>\r\n<\/div><div class=\"wptravel-blocks-trip-card\">\r\n    <div class=\"wptravel-blocks-trip-card-img-container\">\r\n        <a href=\"https:\/\/elcaminoess.com\/ca\/itinerario\/laltre-pirineu-un-viatge-transformador\">\r\n            <img loading=\"lazy\" decoding=\"async\" width=\"525\" height=\"525\" src=\"https:\/\/i0.wp.com\/elcaminoess.com\/wp-content\/uploads\/2024\/03\/1.png?fit=525%2C525&amp;ssl=1\" class=\"attachment-large size-large wp-post-image\" alt=\"\" srcset=\"https:\/\/i0.wp.com\/elcaminoess.com\/wp-content\/uploads\/2024\/03\/1.png?w=1080&amp;ssl=1 1080w, https:\/\/i0.wp.com\/elcaminoess.com\/wp-content\/uploads\/2024\/03\/1.png?resize=300%2C300&amp;ssl=1 300w, https:\/\/i0.wp.com\/elcaminoess.com\/wp-content\/uploads\/2024\/03\/1.png?resize=1024%2C1024&amp;ssl=1 1024w, https:\/\/i0.wp.com\/elcaminoess.com\/wp-content\/uploads\/2024\/03\/1.png?resize=150%2C150&amp;ssl=1 150w, https:\/\/i0.wp.com\/elcaminoess.com\/wp-content\/uploads\/2024\/03\/1.png?resize=768%2C768&amp;ssl=1 768w, https:\/\/i0.wp.com\/elcaminoess.com\/wp-content\/uploads\/2024\/03\/1.png?resize=600%2C600&amp;ssl=1 600w, https:\/\/i0.wp.com\/elcaminoess.com\/wp-content\/uploads\/2024\/03\/1.png?resize=100%2C100&amp;ssl=1 100w\" sizes=\"auto, (max-width: 525px) 100vw, 525px\" data-attachment-id=\"12066\" data-permalink=\"https:\/\/elcaminoess.com\/ca\/1-6-2\" data-orig-file=\"https:\/\/i0.wp.com\/elcaminoess.com\/wp-content\/uploads\/2024\/03\/1.png?fit=1080%2C1080&amp;ssl=1\" data-orig-size=\"1080,1080\" data-comments-opened=\"1\" data-image-meta=\"{&quot;aperture&quot;:&quot;0&quot;,&quot;credit&quot;:&quot;&quot;,&quot;camera&quot;:&quot;&quot;,&quot;caption&quot;:&quot;&quot;,&quot;created_timestamp&quot;:&quot;0&quot;,&quot;copyright&quot;:&quot;&quot;,&quot;focal_length&quot;:&quot;0&quot;,&quot;iso&quot;:&quot;0&quot;,&quot;shutter_speed&quot;:&quot;0&quot;,&quot;title&quot;:&quot;&quot;,&quot;orientation&quot;:&quot;0&quot;}\" data-image-title=\"1\" data-image-description=\"\" data-image-caption=\"\" data-large-file=\"https:\/\/i0.wp.com\/elcaminoess.com\/wp-content\/uploads\/2024\/03\/1.png?fit=525%2C525&amp;ssl=1\" \/>        <\/a>\r\n        <div class=\"wptravel-blocks-img-overlay-base\">\r\n            <div class=\"wptravel-blocks-img-overlay\">\r\n                            <\/div>\r\n            <div class=\"wptravel-blocks-trip-meta-container\">\r\n                                    <div class=\"wptravel-blocks-trip-meta\">\r\n                        <i class=\"fas fa-map-marker-alt\"><\/i>\r\n                        <a href=\"https:\/\/elcaminoess.com\/ca\/destinos\/aragon-ca\">\r\n                            Arag\u00f3n                        <\/a>\r\n                                            <\/div>\r\n                                                <div class=\"wptravel-blocks-trip-meta\">\r\n                    <i class='far fa-calendar-alt'><\/i> N\/A                <\/div>\r\n                                                <div class=\"wptravel-blocks-trip-meta\">\r\n                    <i class=\"fas fa-users\"><\/i> 20                <\/div>\r\n                            <\/div>\r\n        <\/div>\r\n    <\/div>\r\n    <div class=\"wptravel-blocks-card-body\">\r\n        <div class=\"wptravel-blocks-card-body-top\">\r\n            <div class=\"wptravel-blocks-card-body-header\">\r\n                <h3 class=\"wptravel-blocks-card-title wp-block-heading\">\r\n                    <a href=\"https:\/\/elcaminoess.com\/ca\/itinerario\/laltre-pirineu-un-viatge-transformador\">\r\n                        L&#8217;altre Pirineu; un viatge transformador                    <\/a>\r\n                <\/h3>\r\n                            <\/div>\r\n            <div class=\"wptravel-blocks-card-content\">\r\n                <div class=\"wptravel-blocks-trip-excerpt\">\r\n                    <p>Una ruta inoblidable per experi\u00e8ncies que t&#8217;ensenyaran una forma diferent d&#8217;entendre el Pirineu i la vida a les muntanyes en un cap de setmana que no oblidar\u00e0s f\u00e0cilment. <\/p>\n                <\/div>\r\n            <\/div>\r\n        <\/div>\r\n        <div class=\"wptravel-blocks-card-footer\">\r\n            <div class=\"wptravel-blocks-footer-left\">\r\n                <div class=\"wptravel-blocks-trip-rating\">\r\n                                    <\/div>\r\n                <div class=\"wptravel-blocks-trip-explore\">\r\n                    <a href=\"https:\/\/elcaminoess.com\/ca\/itinerario\/laltre-pirineu-un-viatge-transformador\">\r\n                        <button class=\"wp-block-button__link wptravel-blocks-explore-btn\">Explore<\/button>\r\n                    <\/a>\r\n                <\/div>\r\n            <\/div>\r\n            <div class=\"wptravel-blocks-footer-right\">\r\n                                <div class=\"wptravel-blocks-trip-offer-price\">\r\n                    \t\t\t<span class=\"wp-travel-trip-price-figure\">100<\/span><span class=\"wp-travel-trip-currency\">&#8364;<\/span>\r\n\t\t\t                <\/div>\r\n                            <\/div>\r\n        <\/div>\r\n    <\/div>\r\n<\/div><div class=\"wptravel-blocks-trip-card\">\r\n    <div class=\"wptravel-blocks-trip-card-img-container\">\r\n        <a href=\"https:\/\/elcaminoess.com\/ca\/itinerario\/la-casa-de-palla\">\r\n            <img loading=\"lazy\" decoding=\"async\" width=\"525\" height=\"351\" src=\"https:\/\/i0.wp.com\/elcaminoess.com\/wp-content\/uploads\/2024\/01\/pexels-kampus-production-7658763-scaled.jpg?fit=525%2C351&amp;ssl=1\" class=\"attachment-large size-large wp-post-image\" alt=\"\" srcset=\"https:\/\/i0.wp.com\/elcaminoess.com\/wp-content\/uploads\/2024\/01\/pexels-kampus-production-7658763-scaled.jpg?w=2560&amp;ssl=1 2560w, https:\/\/i0.wp.com\/elcaminoess.com\/wp-content\/uploads\/2024\/01\/pexels-kampus-production-7658763-scaled.jpg?resize=300%2C200&amp;ssl=1 300w, https:\/\/i0.wp.com\/elcaminoess.com\/wp-content\/uploads\/2024\/01\/pexels-kampus-production-7658763-scaled.jpg?resize=1024%2C684&amp;ssl=1 1024w, https:\/\/i0.wp.com\/elcaminoess.com\/wp-content\/uploads\/2024\/01\/pexels-kampus-production-7658763-scaled.jpg?resize=768%2C513&amp;ssl=1 768w, https:\/\/i0.wp.com\/elcaminoess.com\/wp-content\/uploads\/2024\/01\/pexels-kampus-production-7658763-scaled.jpg?resize=1536%2C1025&amp;ssl=1 1536w, https:\/\/i0.wp.com\/elcaminoess.com\/wp-content\/uploads\/2024\/01\/pexels-kampus-production-7658763-scaled.jpg?resize=2048%2C1367&amp;ssl=1 2048w, https:\/\/i0.wp.com\/elcaminoess.com\/wp-content\/uploads\/2024\/01\/pexels-kampus-production-7658763-scaled.jpg?resize=600%2C401&amp;ssl=1 600w\" sizes=\"auto, (max-width: 525px) 100vw, 525px\" data-attachment-id=\"10001\" data-permalink=\"https:\/\/elcaminoess.com\/ca\/pexels-kampus-production-7658763-2\" data-orig-file=\"https:\/\/i0.wp.com\/elcaminoess.com\/wp-content\/uploads\/2024\/01\/pexels-kampus-production-7658763-scaled.jpg?fit=2560%2C1709&amp;ssl=1\" data-orig-size=\"2560,1709\" data-comments-opened=\"1\" data-image-meta=\"{&quot;aperture&quot;:&quot;0&quot;,&quot;credit&quot;:&quot;&quot;,&quot;camera&quot;:&quot;&quot;,&quot;caption&quot;:&quot;&quot;,&quot;created_timestamp&quot;:&quot;0&quot;,&quot;copyright&quot;:&quot;&quot;,&quot;focal_length&quot;:&quot;0&quot;,&quot;iso&quot;:&quot;0&quot;,&quot;shutter_speed&quot;:&quot;0&quot;,&quot;title&quot;:&quot;&quot;,&quot;orientation&quot;:&quot;0&quot;}\" data-image-title=\"pexels-kampus-production-7658763\" data-image-description=\"\" data-image-caption=\"\" data-large-file=\"https:\/\/i0.wp.com\/elcaminoess.com\/wp-content\/uploads\/2024\/01\/pexels-kampus-production-7658763-scaled.jpg?fit=525%2C351&amp;ssl=1\" \/>        <\/a>\r\n        <div class=\"wptravel-blocks-img-overlay-base\">\r\n            <div class=\"wptravel-blocks-img-overlay\">\r\n                            <\/div>\r\n            <div class=\"wptravel-blocks-trip-meta-container\">\r\n                                    <div class=\"wptravel-blocks-trip-meta\">\r\n                        <i class=\"fas fa-map-marker-alt\"><\/i>\r\n                        <a href=\"https:\/\/elcaminoess.com\/ca\/destinos\/aragon-ca\">\r\n                            Arag\u00f3n                        <\/a>\r\n                                            <\/div>\r\n                                                    <div class=\"wptravel-blocks-trip-meta\">\r\n                    <i class='far fa-clock'><\/i> 4 Hour(s)                 <\/div>\r\n                                                <div class=\"wptravel-blocks-trip-meta\">\r\n                    <i class=\"fas fa-users\"><\/i> No Size Limit                <\/div>\r\n                            <\/div>\r\n        <\/div>\r\n    <\/div>\r\n    <div class=\"wptravel-blocks-card-body\">\r\n        <div class=\"wptravel-blocks-card-body-top\">\r\n            <div class=\"wptravel-blocks-card-body-header\">\r\n                <h3 class=\"wptravel-blocks-card-title wp-block-heading\">\r\n                    <a href=\"https:\/\/elcaminoess.com\/ca\/itinerario\/la-casa-de-palla\">\r\n                        La casa de palla                    <\/a>\r\n                <\/h3>\r\n                            <\/div>\r\n            <div class=\"wptravel-blocks-card-content\">\r\n                <div class=\"wptravel-blocks-trip-excerpt\">\r\n                    <p>Descobreix una casa de palla en un lloc id\u00edl\u00b7lic i taca&#8217;t de fang per a aprendre els secrets de la bioconstrucci\u00f3.<\/p>\n                <\/div>\r\n            <\/div>\r\n        <\/div>\r\n        <div class=\"wptravel-blocks-card-footer\">\r\n            <div class=\"wptravel-blocks-footer-left\">\r\n                <div class=\"wptravel-blocks-trip-rating\">\r\n                                    <\/div>\r\n                <div class=\"wptravel-blocks-trip-explore\">\r\n                    <a href=\"https:\/\/elcaminoess.com\/ca\/itinerario\/la-casa-de-palla\">\r\n                        <button class=\"wp-block-button__link wptravel-blocks-explore-btn\">Explore<\/button>\r\n                    <\/a>\r\n                <\/div>\r\n            <\/div>\r\n            <div class=\"wptravel-blocks-footer-right\">\r\n                                <div class=\"wptravel-blocks-trip-offer-price\">\r\n                    \t\t\t<span class=\"wp-travel-trip-price-figure\">25<\/span><span class=\"wp-travel-trip-currency\">&#8364;<\/span>\r\n\t\t\t                <\/div>\r\n                            <\/div>\r\n        <\/div>\r\n    <\/div>\r\n<\/div><div class=\"wptravel-blocks-trip-card\">\r\n    <div class=\"wptravel-blocks-trip-card-img-container\">\r\n        <a href=\"https:\/\/elcaminoess.com\/ca\/itinerario\/dema-magica-en-trasmoz\">\r\n            <img loading=\"lazy\" decoding=\"async\" width=\"525\" height=\"295\" src=\"https:\/\/i0.wp.com\/elcaminoess.com\/wp-content\/uploads\/2024\/04\/IMG_20220911_110801-scaled.jpg?fit=525%2C295&amp;ssl=1\" class=\"attachment-large size-large wp-post-image\" alt=\"\" srcset=\"https:\/\/i0.wp.com\/elcaminoess.com\/wp-content\/uploads\/2024\/04\/IMG_20220911_110801-scaled.jpg?w=2560&amp;ssl=1 2560w, https:\/\/i0.wp.com\/elcaminoess.com\/wp-content\/uploads\/2024\/04\/IMG_20220911_110801-scaled.jpg?resize=300%2C169&amp;ssl=1 300w, https:\/\/i0.wp.com\/elcaminoess.com\/wp-content\/uploads\/2024\/04\/IMG_20220911_110801-scaled.jpg?resize=1024%2C576&amp;ssl=1 1024w, https:\/\/i0.wp.com\/elcaminoess.com\/wp-content\/uploads\/2024\/04\/IMG_20220911_110801-scaled.jpg?resize=768%2C432&amp;ssl=1 768w, https:\/\/i0.wp.com\/elcaminoess.com\/wp-content\/uploads\/2024\/04\/IMG_20220911_110801-scaled.jpg?resize=1536%2C864&amp;ssl=1 1536w, https:\/\/i0.wp.com\/elcaminoess.com\/wp-content\/uploads\/2024\/04\/IMG_20220911_110801-scaled.jpg?resize=2048%2C1152&amp;ssl=1 2048w, https:\/\/i0.wp.com\/elcaminoess.com\/wp-content\/uploads\/2024\/04\/IMG_20220911_110801-scaled.jpg?resize=600%2C338&amp;ssl=1 600w\" sizes=\"auto, (max-width: 525px) 100vw, 525px\" data-attachment-id=\"13176\" data-permalink=\"https:\/\/elcaminoess.com\/ca\/img_20220911_110801-2\" data-orig-file=\"https:\/\/i0.wp.com\/elcaminoess.com\/wp-content\/uploads\/2024\/04\/IMG_20220911_110801-scaled.jpg?fit=2560%2C1440&amp;ssl=1\" data-orig-size=\"2560,1440\" data-comments-opened=\"1\" data-image-meta=\"{&quot;aperture&quot;:&quot;1.8&quot;,&quot;credit&quot;:&quot;&quot;,&quot;camera&quot;:&quot;Redmi Note 7&quot;,&quot;caption&quot;:&quot;&quot;,&quot;created_timestamp&quot;:&quot;1662894481&quot;,&quot;copyright&quot;:&quot;&quot;,&quot;focal_length&quot;:&quot;4.74&quot;,&quot;iso&quot;:&quot;100&quot;,&quot;shutter_speed&quot;:&quot;0.00017739932588256&quot;,&quot;title&quot;:&quot;&quot;,&quot;orientation&quot;:&quot;1&quot;}\" data-image-title=\"IMG_20220911_110801\" data-image-description=\"\" data-image-caption=\"\" data-large-file=\"https:\/\/i0.wp.com\/elcaminoess.com\/wp-content\/uploads\/2024\/04\/IMG_20220911_110801-scaled.jpg?fit=525%2C295&amp;ssl=1\" \/>        <\/a>\r\n        <div class=\"wptravel-blocks-img-overlay-base\">\r\n            <div class=\"wptravel-blocks-img-overlay\">\r\n                            <\/div>\r\n            <div class=\"wptravel-blocks-trip-meta-container\">\r\n                                    <div class=\"wptravel-blocks-trip-meta\">\r\n                        <i class=\"fas fa-map-marker-alt\"><\/i>\r\n                        <a href=\"https:\/\/elcaminoess.com\/ca\/destinos\/aragon-ca\">\r\n                            Arag\u00f3n                        <\/a>\r\n                                            <\/div>\r\n                                                <div class=\"wptravel-blocks-trip-meta\">\r\n                    <i class='far fa-calendar-alt'><\/i> N\/A                <\/div>\r\n                                                <div class=\"wptravel-blocks-trip-meta\">\r\n                    <i class=\"fas fa-users\"><\/i> 15                <\/div>\r\n                            <\/div>\r\n        <\/div>\r\n    <\/div>\r\n    <div class=\"wptravel-blocks-card-body\">\r\n        <div class=\"wptravel-blocks-card-body-top\">\r\n            <div class=\"wptravel-blocks-card-body-header\">\r\n                <h3 class=\"wptravel-blocks-card-title wp-block-heading\">\r\n                    <a href=\"https:\/\/elcaminoess.com\/ca\/itinerario\/dema-magica-en-trasmoz\">\r\n                        Mat\u00ed m\u00e0gic a Trasmoz                    <\/a>\r\n                <\/h3>\r\n                            <\/div>\r\n            <div class=\"wptravel-blocks-card-content\">\r\n                <div class=\"wptravel-blocks-trip-excerpt\">\r\n                    <p>Un mat\u00ed m\u00e0gic per a descobrir i assaborir l&#8217;\u00fanic poble excomunicat d&#8217;Espanya.<\/p>\n                <\/div>\r\n            <\/div>\r\n        <\/div>\r\n        <div class=\"wptravel-blocks-card-footer\">\r\n            <div class=\"wptravel-blocks-footer-left\">\r\n                <div class=\"wptravel-blocks-trip-rating\">\r\n                                    <\/div>\r\n                <div class=\"wptravel-blocks-trip-explore\">\r\n                    <a href=\"https:\/\/elcaminoess.com\/ca\/itinerario\/dema-magica-en-trasmoz\">\r\n                        <button class=\"wp-block-button__link wptravel-blocks-explore-btn\">Explore<\/button>\r\n                    <\/a>\r\n                <\/div>\r\n            <\/div>\r\n            <div class=\"wptravel-blocks-footer-right\">\r\n                                <div class=\"wptravel-blocks-trip-offer-price\">\r\n                    \t\t\t<span class=\"wp-travel-trip-price-figure\">10<\/span><span class=\"wp-travel-trip-currency\">&#8364;<\/span>\r\n\t\t\t                <\/div>\r\n                            <\/div>\r\n        <\/div>\r\n    <\/div>\r\n<\/div><div class=\"wptravel-blocks-trip-card\">\r\n    <div class=\"wptravel-blocks-trip-card-img-container\">\r\n        <a href=\"https:\/\/elcaminoess.com\/ca\/itinerario\/permacultureando-a-tu-aire\">\r\n            <img loading=\"lazy\" decoding=\"async\" width=\"525\" height=\"286\" src=\"https:\/\/i0.wp.com\/elcaminoess.com\/wp-content\/uploads\/2024\/02\/Captura-de-pantalla-2024-02-20-a-las-7.28.59.png?fit=525%2C286&amp;ssl=1\" class=\"attachment-large size-large wp-post-image\" alt=\"\" srcset=\"https:\/\/i0.wp.com\/elcaminoess.com\/wp-content\/uploads\/2024\/02\/Captura-de-pantalla-2024-02-20-a-las-7.28.59.png?w=1154&amp;ssl=1 1154w, https:\/\/i0.wp.com\/elcaminoess.com\/wp-content\/uploads\/2024\/02\/Captura-de-pantalla-2024-02-20-a-las-7.28.59.png?resize=300%2C163&amp;ssl=1 300w, https:\/\/i0.wp.com\/elcaminoess.com\/wp-content\/uploads\/2024\/02\/Captura-de-pantalla-2024-02-20-a-las-7.28.59.png?resize=1024%2C557&amp;ssl=1 1024w, https:\/\/i0.wp.com\/elcaminoess.com\/wp-content\/uploads\/2024\/02\/Captura-de-pantalla-2024-02-20-a-las-7.28.59.png?resize=768%2C418&amp;ssl=1 768w, https:\/\/i0.wp.com\/elcaminoess.com\/wp-content\/uploads\/2024\/02\/Captura-de-pantalla-2024-02-20-a-las-7.28.59.png?resize=600%2C327&amp;ssl=1 600w\" sizes=\"auto, (max-width: 525px) 100vw, 525px\" data-attachment-id=\"11259\" data-permalink=\"https:\/\/elcaminoess.com\/ca\/captura-de-pantalla-2024-02-20-a-las-7-28-59-2\" data-orig-file=\"https:\/\/i0.wp.com\/elcaminoess.com\/wp-content\/uploads\/2024\/02\/Captura-de-pantalla-2024-02-20-a-las-7.28.59.png?fit=1154%2C628&amp;ssl=1\" data-orig-size=\"1154,628\" data-comments-opened=\"1\" data-image-meta=\"{&quot;aperture&quot;:&quot;0&quot;,&quot;credit&quot;:&quot;&quot;,&quot;camera&quot;:&quot;&quot;,&quot;caption&quot;:&quot;&quot;,&quot;created_timestamp&quot;:&quot;0&quot;,&quot;copyright&quot;:&quot;&quot;,&quot;focal_length&quot;:&quot;0&quot;,&quot;iso&quot;:&quot;0&quot;,&quot;shutter_speed&quot;:&quot;0&quot;,&quot;title&quot;:&quot;&quot;,&quot;orientation&quot;:&quot;0&quot;}\" data-image-title=\"Captura-de-pantalla-2024-02-20-a-las-7.28.59\" data-image-description=\"\" data-image-caption=\"\" data-large-file=\"https:\/\/i0.wp.com\/elcaminoess.com\/wp-content\/uploads\/2024\/02\/Captura-de-pantalla-2024-02-20-a-las-7.28.59.png?fit=525%2C286&amp;ssl=1\" \/>        <\/a>\r\n        <div class=\"wptravel-blocks-img-overlay-base\">\r\n            <div class=\"wptravel-blocks-img-overlay\">\r\n                            <\/div>\r\n            <div class=\"wptravel-blocks-trip-meta-container\">\r\n                                    <div class=\"wptravel-blocks-trip-meta\">\r\n                        <i class=\"fas fa-map-marker-alt\"><\/i>\r\n                        <a href=\"https:\/\/elcaminoess.com\/ca\/destinos\/aragon-ca\">\r\n                            Arag\u00f3n                        <\/a>\r\n                                            <\/div>\r\n                                                <div class=\"wptravel-blocks-trip-meta\">\r\n                    <i class='far fa-calendar-alt'><\/i> N\/A                <\/div>\r\n                                                <div class=\"wptravel-blocks-trip-meta\">\r\n                    <i class=\"fas fa-users\"><\/i> 14                <\/div>\r\n                            <\/div>\r\n        <\/div>\r\n    <\/div>\r\n    <div class=\"wptravel-blocks-card-body\">\r\n        <div class=\"wptravel-blocks-card-body-top\">\r\n            <div class=\"wptravel-blocks-card-body-header\">\r\n                <h3 class=\"wptravel-blocks-card-title wp-block-heading\">\r\n                    <a href=\"https:\/\/elcaminoess.com\/ca\/itinerario\/permacultureando-a-tu-aire\">\r\n                        Permaculturejant al teu aire                    <\/a>\r\n                <\/h3>\r\n                            <\/div>\r\n            <div class=\"wptravel-blocks-card-content\">\r\n                <div class=\"wptravel-blocks-trip-excerpt\">\r\n                    <p>Descobreix Jaca com mai vas imaginar, amb una visita guiada i teatralitzada en la qual s&#8217;uneix la hist\u00f2ria de la ciutat amb la de les bruixes de la Jacetania.<\/p>\n                <\/div>\r\n            <\/div>\r\n        <\/div>\r\n        <div class=\"wptravel-blocks-card-footer\">\r\n            <div class=\"wptravel-blocks-footer-left\">\r\n                <div class=\"wptravel-blocks-trip-rating\">\r\n                                    <\/div>\r\n                <div class=\"wptravel-blocks-trip-explore\">\r\n                    <a href=\"https:\/\/elcaminoess.com\/ca\/itinerario\/permacultureando-a-tu-aire\">\r\n                        <button class=\"wp-block-button__link wptravel-blocks-explore-btn\">Explore<\/button>\r\n                    <\/a>\r\n                <\/div>\r\n            <\/div>\r\n            <div class=\"wptravel-blocks-footer-right\">\r\n                                <div class=\"wptravel-blocks-trip-offer-price\">\r\n                    \t\t\t<span class=\"wp-travel-trip-price-figure\">15<\/span><span class=\"wp-travel-trip-currency\">&#8364;<\/span>\r\n\t\t\t                <\/div>\r\n                            <\/div>\r\n        <\/div>\r\n    <\/div>\r\n<\/div><div class=\"wptravel-blocks-trip-card\">\r\n    <div class=\"wptravel-blocks-trip-card-img-container\">\r\n        <a href=\"https:\/\/elcaminoess.com\/ca\/itinerario\/pomeres-sidra-i-papallones\">\r\n            <img loading=\"lazy\" decoding=\"async\" width=\"525\" height=\"295\" src=\"https:\/\/i0.wp.com\/elcaminoess.com\/wp-content\/uploads\/2024\/02\/Afoto-Laco-scaled.jpg?fit=525%2C295&amp;ssl=1\" class=\"attachment-large size-large wp-post-image\" alt=\"\" srcset=\"https:\/\/i0.wp.com\/elcaminoess.com\/wp-content\/uploads\/2024\/02\/Afoto-Laco-scaled.jpg?w=2560&amp;ssl=1 2560w, https:\/\/i0.wp.com\/elcaminoess.com\/wp-content\/uploads\/2024\/02\/Afoto-Laco-scaled.jpg?resize=300%2C169&amp;ssl=1 300w, https:\/\/i0.wp.com\/elcaminoess.com\/wp-content\/uploads\/2024\/02\/Afoto-Laco-scaled.jpg?resize=1024%2C576&amp;ssl=1 1024w, https:\/\/i0.wp.com\/elcaminoess.com\/wp-content\/uploads\/2024\/02\/Afoto-Laco-scaled.jpg?resize=768%2C432&amp;ssl=1 768w, https:\/\/i0.wp.com\/elcaminoess.com\/wp-content\/uploads\/2024\/02\/Afoto-Laco-scaled.jpg?resize=1536%2C864&amp;ssl=1 1536w, https:\/\/i0.wp.com\/elcaminoess.com\/wp-content\/uploads\/2024\/02\/Afoto-Laco-scaled.jpg?resize=2048%2C1152&amp;ssl=1 2048w, https:\/\/i0.wp.com\/elcaminoess.com\/wp-content\/uploads\/2024\/02\/Afoto-Laco-scaled.jpg?resize=600%2C338&amp;ssl=1 600w\" sizes=\"auto, (max-width: 525px) 100vw, 525px\" data-attachment-id=\"10818\" data-permalink=\"https:\/\/elcaminoess.com\/ca\/afoto-laco-2\" data-orig-file=\"https:\/\/i0.wp.com\/elcaminoess.com\/wp-content\/uploads\/2024\/02\/Afoto-Laco-scaled.jpg?fit=2560%2C1440&amp;ssl=1\" data-orig-size=\"2560,1440\" data-comments-opened=\"1\" data-image-meta=\"{&quot;aperture&quot;:&quot;1.6&quot;,&quot;credit&quot;:&quot;&quot;,&quot;camera&quot;:&quot;iPhone 12&quot;,&quot;caption&quot;:&quot;&quot;,&quot;created_timestamp&quot;:&quot;1707733109&quot;,&quot;copyright&quot;:&quot;&quot;,&quot;focal_length&quot;:&quot;4.2&quot;,&quot;iso&quot;:&quot;200&quot;,&quot;shutter_speed&quot;:&quot;0.02&quot;,&quot;title&quot;:&quot;&quot;,&quot;orientation&quot;:&quot;1&quot;}\" data-image-title=\"Afoto-Laco\" data-image-description=\"\" data-image-caption=\"\" data-large-file=\"https:\/\/i0.wp.com\/elcaminoess.com\/wp-content\/uploads\/2024\/02\/Afoto-Laco-scaled.jpg?fit=525%2C295&amp;ssl=1\" \/>        <\/a>\r\n        <div class=\"wptravel-blocks-img-overlay-base\">\r\n            <div class=\"wptravel-blocks-img-overlay\">\r\n                            <\/div>\r\n            <div class=\"wptravel-blocks-trip-meta-container\">\r\n                                    <div class=\"wptravel-blocks-trip-meta\">\r\n                        <i class=\"fas fa-map-marker-alt\"><\/i>\r\n                        <a href=\"https:\/\/elcaminoess.com\/ca\/destinos\/aragon-ca\">\r\n                            Arag\u00f3n                        <\/a>\r\n                                            <\/div>\r\n                                                    <div class=\"wptravel-blocks-trip-meta\">\r\n                    <i class='far fa-clock'><\/i> 3 Hour(s)                 <\/div>\r\n                                                <div class=\"wptravel-blocks-trip-meta\">\r\n                    <i class=\"fas fa-users\"><\/i> 10                <\/div>\r\n                            <\/div>\r\n        <\/div>\r\n    <\/div>\r\n    <div class=\"wptravel-blocks-card-body\">\r\n        <div class=\"wptravel-blocks-card-body-top\">\r\n            <div class=\"wptravel-blocks-card-body-header\">\r\n                <h3 class=\"wptravel-blocks-card-title wp-block-heading\">\r\n                    <a href=\"https:\/\/elcaminoess.com\/ca\/itinerario\/pomeres-sidra-i-papallones\">\r\n                        Pomeres, sidra i papallones                    <\/a>\r\n                <\/h3>\r\n                            <\/div>\r\n            <div class=\"wptravel-blocks-card-content\">\r\n                <div class=\"wptravel-blocks-trip-excerpt\">\r\n                    <p>Un poble amagat, 60 varietats de pomeres recuperades, una alm\u00e0ssera tradicional, tast de sidres maridada amb productes de proximitat i algunes papallones<\/p>\n                <\/div>\r\n            <\/div>\r\n        <\/div>\r\n        <div class=\"wptravel-blocks-card-footer\">\r\n            <div class=\"wptravel-blocks-footer-left\">\r\n                <div class=\"wptravel-blocks-trip-rating\">\r\n                                    <\/div>\r\n                <div class=\"wptravel-blocks-trip-explore\">\r\n                    <a href=\"https:\/\/elcaminoess.com\/ca\/itinerario\/pomeres-sidra-i-papallones\">\r\n                        <button class=\"wp-block-button__link wptravel-blocks-explore-btn\">Explore<\/button>\r\n                    <\/a>\r\n                <\/div>\r\n            <\/div>\r\n            <div class=\"wptravel-blocks-footer-right\">\r\n                                <div class=\"wptravel-blocks-trip-offer-price\">\r\n                    \t\t\t<span class=\"wp-travel-trip-price-figure\">10<\/span><span class=\"wp-travel-trip-currency\">&#8364;<\/span>\r\n\t\t\t                <\/div>\r\n                            <\/div>\r\n        <\/div>\r\n    <\/div>\r\n<\/div><div class=\"wptravel-blocks-trip-card\">\r\n    <div class=\"wptravel-blocks-trip-card-img-container\">\r\n        <a href=\"https:\/\/elcaminoess.com\/ca\/itinerario\/ruta-coop-zaragoza\">\r\n            <img loading=\"lazy\" decoding=\"async\" width=\"525\" height=\"351\" src=\"https:\/\/i0.wp.com\/elcaminoess.com\/wp-content\/uploads\/2023\/06\/dsc5508_573663029-1.jpg?fit=525%2C351&amp;ssl=1\" class=\"attachment-large size-large wp-post-image\" alt=\"\" srcset=\"https:\/\/i0.wp.com\/elcaminoess.com\/wp-content\/uploads\/2023\/06\/dsc5508_573663029-1.jpg?w=1400&amp;ssl=1 1400w, https:\/\/i0.wp.com\/elcaminoess.com\/wp-content\/uploads\/2023\/06\/dsc5508_573663029-1.jpg?resize=300%2C200&amp;ssl=1 300w, https:\/\/i0.wp.com\/elcaminoess.com\/wp-content\/uploads\/2023\/06\/dsc5508_573663029-1.jpg?resize=1024%2C684&amp;ssl=1 1024w, https:\/\/i0.wp.com\/elcaminoess.com\/wp-content\/uploads\/2023\/06\/dsc5508_573663029-1.jpg?resize=768%2C513&amp;ssl=1 768w\" sizes=\"auto, (max-width: 525px) 100vw, 525px\" data-attachment-id=\"9266\" data-permalink=\"https:\/\/elcaminoess.com\/ca\/dsc5508_573663029-1-2\" data-orig-file=\"https:\/\/i0.wp.com\/elcaminoess.com\/wp-content\/uploads\/2023\/06\/dsc5508_573663029-1.jpg?fit=1400%2C935&amp;ssl=1\" data-orig-size=\"1400,935\" data-comments-opened=\"1\" data-image-meta=\"{&quot;aperture&quot;:&quot;0&quot;,&quot;credit&quot;:&quot;&quot;,&quot;camera&quot;:&quot;&quot;,&quot;caption&quot;:&quot;&quot;,&quot;created_timestamp&quot;:&quot;0&quot;,&quot;copyright&quot;:&quot;&quot;,&quot;focal_length&quot;:&quot;0&quot;,&quot;iso&quot;:&quot;0&quot;,&quot;shutter_speed&quot;:&quot;0&quot;,&quot;title&quot;:&quot;&quot;,&quot;orientation&quot;:&quot;0&quot;}\" data-image-title=\"dsc5508_573663029-1\" data-image-description=\"\" data-image-caption=\"\" data-large-file=\"https:\/\/i0.wp.com\/elcaminoess.com\/wp-content\/uploads\/2023\/06\/dsc5508_573663029-1.jpg?fit=525%2C351&amp;ssl=1\" \/>        <\/a>\r\n        <div class=\"wptravel-blocks-img-overlay-base\">\r\n            <div class=\"wptravel-blocks-img-overlay\">\r\n                            <\/div>\r\n            <div class=\"wptravel-blocks-trip-meta-container\">\r\n                                    <div class=\"wptravel-blocks-trip-meta\">\r\n                        <i class=\"fas fa-map-marker-alt\"><\/i>\r\n                        <a href=\"https:\/\/elcaminoess.com\/ca\/destinos\/aragon-ca\">\r\n                            Arag\u00f3n                        <\/a>\r\n                                            <\/div>\r\n                                                    <div class=\"wptravel-blocks-trip-meta\">\r\n                    <i class='far fa-clock'><\/i> N\/A                <\/div>\r\n                                                <div class=\"wptravel-blocks-trip-meta\">\r\n                    <i class=\"fas fa-users\"><\/i> No Size Limit                <\/div>\r\n                            <\/div>\r\n        <\/div>\r\n    <\/div>\r\n    <div class=\"wptravel-blocks-card-body\">\r\n        <div class=\"wptravel-blocks-card-body-top\">\r\n            <div class=\"wptravel-blocks-card-body-header\">\r\n                <h3 class=\"wptravel-blocks-card-title wp-block-heading\">\r\n                    <a href=\"https:\/\/elcaminoess.com\/ca\/itinerario\/ruta-coop-zaragoza\">\r\n                        Ruta Coop. Zaragoza                    <\/a>\r\n                <\/h3>\r\n                            <\/div>\r\n            <div class=\"wptravel-blocks-card-content\">\r\n                <div class=\"wptravel-blocks-trip-excerpt\">\r\n                    <p>Saragossa t\u00e9 molts secrets\u2026 Et revelem alguns d&#8217;ells en aquesta ruta per projectes cooperatius d&#8217;Economia Social i Solid\u00e0ria del barri de la Madalena. Dejate sorprendre!<\/p>\n                <\/div>\r\n            <\/div>\r\n        <\/div>\r\n        <div class=\"wptravel-blocks-card-footer\">\r\n            <div class=\"wptravel-blocks-footer-left\">\r\n                <div class=\"wptravel-blocks-trip-rating\">\r\n                    \t<div class=\"wp-travel-average-review\" title=\"Rated 0 out of 5\">\r\n\t\t<a href=\"#\">\r\n\t\t\t<span style=\"width:0%\">\r\n\t\t\t\t<strong itemprop=\"ratingValue\" class=\"rating\">0<\/strong> out of <span itemprop=\"bestRating\">5<\/span>\t\t\t<\/span>\r\n\t\t<\/a>\r\n\r\n\t<\/div>\r\n\t                <\/div>\r\n                <div class=\"wptravel-blocks-trip-explore\">\r\n                    <a href=\"https:\/\/elcaminoess.com\/ca\/itinerario\/ruta-coop-zaragoza\">\r\n                        <button class=\"wp-block-button__link wptravel-blocks-explore-btn\">Explore<\/button>\r\n                    <\/a>\r\n                <\/div>\r\n            <\/div>\r\n            <div class=\"wptravel-blocks-footer-right\">\r\n                                <div class=\"wptravel-blocks-trip-offer-price\">\r\n                    \t\t\t<span class=\"wp-travel-trip-price-figure\">0<\/span><span class=\"wp-travel-trip-currency\">&#8364;<\/span>\r\n\t\t\t                <\/div>\r\n                            <\/div>\r\n        <\/div>\r\n    <\/div>\r\n<\/div><div class=\"wptravel-blocks-trip-card\">\r\n    <div class=\"wptravel-blocks-trip-card-img-container\">\r\n        <a href=\"https:\/\/elcaminoess.com\/ca\/itinerario\/un-allotjament-de-cinema\">\r\n            <img loading=\"lazy\" decoding=\"async\" width=\"525\" height=\"525\" src=\"https:\/\/i0.wp.com\/elcaminoess.com\/wp-content\/uploads\/2024\/01\/Sin-titulo-42-x-42-cm-5.png?fit=525%2C525&amp;ssl=1\" class=\"attachment-large size-large wp-post-image\" alt=\"\" srcset=\"https:\/\/i0.wp.com\/elcaminoess.com\/wp-content\/uploads\/2024\/01\/Sin-titulo-42-x-42-cm-5.png?w=2000&amp;ssl=1 2000w, https:\/\/i0.wp.com\/elcaminoess.com\/wp-content\/uploads\/2024\/01\/Sin-titulo-42-x-42-cm-5.png?resize=300%2C300&amp;ssl=1 300w, https:\/\/i0.wp.com\/elcaminoess.com\/wp-content\/uploads\/2024\/01\/Sin-titulo-42-x-42-cm-5.png?resize=1024%2C1024&amp;ssl=1 1024w, https:\/\/i0.wp.com\/elcaminoess.com\/wp-content\/uploads\/2024\/01\/Sin-titulo-42-x-42-cm-5.png?resize=150%2C150&amp;ssl=1 150w, https:\/\/i0.wp.com\/elcaminoess.com\/wp-content\/uploads\/2024\/01\/Sin-titulo-42-x-42-cm-5.png?resize=768%2C768&amp;ssl=1 768w, https:\/\/i0.wp.com\/elcaminoess.com\/wp-content\/uploads\/2024\/01\/Sin-titulo-42-x-42-cm-5.png?resize=1536%2C1536&amp;ssl=1 1536w, https:\/\/i0.wp.com\/elcaminoess.com\/wp-content\/uploads\/2024\/01\/Sin-titulo-42-x-42-cm-5.png?resize=600%2C600&amp;ssl=1 600w, https:\/\/i0.wp.com\/elcaminoess.com\/wp-content\/uploads\/2024\/01\/Sin-titulo-42-x-42-cm-5.png?resize=100%2C100&amp;ssl=1 100w\" sizes=\"auto, (max-width: 525px) 100vw, 525px\" data-attachment-id=\"10343\" data-permalink=\"https:\/\/elcaminoess.com\/ca\/sin-titulo-42-x-42-cm-5-2\" data-orig-file=\"https:\/\/i0.wp.com\/elcaminoess.com\/wp-content\/uploads\/2024\/01\/Sin-titulo-42-x-42-cm-5.png?fit=2000%2C2000&amp;ssl=1\" data-orig-size=\"2000,2000\" data-comments-opened=\"1\" data-image-meta=\"{&quot;aperture&quot;:&quot;0&quot;,&quot;credit&quot;:&quot;&quot;,&quot;camera&quot;:&quot;&quot;,&quot;caption&quot;:&quot;&quot;,&quot;created_timestamp&quot;:&quot;0&quot;,&quot;copyright&quot;:&quot;&quot;,&quot;focal_length&quot;:&quot;0&quot;,&quot;iso&quot;:&quot;0&quot;,&quot;shutter_speed&quot;:&quot;0&quot;,&quot;title&quot;:&quot;&quot;,&quot;orientation&quot;:&quot;0&quot;}\" data-image-title=\"Sin-titulo-42-x-42-cm-5\" data-image-description=\"\" data-image-caption=\"\" data-large-file=\"https:\/\/i0.wp.com\/elcaminoess.com\/wp-content\/uploads\/2024\/01\/Sin-titulo-42-x-42-cm-5.png?fit=525%2C525&amp;ssl=1\" \/>        <\/a>\r\n        <div class=\"wptravel-blocks-img-overlay-base\">\r\n            <div class=\"wptravel-blocks-img-overlay\">\r\n                            <\/div>\r\n            <div class=\"wptravel-blocks-trip-meta-container\">\r\n                                    <div class=\"wptravel-blocks-trip-meta\">\r\n                        <i class=\"fas fa-map-marker-alt\"><\/i>\r\n                        <a href=\"https:\/\/elcaminoess.com\/ca\/destinos\/aragon-ca\">\r\n                            Arag\u00f3n                        <\/a>\r\n                                            <\/div>\r\n                                                    <div class=\"wptravel-blocks-trip-meta\">\r\n                    <i class='far fa-clock'><\/i> De Lunes a Domingo Day(s) 1 Night(s)                <\/div>\r\n                                                <div class=\"wptravel-blocks-trip-meta\">\r\n                    <i class=\"fas fa-users\"><\/i> No Size Limit                <\/div>\r\n                            <\/div>\r\n        <\/div>\r\n    <\/div>\r\n    <div class=\"wptravel-blocks-card-body\">\r\n        <div class=\"wptravel-blocks-card-body-top\">\r\n            <div class=\"wptravel-blocks-card-body-header\">\r\n                <h3 class=\"wptravel-blocks-card-title wp-block-heading\">\r\n                    <a href=\"https:\/\/elcaminoess.com\/ca\/itinerario\/un-allotjament-de-cinema\">\r\n                        Un allotjament de cinema                    <\/a>\r\n                <\/h3>\r\n                            <\/div>\r\n            <div class=\"wptravel-blocks-card-content\">\r\n                <div class=\"wptravel-blocks-trip-excerpt\">\r\n                    <p>Una finca que va pert\u00e0nyer a Bu\u00f1uel, habitacions tem\u00e0tiques, sabor rural i molt afecte t&#8217;esperen en Calanda. <\/p>\n                <\/div>\r\n            <\/div>\r\n        <\/div>\r\n        <div class=\"wptravel-blocks-card-footer\">\r\n            <div class=\"wptravel-blocks-footer-left\">\r\n                <div class=\"wptravel-blocks-trip-rating\">\r\n                                    <\/div>\r\n                <div class=\"wptravel-blocks-trip-explore\">\r\n                    <a href=\"https:\/\/elcaminoess.com\/ca\/itinerario\/un-allotjament-de-cinema\">\r\n                        <button class=\"wp-block-button__link wptravel-blocks-explore-btn\">Explore<\/button>\r\n                    <\/a>\r\n                <\/div>\r\n            <\/div>\r\n            <div class=\"wptravel-blocks-footer-right\">\r\n                                <div class=\"wptravel-blocks-trip-offer-price\">\r\n                    \t\t\t<span class=\"wp-travel-trip-price-figure\">40<\/span><span class=\"wp-travel-trip-currency\">&#8364;<\/span>\r\n\t\t\t                <\/div>\r\n                            <\/div>\r\n        <\/div>\r\n    <\/div>\r\n<\/div><div class=\"wptravel-blocks-trip-card\">\r\n    <div class=\"wptravel-blocks-trip-card-img-container\">\r\n        <a href=\"https:\/\/elcaminoess.com\/ca\/itinerario\/una-marxa-enrere\">\r\n            <img loading=\"lazy\" decoding=\"async\" width=\"525\" height=\"242\" src=\"https:\/\/i0.wp.com\/elcaminoess.com\/wp-content\/uploads\/2024\/01\/IMG_20221124_084404-scaled.jpg?fit=525%2C242&amp;ssl=1\" class=\"attachment-large size-large wp-post-image\" alt=\"\" srcset=\"https:\/\/i0.wp.com\/elcaminoess.com\/wp-content\/uploads\/2024\/01\/IMG_20221124_084404-scaled.jpg?w=2560&amp;ssl=1 2560w, https:\/\/i0.wp.com\/elcaminoess.com\/wp-content\/uploads\/2024\/01\/IMG_20221124_084404-scaled.jpg?resize=300%2C138&amp;ssl=1 300w, https:\/\/i0.wp.com\/elcaminoess.com\/wp-content\/uploads\/2024\/01\/IMG_20221124_084404-scaled.jpg?resize=1024%2C472&amp;ssl=1 1024w, https:\/\/i0.wp.com\/elcaminoess.com\/wp-content\/uploads\/2024\/01\/IMG_20221124_084404-scaled.jpg?resize=768%2C354&amp;ssl=1 768w, https:\/\/i0.wp.com\/elcaminoess.com\/wp-content\/uploads\/2024\/01\/IMG_20221124_084404-scaled.jpg?resize=1536%2C708&amp;ssl=1 1536w, https:\/\/i0.wp.com\/elcaminoess.com\/wp-content\/uploads\/2024\/01\/IMG_20221124_084404-scaled.jpg?resize=2048%2C944&amp;ssl=1 2048w, https:\/\/i0.wp.com\/elcaminoess.com\/wp-content\/uploads\/2024\/01\/IMG_20221124_084404-scaled.jpg?resize=600%2C277&amp;ssl=1 600w\" sizes=\"auto, (max-width: 525px) 100vw, 525px\" data-attachment-id=\"10316\" data-permalink=\"https:\/\/elcaminoess.com\/ca\/img_20221124_084404-2\" data-orig-file=\"https:\/\/i0.wp.com\/elcaminoess.com\/wp-content\/uploads\/2024\/01\/IMG_20221124_084404-scaled.jpg?fit=2560%2C1180&amp;ssl=1\" data-orig-size=\"2560,1180\" data-comments-opened=\"1\" data-image-meta=\"{&quot;aperture&quot;:&quot;1.79&quot;,&quot;credit&quot;:&quot;&quot;,&quot;camera&quot;:&quot;Redmi Note 8T&quot;,&quot;caption&quot;:&quot;&quot;,&quot;created_timestamp&quot;:&quot;1668707509&quot;,&quot;copyright&quot;:&quot;&quot;,&quot;focal_length&quot;:&quot;4.74&quot;,&quot;iso&quot;:&quot;320&quot;,&quot;shutter_speed&quot;:&quot;0.0084745762711864&quot;,&quot;title&quot;:&quot;&quot;,&quot;orientation&quot;:&quot;1&quot;}\" data-image-title=\"IMG_20221124_084404\" data-image-description=\"\" data-image-caption=\"\" data-large-file=\"https:\/\/i0.wp.com\/elcaminoess.com\/wp-content\/uploads\/2024\/01\/IMG_20221124_084404-scaled.jpg?fit=525%2C242&amp;ssl=1\" \/>        <\/a>\r\n        <div class=\"wptravel-blocks-img-overlay-base\">\r\n            <div class=\"wptravel-blocks-img-overlay\">\r\n                            <\/div>\r\n            <div class=\"wptravel-blocks-trip-meta-container\">\r\n                                    <div class=\"wptravel-blocks-trip-meta\">\r\n                        <i class=\"fas fa-map-marker-alt\"><\/i>\r\n                        <a href=\"https:\/\/elcaminoess.com\/ca\/destinos\/aragon-ca\">\r\n                            Arag\u00f3n                        <\/a>\r\n                                            <\/div>\r\n                                                    <div class=\"wptravel-blocks-trip-meta\">\r\n                    <i class='far fa-clock'><\/i> 2 Day(s) 1 Night(s)                <\/div>\r\n                                                <div class=\"wptravel-blocks-trip-meta\">\r\n                    <i class=\"fas fa-users\"><\/i> 10                <\/div>\r\n                            <\/div>\r\n        <\/div>\r\n    <\/div>\r\n    <div class=\"wptravel-blocks-card-body\">\r\n        <div class=\"wptravel-blocks-card-body-top\">\r\n            <div class=\"wptravel-blocks-card-body-header\">\r\n                <h3 class=\"wptravel-blocks-card-title wp-block-heading\">\r\n                    <a href=\"https:\/\/elcaminoess.com\/ca\/itinerario\/una-marxa-enrere\">\r\n                        Una marxa enrere                    <\/a>\r\n                <\/h3>\r\n                            <\/div>\r\n            <div class=\"wptravel-blocks-card-content\">\r\n                <div class=\"wptravel-blocks-trip-excerpt\">\r\n                    <p>Una experi\u00e8ncia \u00fanica de dos dies en el petit poble pirinenc de Biel per a descobrir tots els seus secrets en plena naturalesa.<\/p>\n                <\/div>\r\n            <\/div>\r\n        <\/div>\r\n        <div class=\"wptravel-blocks-card-footer\">\r\n            <div class=\"wptravel-blocks-footer-left\">\r\n                <div class=\"wptravel-blocks-trip-rating\">\r\n                                    <\/div>\r\n                <div class=\"wptravel-blocks-trip-explore\">\r\n                    <a href=\"https:\/\/elcaminoess.com\/ca\/itinerario\/una-marxa-enrere\">\r\n                        <button class=\"wp-block-button__link wptravel-blocks-explore-btn\">Explore<\/button>\r\n                    <\/a>\r\n                <\/div>\r\n            <\/div>\r\n            <div class=\"wptravel-blocks-footer-right\">\r\n                                <div class=\"wptravel-blocks-trip-offer-price\">\r\n                    \t\t\t<span class=\"wp-travel-trip-price-figure\">300<\/span><span class=\"wp-travel-trip-currency\">&#8364;<\/span>\r\n\t\t\t                <\/div>\r\n                            <\/div>\r\n        <\/div>\r\n    <\/div>\r\n<\/div><div class=\"wptravel-blocks-trip-card\">\r\n    <div class=\"wptravel-blocks-trip-card-img-container\">\r\n        <a href=\"https:\/\/elcaminoess.com\/ca\/itinerario\/una-pausa-en-el-cami\">\r\n            <img loading=\"lazy\" decoding=\"async\" width=\"525\" height=\"351\" src=\"https:\/\/i0.wp.com\/elcaminoess.com\/wp-content\/uploads\/2024\/02\/unduesina_todas_Foto-Pablo-Ibanez-5253.jpg?fit=525%2C351&amp;ssl=1\" class=\"attachment-large size-large wp-post-image\" alt=\"\" srcset=\"https:\/\/i0.wp.com\/elcaminoess.com\/wp-content\/uploads\/2024\/02\/unduesina_todas_Foto-Pablo-Ibanez-5253.jpg?w=1024&amp;ssl=1 1024w, https:\/\/i0.wp.com\/elcaminoess.com\/wp-content\/uploads\/2024\/02\/unduesina_todas_Foto-Pablo-Ibanez-5253.jpg?resize=300%2C200&amp;ssl=1 300w, https:\/\/i0.wp.com\/elcaminoess.com\/wp-content\/uploads\/2024\/02\/unduesina_todas_Foto-Pablo-Ibanez-5253.jpg?resize=768%2C513&amp;ssl=1 768w, https:\/\/i0.wp.com\/elcaminoess.com\/wp-content\/uploads\/2024\/02\/unduesina_todas_Foto-Pablo-Ibanez-5253.jpg?resize=600%2C401&amp;ssl=1 600w\" sizes=\"auto, (max-width: 525px) 100vw, 525px\" data-attachment-id=\"10766\" data-permalink=\"https:\/\/elcaminoess.com\/ca\/unduesina_todas_foto-pablo-ibanez-5253-2\" data-orig-file=\"https:\/\/i0.wp.com\/elcaminoess.com\/wp-content\/uploads\/2024\/02\/unduesina_todas_Foto-Pablo-Ibanez-5253.jpg?fit=1024%2C684&amp;ssl=1\" data-orig-size=\"1024,684\" data-comments-opened=\"1\" data-image-meta=\"{&quot;aperture&quot;:&quot;5.6&quot;,&quot;credit&quot;:&quot;PABLOIBANEZ&quot;,&quot;camera&quot;:&quot;NIKON D610&quot;,&quot;caption&quot;:&quot;&quot;,&quot;created_timestamp&quot;:&quot;1643389996&quot;,&quot;copyright&quot;:&quot;PABLOIBANEZ&quot;,&quot;focal_length&quot;:&quot;32&quot;,&quot;iso&quot;:&quot;800&quot;,&quot;shutter_speed&quot;:&quot;0.00066666666666667&quot;,&quot;title&quot;:&quot;&quot;,&quot;orientation&quot;:&quot;0&quot;}\" data-image-title=\"unduesina_todas_Foto-Pablo-Ibanez-5253\" data-image-description=\"\" data-image-caption=\"\" data-large-file=\"https:\/\/i0.wp.com\/elcaminoess.com\/wp-content\/uploads\/2024\/02\/unduesina_todas_Foto-Pablo-Ibanez-5253.jpg?fit=525%2C351&amp;ssl=1\" \/>        <\/a>\r\n        <div class=\"wptravel-blocks-img-overlay-base\">\r\n            <div class=\"wptravel-blocks-img-overlay\">\r\n                            <\/div>\r\n            <div class=\"wptravel-blocks-trip-meta-container\">\r\n                                    <div class=\"wptravel-blocks-trip-meta\">\r\n                        <i class=\"fas fa-map-marker-alt\"><\/i>\r\n                        <a href=\"https:\/\/elcaminoess.com\/ca\/destinos\/aragon-ca\">\r\n                            Arag\u00f3n                        <\/a>\r\n                                            <\/div>\r\n                                                <div class=\"wptravel-blocks-trip-meta\">\r\n                    <i class='far fa-calendar-alt'><\/i> N\/A                <\/div>\r\n                                                <div class=\"wptravel-blocks-trip-meta\">\r\n                    <i class=\"fas fa-users\"><\/i> 6                <\/div>\r\n                            <\/div>\r\n        <\/div>\r\n    <\/div>\r\n    <div class=\"wptravel-blocks-card-body\">\r\n        <div class=\"wptravel-blocks-card-body-top\">\r\n            <div class=\"wptravel-blocks-card-body-header\">\r\n                <h3 class=\"wptravel-blocks-card-title wp-block-heading\">\r\n                    <a href=\"https:\/\/elcaminoess.com\/ca\/itinerario\/una-pausa-en-el-cami\">\r\n                        Una pausa en el cam\u00ed                    <\/a>\r\n                <\/h3>\r\n                            <\/div>\r\n            <div class=\"wptravel-blocks-card-content\">\r\n                <div class=\"wptravel-blocks-trip-excerpt\">\r\n                    <p>Entre Navarra i Arag\u00f3 s&#8217;amaga un lloc secret per a desconnectar i gaudir de la naturalesa i la gastronomia&#8230;<\/p>\n                <\/div>\r\n            <\/div>\r\n        <\/div>\r\n        <div class=\"wptravel-blocks-card-footer\">\r\n            <div class=\"wptravel-blocks-footer-left\">\r\n                <div class=\"wptravel-blocks-trip-rating\">\r\n                                    <\/div>\r\n                <div class=\"wptravel-blocks-trip-explore\">\r\n                    <a href=\"https:\/\/elcaminoess.com\/ca\/itinerario\/una-pausa-en-el-cami\">\r\n                        <button class=\"wp-block-button__link wptravel-blocks-explore-btn\">Explore<\/button>\r\n                    <\/a>\r\n                <\/div>\r\n            <\/div>\r\n            <div class=\"wptravel-blocks-footer-right\">\r\n                                <div class=\"wptravel-blocks-trip-offer-price\">\r\n                    \t\t\t<span class=\"wp-travel-trip-price-figure\">80<\/span><span class=\"wp-travel-trip-currency\">&#8364;<\/span>\r\n\t\t\t                <\/div>\r\n                            <\/div>\r\n        <\/div>\r\n    <\/div>\r\n<\/div>\t\t\t\t\t\t<\/div>\r\n\t\t\t\t\t\t\t\t\t<\/div>\r\n\t\t\t<\/div>\r\n\t\t\r\n\r\n\t\t<script>\r\n\t\t\tjQuery(document).ready(function(n) {\r\n\t\t\t\tvar wptravelSlider = n('#wptravel-block-trips-list');\r\n\t\t\t\tn('.grid-view.slider-view').slick({\r\n\t\t\t\t\tslidesToShow: 3,\r\n\t\t\t\t\tslidesToScroll: 1,\r\n\t\t\t\t\tautoplay: false,\r\n\t\t\t\t\tdots: false,\r\n\t\t\t\t\tarrows: true,\r\n\t\t\t\t\tinfinite: true,\r\n\t\t\t\t\tcenterPadding: '20px',\r\n\t\t\t\t\tresponsive: [{\r\n\t\t\t\t\t\t\tbreakpoint: 1024,\r\n\t\t\t\t\t\t\tsettings: {\r\n\t\t\t\t\t\t\t\tslidesToShow: 3,\r\n\t\t\t\t\t\t\t\tslidesToScroll: 1,\r\n\t\t\t\t\t\t\t\tinfinite: true,\r\n\t\t\t\t\t\t\t\tdots: false\r\n\t\t\t\t\t\t\t}\r\n\t\t\t\t\t\t},\r\n\t\t\t\t\t\t{\r\n\t\t\t\t\t\t\tbreakpoint: 768,\r\n\t\t\t\t\t\t\tsettings: {\r\n\t\t\t\t\t\t\t\tslidesToShow: 2,\r\n\t\t\t\t\t\t\t\tslidesToScroll: 1\r\n\t\t\t\t\t\t\t}\r\n\t\t\t\t\t\t},\r\n\t\t\t\t\t\t{\r\n\t\t\t\t\t\t\tbreakpoint: 600,\r\n\t\t\t\t\t\t\tsettings: {\r\n\t\t\t\t\t\t\t\tslidesToShow: 1,\r\n\t\t\t\t\t\t\t\tslidesToScroll: 1\r\n\t\t\t\t\t\t\t}\r\n\t\t\t\t\t\t}\r\n\t\t\t\t\t]\r\n\t\t\t\t});\r\n\t\t\t});\r\n\t\t<\/script>\r\n\t\t<style>\r\n\t\t.wptravel-block-trips-list.block-id-871c090d9a000fc2d695e1eac09eec4f0bd1974f10d7ea37afefc47ea4881fef,\r\n\t\tbody .is-layout-constrained> :where(:not(.alignleft):not(.alignright):not(.alignfull)).wptravel-block-trips-list.block-id-871c090d9a000fc2d695e1eac09eec4f0bd1974f10d7ea37afefc47ea4881fef {\r\n\t\t\t\t\t}\r\n\t<\/style>\r\n<\/div>\n<\/div>\n\n<div style=\"height:30px\" aria-hidden=\"true\" class=\"wp-block-spacer\"><\/div>\n\n<div style=\"height:30px\" aria-hidden=\"true\" class=\"wp-block-spacer\"><\/div>\n","protected":false},"excerpt":{"rendered":"<p>Un m\u00f3n rural viu<\/p>\n","protected":false},"author":1,"featured_media":10358,"parent":0,"menu_order":0,"comment_status":"closed","ping_status":"closed","template":"","meta":{"advanced_seo_description":"","jetpack_seo_html_title":"","jetpack_seo_noindex":false,"footnotes":""},"class_list":["post-12757","page","type-page","status-publish","has-post-thumbnail","hentry"],"jetpack_sharing_enabled":true,"_links":{"self":[{"href":"https:\/\/elcaminoess.com\/ca\/wp-json\/wp\/v2\/pages\/12757","targetHints":{"allow":["GET"]}}],"collection":[{"href":"https:\/\/elcaminoess.com\/ca\/wp-json\/wp\/v2\/pages"}],"about":[{"href":"https:\/\/elcaminoess.com\/ca\/wp-json\/wp\/v2\/types\/page"}],"author":[{"embeddable":true,"href":"https:\/\/elcaminoess.com\/ca\/wp-json\/wp\/v2\/users\/1"}],"replies":[{"embeddable":true,"href":"https:\/\/elcaminoess.com\/ca\/wp-json\/wp\/v2\/comments?post=12757"}],"version-history":[{"count":3,"href":"https:\/\/elcaminoess.com\/ca\/wp-json\/wp\/v2\/pages\/12757\/revisions"}],"predecessor-version":[{"id":12791,"href":"https:\/\/elcaminoess.com\/ca\/wp-json\/wp\/v2\/pages\/12757\/revisions\/12791"}],"wp:featuredmedia":[{"embeddable":true,"href":"https:\/\/elcaminoess.com\/ca\/wp-json\/wp\/v2\/media\/10358"}],"wp:attachment":[{"href":"https:\/\/elcaminoess.com\/ca\/wp-json\/wp\/v2\/media?parent=12757"}],"curies":[{"name":"wp","href":"https:\/\/api.w.org\/{rel}","templated":true}]}}